{"id":225814,"date":"2007-05-31T16:54:29","date_gmt":"2007-05-31T14:54:29","guid":{"rendered":"https:\/\/bassin-arcachon.com\/agenda-et-sorties\/feu-de-la-saint-jean-et-bal-gascon\/"},"modified":"2026-04-29T04:30:08","modified_gmt":"2026-04-29T02:30:08","slug":"johannisfeuer-und-gascon-ball","status":"publish","type":"agenda","link":"https:\/\/bassin-arcachon.com\/de\/agenda-et-sorties\/feu-de-la-saint-jean-et-bal-gascon\/","title":{"rendered":"Feu de la Saint-Jean et bal gascon"},"content":{"rendered":"<p>Le feu de la Saint-Jean est une tradition ancr\u00e9e \u00e0 Andernos ! C\u00e9l\u00e9br\u00e9e chaque ann\u00e9e le 23 juin, cette f\u00eate est l&rsquo;occasion de se rassembler et de c\u00e9l\u00e9brer l&rsquo;\u00e9t\u00e9,  de d\u00e9couvrir les danses traditionnelles et de partager un moment convivial avec les autres participants.<br \/>\nSur l&rsquo;esplanade de la jet\u00e9e, vous pourrez profiter d&rsquo;une ambiance festive en dansant avec le groupe folklorique \u00ab\u00a0Lous Pignots\u00a0\u00bb d\u00e8s 21h. La b\u00e9n\u00e9diction du feu vers 22h30 ajoute une dimension spirituelle \u00e0 la c\u00e9l\u00e9bration, symbolisant la lumi\u00e8re et le renouveau.<br \/>\nVergessen Sie nicht, gute Laune mitzubringen, um den Abend in vollen Z\u00fcgen genie\u00dfen zu k\u00f6nnen!<\/p>","protected":false},"featured_media":243241,"template":"","villea":[2175],"cat-event":[2194],"class_list":["post-225814","agenda","type-agenda","status-publish","has-post-thumbnail","hentry","villea-andernos-les-bains","cat-event-traditions-et-folklore"],"acf":[],"uagb_featured_image_src":{"full":["https:\/\/bassin-arcachon.com\/wp-content\/uploads\/2026\/04\/sirtaqui-d6c5c7c3c2117a44f5c730d2552bf453.jpg",678,378,false],"thumbnail":["https:\/\/bassin-arcachon.com\/wp-content\/uploads\/2026\/04\/sirtaqui-d6c5c7c3c2117a44f5c730d2552bf453-150x150.jpg",150,150,true],"medium":["https:\/\/bassin-arcachon.com\/wp-content\/uploads\/2026\/04\/sirtaqui-d6c5c7c3c2117a44f5c730d2552bf453-600x335.jpg",600,335,true],"medium_large":["https:\/\/bassin-arcachon.com\/wp-content\/uploads\/2026\/04\/sirtaqui-d6c5c7c3c2117a44f5c730d2552bf453.jpg",678,378,false],"large":["https:\/\/bassin-arcachon.com\/wp-content\/uploads\/2026\/04\/sirtaqui-d6c5c7c3c2117a44f5c730d2552bf453.jpg",678,378,false],"1536x1536":["https:\/\/bassin-arcachon.com\/wp-content\/uploads\/2026\/04\/sirtaqui-d6c5c7c3c2117a44f5c730d2552bf453.jpg",678,378,false],"2048x2048":["https:\/\/bassin-arcachon.com\/wp-content\/uploads\/2026\/04\/sirtaqui-d6c5c7c3c2117a44f5c730d2552bf453.jpg",678,378,false],"trp-custom-language-flag":["https:\/\/bassin-arcachon.com\/wp-content\/uploads\/2026\/04\/sirtaqui-d6c5c7c3c2117a44f5c730d2552bf453-18x10.jpg",18,10,true]},"uagb_author_info":{"display_name":"","author_link":"https:\/\/bassin-arcachon.com\/de\/author\/"},"uagb_comment_info":0,"uagb_excerpt":"Le feu de la Saint-Jean est une tradition ancr\u00e9e \u00e0 Andernos ! C\u00e9l\u00e9br\u00e9e chaque ann\u00e9e le 23 juin, cette f\u00eate est l&rsquo;occasion de se rassembler et de c\u00e9l\u00e9brer l&rsquo;\u00e9t\u00e9, de [&hellip;]","_links":{"self":[{"href":"https:\/\/bassin-arcachon.com\/de\/wp-json\/wp\/v2\/agenda\/225814","targetHints":{"allow":["GET"]}}],"collection":[{"href":"https:\/\/bassin-arcachon.com\/de\/wp-json\/wp\/v2\/agenda"}],"about":[{"href":"https:\/\/bassin-arcachon.com\/de\/wp-json\/wp\/v2\/types\/agenda"}],"version-history":[{"count":2,"href":"https:\/\/bassin-arcachon.com\/de\/wp-json\/wp\/v2\/agenda\/225814\/revisions"}],"predecessor-version":[{"id":243240,"href":"https:\/\/bassin-arcachon.com\/de\/wp-json\/wp\/v2\/agenda\/225814\/revisions\/243240"}],"wp:featuredmedia":[{"embeddable":true,"href":"https:\/\/bassin-arcachon.com\/de\/wp-json\/wp\/v2\/media\/243241"}],"wp:attachment":[{"href":"https:\/\/bassin-arcachon.com\/de\/wp-json\/wp\/v2\/media?parent=225814"}],"wp:term":[{"taxonomy":"villea","embeddable":true,"href":"https:\/\/bassin-arcachon.com\/de\/wp-json\/wp\/v2\/villea?post=225814"},{"taxonomy":"cat-event","embeddable":true,"href":"https:\/\/bassin-arcachon.com\/de\/wp-json\/wp\/v2\/cat-event?post=225814"}],"curies":[{"name":"wp","href":"https:\/\/api.w.org\/{rel}","templated":true}]}}