{"id":239032,"date":"2026-03-16T10:05:58","date_gmt":"2026-03-16T09:05:58","guid":{"rendered":"https:\/\/bassin-arcachon.com\/agenda-et-sorties\/balade-contee-nature-feerique-au-bord-de-la-leyre-a-mios\/"},"modified":"2026-04-28T04:37:21","modified_gmt":"2026-04-28T02:37:21","slug":"balade-contee-nature-feerique-au-bord-de-la-leyre-a-mios","status":"publish","type":"agenda","link":"https:\/\/bassin-arcachon.com\/de\/agenda-et-sorties\/balade-contee-nature-feerique-au-bord-de-la-leyre-a-mios\/","title":{"rendered":"Balade cont\u00e9e Nature f\u00e9erique au bord de la Leyre \u00e0 Mios"},"content":{"rendered":"<p>Une balade ludique et enchant\u00e9e au bord de la Leyre pendant laquelle contes et l\u00e9gendes locales prennent vie. D\u00e9cors f\u00e9eriques, surprises et r\u00e9cits captivants pour \u00e9merveiller les petits (et les grands !). Laissez-vous enchanter par L\u2019Eyra, la muse espi\u00e8gle qui veille sur le fleuve l\u2019Eyre, les sorci\u00e8res<br \/>\nqui s\u2019envolent les nuits de pleine lune pour des aventures myst\u00e9rieuses et les loutres farceuses, qui se transforment en femmes la nuit\u2026<\/p>\n<p>N\u00fctzliche Informationen :<br \/>\nDur\u00e9e :1h<br \/>\nPour les enfants d\u00e8s 3 ans.  Pr\u00e9sence obligatoire d&rsquo;un adulte\/accompagnant.<br \/>\nF\u00fcr weitere Informationen wenden Sie sich bitte an das Fremdenverkehrsamt unter 05 57 70 67 56. <\/p>","protected":false},"featured_media":0,"template":"","villea":[2171],"cat-event":[2192],"class_list":["post-239032","agenda","type-agenda","status-publish","hentry","villea-coeur-de-bassin","cat-event-nature"],"acf":[],"uagb_featured_image_src":{"full":false,"thumbnail":false,"medium":false,"medium_large":false,"large":false,"1536x1536":false,"2048x2048":false,"trp-custom-language-flag":false},"uagb_author_info":{"display_name":"","author_link":"https:\/\/bassin-arcachon.com\/de\/author\/"},"uagb_comment_info":0,"uagb_excerpt":"Une balade ludique et enchant\u00e9e au bord de la Leyre pendant laquelle contes et l\u00e9gendes locales prennent vie. D\u00e9cors f\u00e9eriques, surprises et r\u00e9cits captivants pour \u00e9merveiller les petits (et les [&hellip;]","_links":{"self":[{"href":"https:\/\/bassin-arcachon.com\/de\/wp-json\/wp\/v2\/agenda\/239032","targetHints":{"allow":["GET"]}}],"collection":[{"href":"https:\/\/bassin-arcachon.com\/de\/wp-json\/wp\/v2\/agenda"}],"about":[{"href":"https:\/\/bassin-arcachon.com\/de\/wp-json\/wp\/v2\/types\/agenda"}],"version-history":[{"count":2,"href":"https:\/\/bassin-arcachon.com\/de\/wp-json\/wp\/v2\/agenda\/239032\/revisions"}],"predecessor-version":[{"id":247204,"href":"https:\/\/bassin-arcachon.com\/de\/wp-json\/wp\/v2\/agenda\/239032\/revisions\/247204"}],"wp:attachment":[{"href":"https:\/\/bassin-arcachon.com\/de\/wp-json\/wp\/v2\/media?parent=239032"}],"wp:term":[{"taxonomy":"villea","embeddable":true,"href":"https:\/\/bassin-arcachon.com\/de\/wp-json\/wp\/v2\/villea?post=239032"},{"taxonomy":"cat-event","embeddable":true,"href":"https:\/\/bassin-arcachon.com\/de\/wp-json\/wp\/v2\/cat-event?post=239032"}],"curies":[{"name":"wp","href":"https:\/\/api.w.org\/{rel}","templated":true}]}}