{"id":241450,"date":"2024-08-16T11:57:05","date_gmt":"2024-08-16T09:57:05","guid":{"rendered":"https:\/\/bassin-arcachon.com\/agenda-et-sorties\/grande-braderie-dete-des-commercants\/"},"modified":"2026-04-29T04:33:42","modified_gmt":"2026-04-29T02:33:42","slug":"grande-braderie-dete-des-commercants","status":"publish","type":"agenda","link":"https:\/\/bassin-arcachon.com\/es\/agenda-et-sorties\/grande-braderie-dete-des-commercants\/","title":{"rendered":"Grande Braderie d&rsquo;\u00e9t\u00e9 des Commercants"},"content":{"rendered":"<p>L&rsquo;Association des Commer\u00e7ants d\u2019Andernos-les-Bains C\u0153ur de Ville organise sa troisi\u00e8me braderie d&rsquo;\u00e9t\u00e9!<br \/>\nA cette occasion les 120 commer\u00e7ants membres de l\u2019association, sans oublier tous les commer\u00e7ants non adh\u00e9rents vous proposeront de superbes affaires, d\u00e9marques, fins de s\u00e9rie, d\u00e9stockage de fin de saison, mais vous pr\u00e9senteront aussi de nouvelles collections en exclusivit\u00e9.<\/p>\n<p>Privil\u00e9gier l\u2019achat local et de proximit\u00e9, c\u2019est p\u00e9renniser votre ville, votre centre-ville, le c\u0153ur de votre ville. <\/p>","protected":false},"featured_media":245873,"template":"","villea":[2175],"cat-event":[],"class_list":["post-241450","agenda","type-agenda","status-publish","has-post-thumbnail","hentry","villea-andernos-les-bains"],"acf":[],"uagb_featured_image_src":{"full":["https:\/\/bassin-arcachon.com\/wp-content\/uploads\/2026\/04\/sirtaqui-027034953495ef8a2103ebf595b891c4.jpg",1200,540,false],"thumbnail":["https:\/\/bassin-arcachon.com\/wp-content\/uploads\/2026\/04\/sirtaqui-027034953495ef8a2103ebf595b891c4-150x150.jpg",150,150,true],"medium":["https:\/\/bassin-arcachon.com\/wp-content\/uploads\/2026\/04\/sirtaqui-027034953495ef8a2103ebf595b891c4-600x270.jpg",600,270,true],"medium_large":["https:\/\/bassin-arcachon.com\/wp-content\/uploads\/2026\/04\/sirtaqui-027034953495ef8a2103ebf595b891c4-768x346.jpg",768,346,true],"large":["https:\/\/bassin-arcachon.com\/wp-content\/uploads\/2026\/04\/sirtaqui-027034953495ef8a2103ebf595b891c4-1024x461.jpg",1024,461,true],"1536x1536":["https:\/\/bassin-arcachon.com\/wp-content\/uploads\/2026\/04\/sirtaqui-027034953495ef8a2103ebf595b891c4.jpg",1200,540,false],"2048x2048":["https:\/\/bassin-arcachon.com\/wp-content\/uploads\/2026\/04\/sirtaqui-027034953495ef8a2103ebf595b891c4.jpg",1200,540,false],"trp-custom-language-flag":["https:\/\/bassin-arcachon.com\/wp-content\/uploads\/2026\/04\/sirtaqui-027034953495ef8a2103ebf595b891c4-18x8.jpg",18,8,true]},"uagb_author_info":{"display_name":"","author_link":"https:\/\/bassin-arcachon.com\/es\/author\/"},"uagb_comment_info":0,"uagb_excerpt":"L&rsquo;Association des Commer\u00e7ants d\u2019Andernos-les-Bains C\u0153ur de Ville organise sa troisi\u00e8me braderie d&rsquo;\u00e9t\u00e9! A cette occasion les 120 commer\u00e7ants membres de l\u2019association, sans oublier tous les commer\u00e7ants non adh\u00e9rents vous proposeront [&hellip;]","_links":{"self":[{"href":"https:\/\/bassin-arcachon.com\/es\/wp-json\/wp\/v2\/agenda\/241450","targetHints":{"allow":["GET"]}}],"collection":[{"href":"https:\/\/bassin-arcachon.com\/es\/wp-json\/wp\/v2\/agenda"}],"about":[{"href":"https:\/\/bassin-arcachon.com\/es\/wp-json\/wp\/v2\/types\/agenda"}],"version-history":[{"count":2,"href":"https:\/\/bassin-arcachon.com\/es\/wp-json\/wp\/v2\/agenda\/241450\/revisions"}],"predecessor-version":[{"id":245235,"href":"https:\/\/bassin-arcachon.com\/es\/wp-json\/wp\/v2\/agenda\/241450\/revisions\/245235"}],"wp:featuredmedia":[{"embeddable":true,"href":"https:\/\/bassin-arcachon.com\/es\/wp-json\/wp\/v2\/media\/245873"}],"wp:attachment":[{"href":"https:\/\/bassin-arcachon.com\/es\/wp-json\/wp\/v2\/media?parent=241450"}],"wp:term":[{"taxonomy":"villea","embeddable":true,"href":"https:\/\/bassin-arcachon.com\/es\/wp-json\/wp\/v2\/villea?post=241450"},{"taxonomy":"cat-event","embeddable":true,"href":"https:\/\/bassin-arcachon.com\/es\/wp-json\/wp\/v2\/cat-event?post=241450"}],"curies":[{"name":"wp","href":"https:\/\/api.w.org\/{rel}","templated":true}]}}