{"id":120,"date":"2017-02-07T16:18:43","date_gmt":"2017-02-07T15:18:43","guid":{"rendered":"https:\/\/bassin-arcachon.com\/\/?page_id=120"},"modified":"2024-12-13T10:54:23","modified_gmt":"2024-12-13T09:54:23","slug":"la-tecnica","status":"publish","type":"page","link":"https:\/\/bassin-arcachon.com\/es\/nos-villes-et-villages\/le-teich\/","title":{"rendered":"Le Teich"},"content":{"rendered":"<div class=\"wp-block-uagb-container uagb-block-647b9371 alignfull uagb-is-root-container\"><div class=\"uagb-container-inner-blocks-wrap\">\n<div class=\"wp-block-uagb-container uagb-block-2f6ffa31\">\n<div class=\"wp-block-uagb-image uagb-block-7a5a156c wp-block-uagb-image--layout-default wp-block-uagb-image--effect-static wp-block-uagb-image--align-none\"><figure class=\"wp-block-uagb-image__figure\"><img decoding=\"async\" srcset=\"https:\/\/bassin-arcachon.com\/wp-content\/uploads\/2017\/02\/mini-map-le-teich.jpg \" sizes=\"auto, (max-width: 480px) 150px\" src=\"https:\/\/bassin-arcachon.com\/wp-content\/uploads\/2017\/02\/mini-map-le-teich.jpg\" alt=\"- - Bassin d&#039;Arcachon\" class=\"uag-image-1923\" width=\"278\" height=\"278\" title=\"- - Bassin d&#039;Arcachon\" loading=\"lazy\" role=\"img\"><\/figure><\/div>\n\n\n\n<h2 class=\"wp-block-heading\">Aut\u00e9nticas vacaciones en la naturaleza en Le Teich<\/h2>\n\n\n\n<p>Le Teich te invita a desconectar por completo en un entorno verde preservado y alejado del bullicio.&nbsp;<strong>Le Teich<\/strong>&nbsp;de los espacios abiertos sin duda disfrutar\u00e1n del momento. De la finca de Fleury al&nbsp;<strong>Delta de Leyre<\/strong>, pasando por la&nbsp;<strong>reserva ornitol\u00f3gica<\/strong>, Le Teich ser\u00e1 tu peque\u00f1o rinc\u00f3n del para\u00edso.<br>Si est\u00e1s buscando alojamiento para tu estancia, \u00a1encuentra nuestra selecci\u00f3n <a href=\"https:\/\/bassin-arcachon.com\/es\/donde-dormir\/alquileres\/nuestros-alquileres-de-vacaciones-en-teich\/\">aqu\u00ed<\/a> ! <\/p>\n<\/div>\n\n\n\n<div class=\"wp-block-uagb-container uagb-block-669331e1\">\n<div class=\"wp-block-uagb-image uagb-block-1ffb6ffb wp-block-uagb-image--layout-default wp-block-uagb-image--effect-static wp-block-uagb-image--align-none\"><figure class=\"wp-block-uagb-image__figure\"><img decoding=\"async\" srcset=\"https:\/\/bassin-arcachon.com\/wp-content\/uploads\/2017\/02\/reserve-ornithologique-le-teich-bassin-darcachon-1.jpg \" sizes=\"auto, (max-width: 480px) 150px\" src=\"https:\/\/bassin-arcachon.com\/wp-content\/uploads\/2017\/02\/reserve-ornithologique-le-teich-bassin-darcachon-1.jpg\" alt=\"- - Bassin d&#039;Arcachon\" class=\"uag-image-23571\" width=\"1000\" height=\"666\" title=\"- - Bassin d&#039;Arcachon\" loading=\"lazy\" role=\"img\"><\/figure><\/div>\n\n\n\n<p>Reserva tu pr\u00f3xima visita en las&nbsp;<a href=\"https:\/\/billetterie.leteich-ecotourisme.fr\/\" target=\"_blank\" rel=\"noreferrer noopener\">Taquillas de la Oficina de Turismo de Le Teich<\/a>.<\/p>\n<\/div>\n<\/div><\/div>\n\n\n\n<div style=\"height:40px\" aria-hidden=\"true\" class=\"wp-block-spacer\"><\/div>\n\n\n\n<div class=\"wp-block-uagb-container uagb-block-d05deecb alignfull uagb-is-root-container\"><div class=\"uagb-container-inner-blocks-wrap\">\n<h2 class=\"wp-block-heading\">Observa las aves en la Reserva Ornitol\u00f3gica<\/h2>\n\n\n\n<p>En la reserva ornitol\u00f3gica de Le Teich, ubicada en una de las principales rutas migratorias, podr\u00e1s&nbsp;<strong>observar aves&nbsp;<\/strong>en su&nbsp;<a href=\"https:\/\/bassin-arcachon.com\/es\/nuestros-elementos-esenciales\/la-reserva-ornitologica\/\">h\u00e1bitat natural<\/a>&nbsp;! Equ\u00edpate con buen calzado y prism\u00e1ticos (pueden alquilarse en la entrada) y recorre alguno de los senderos a pie. Por el camino, p\u00e1rate en las caba\u00f1as de observaci\u00f3n para contemplar las aves en libertad.<\/p>\n<\/div><\/div>\n\n\n\n<div style=\"height:40px\" aria-hidden=\"true\" class=\"wp-block-spacer\"><\/div>\n\n\n\n<div class=\"wp-block-uagb-container uagb-block-3e5d2e4e alignfull uagb-is-root-container\">\n<div class=\"wp-block-cover is-light has-parallax\"><span aria-hidden=\"true\" class=\"wp-block-cover__background has-background-dim-0 has-background-dim\"><\/span><div class=\"wp-block-cover__image-background wp-image-21280 has-parallax\" style=\"background-position:50% 50%;background-image:url(https:\/\/bassin-arcachon.com\/wp-content\/uploads\/2018\/05\/Le-Teich-1.jpg)\"><\/div><div class=\"wp-block-cover__inner-container is-layout-flow wp-block-cover-is-layout-flow\">\n<h2 class=\"wp-block-heading has-text-align-center has-white-color has-text-color has-background has-large-font-size\" style=\"background-color:#000000b3\">En verano, haz una visita guiada a la intimidad de las aves cuando se pone el sol<\/h2>\n<\/div><\/div>\n<\/div>\n\n\n\n<div style=\"height:40px\" aria-hidden=\"true\" class=\"wp-block-spacer\"><\/div>\n\n\n\n<div class=\"wp-block-uagb-container uagb-block-94a0e486 alignfull uagb-is-root-container\"><div class=\"uagb-container-inner-blocks-wrap\">\n<h2 class=\"wp-block-heading\">Escapada buc\u00f3lica a la finca de Fleury<\/h2>\n\n\n\n<p>Viaja al coraz\u00f3n de pantanos boscosos y praderas h\u00famedas en un paseo por la finca de&nbsp;<strong>Fleury.<\/strong>&nbsp;Se tarda aproximadamente una hora en completar el trayecto de 3\u202fkm que recorre todo el paraje. Por el camino, puedes encontrar numerosas especies de aves, como garzas, cig\u00fce\u00f1as y esp\u00e1tulas, pero tambi\u00e9n puedes ver algunas vacas rubias de Aquitania pastando.<\/p>\n\n\n\t\t\t\t\t<div\n\t\t\t\t\t\tclass=\"wp-block-uagb-image-gallery uagb-block-83e5b01d\"\n\t\t\t\t\t\tstyle=\"\"\n\t\t\t\t\t>\n\t\t\t\t\t\t\t\t\t\t\t<div class=\"spectra-image-gallery spectra-image-gallery__layout--grid spectra-image-gallery__layout--grid-col-2 spectra-image-gallery__layout--grid-col-tab-2 spectra-image-gallery__layout--grid-col-mob-2\">\n\t\t\t\t\t\t\t\t\t\t\t<div class='spectra-image-gallery__media-wrapper' data-spectra-gallery-image-id='23948' tabindex=\"0\">\n\t\t\t\t\t\t\t<div class=\"spectra-image-gallery__media spectra-image-gallery__media--grid\">\n\t\t\t\t<picture>\n\t\t\t\t\t<source media=\"(min-width: 1024px)\" srcset=\"https:\/\/bassin-arcachon.com\/wp-content\/uploads\/2018\/07\/Domaine-de-Fleury-Le-Teich-1024x683.jpg\">\n\t\t\t\t\t<source media=\"(min-width: 768px)\" srcset=\"https:\/\/bassin-arcachon.com\/wp-content\/uploads\/2018\/07\/Domaine-de-Fleury-Le-Teich-1024x683.jpg\">\n\t\t\t\t\t<img decoding=\"async\" class=\"spectra-image-gallery__media-thumbnail spectra-image-gallery__media-thumbnail--grid\" src=\"https:\/\/bassin-arcachon.com\/wp-content\/uploads\/2018\/07\/Domaine-de-Fleury-Le-Teich-300x200.jpg\" alt=\"- - Bassin d&#039;Arcachon\" loading=\"lazy\" title=\"- - Bassin d&#039;Arcachon\">\n\t\t\t\t<\/picture>\n\t\t\t\t<div class=\"spectra-image-gallery__media-thumbnail-blurrer\"><\/div>\n\t\t\t\t\t\t\t\t\t\t\t<div class=\"spectra-image-gallery__media-thumbnail-caption-wrapper spectra-image-gallery__media-thumbnail-caption-wrapper--overlay\"><\/div>\n\t\t\t\t\t\t\t\t<\/div>\n\t\t\t\t\t\t<\/div>\n\t\t\t\t\t\t<div class='spectra-image-gallery__media-wrapper' data-spectra-gallery-image-id='19968' tabindex=\"0\">\n\t\t\t\t\t\t\t<div class=\"spectra-image-gallery__media spectra-image-gallery__media--grid\">\n\t\t\t\t<picture>\n\t\t\t\t\t<source media=\"(min-width: 1024px)\" srcset=\"https:\/\/bassin-arcachon.com\/wp-content\/uploads\/2018\/04\/le-teich-e1546599776901.jpg\">\n\t\t\t\t\t<source media=\"(min-width: 768px)\" srcset=\"https:\/\/bassin-arcachon.com\/wp-content\/uploads\/2018\/04\/le-teich-e1546599776901.jpg\">\n\t\t\t\t\t<img decoding=\"async\" class=\"spectra-image-gallery__media-thumbnail spectra-image-gallery__media-thumbnail--grid\" src=\"https:\/\/bassin-arcachon.com\/wp-content\/uploads\/2018\/04\/le-teich-e1546599776901-300x200.jpg\" alt=\"Recorrido por la ciudad de Teich en Bassin d&#039;Arcachon\" loading=\"lazy\" title=\"- - Bassin d&#039;Arcachon\">\n\t\t\t\t<\/picture>\n\t\t\t\t<div class=\"spectra-image-gallery__media-thumbnail-blurrer\"><\/div>\n\t\t\t\t\t\t\t\t\t\t\t<div class=\"spectra-image-gallery__media-thumbnail-caption-wrapper spectra-image-gallery__media-thumbnail-caption-wrapper--overlay\"><\/div>\n\t\t\t\t\t\t\t\t<\/div>\n\t\t\t\t\t\t<\/div>\n\t\t\t\t\t\t\t\t\t\t<\/div>\n\t\t\t\t\t\t\t\t\t\t\t\t\t\t\t\t\t\t<\/div>\n\t\t\t\t\t\t\t\t\t<\/div><\/div>\n\n\n\n<div style=\"height:40px\" aria-hidden=\"true\" class=\"wp-block-spacer\"><\/div>\n\n\n\n<div class=\"wp-block-uagb-container uagb-block-f461adfa alignfull uagb-is-root-container\"><div class=\"uagb-container-inner-blocks-wrap\">\n<figure class=\"wp-block-pullquote\" style=\"border-radius:0px;border-top-style:none;border-top-width:0px;border-right-style:none;border-right-width:0px;border-bottom-style:none;border-bottom-width:0px;border-left-width:2px\"><blockquote><p>Abre los ojos : quiz\u00e1 tengas la suerte de divisar alg\u00fan gal\u00e1pago europeo.<\/p><\/blockquote><\/figure>\n<\/div><\/div>\n\n\n\n<div style=\"height:20px\" aria-hidden=\"true\" class=\"wp-block-spacer\"><\/div>\n\n\n\n<div class=\"wp-block-uagb-container uagb-block-14623528 alignfull uagb-is-root-container\"><div class=\"uagb-container-inner-blocks-wrap\">\n<div class=\"wp-block-uagb-container uagb-block-d7c1de90\">\n<div class=\"wp-block-uagb-image uagb-block-a50f5eb3 wp-block-uagb-image--layout-default wp-block-uagb-image--effect-static wp-block-uagb-image--align-none\"><figure class=\"wp-block-uagb-image__figure\"><img decoding=\"async\" srcset=\"https:\/\/bassin-arcachon.com\/wp-content\/uploads\/2017\/04\/faire-du-canoe-sur-la-leyre-1024x683.jpg \" sizes=\"auto, (max-width: 480px) 150px\" src=\"https:\/\/bassin-arcachon.com\/wp-content\/uploads\/2017\/04\/faire-du-canoe-sur-la-leyre-1024x683.jpg\" alt=\"canoa-en-el-leyre\" class=\"uag-image-24474\" width=\"1024\" height=\"683\" title=\"- - Bassin d&#039;Arcachon\" loading=\"lazy\" role=\"img\"><\/figure><\/div>\n<\/div>\n\n\n\n<div class=\"wp-block-uagb-container uagb-block-3f3a28e0\">\n<h2 class=\"wp-block-heading\">Junto al agua en el delta del Leyre<\/h2>\n\n\n\n<p>A pie, en bicicleta o por el agua, ven a recorrer\u00a0<strong>el Leyre<\/strong>,  conocido como \u00abel peque\u00f1o Amazonas\u00bb de la\u00a0<strong>la bah\u00eda de Arcach\u00f3n<\/strong>. Para explorar el lado agreste del delta, no dudes en alquilar un barco sin necesidad de licencia, una canoa o una tabla de paddle surf en el puerto de Le Teich. \u00a1Lejos del ajetreo urbano, recobrar\u00e1s la sensaci\u00f3n de libertad!<\/p>\n<\/div>\n<\/div><\/div>\n\n\n\n<div style=\"height:40px\" aria-hidden=\"true\" class=\"wp-block-spacer\"><\/div>\n\n\n\n<div class=\"wp-block-uagb-container uagb-block-f602a397 alignfull uagb-is-root-container\">\n<div class=\"wp-block-cover is-light has-parallax\"><span aria-hidden=\"true\" class=\"wp-block-cover__background has-background-dim-0 has-background-dim\"><\/span><div class=\"wp-block-cover__image-background wp-image-23949 has-parallax\" style=\"background-position:50% 50%;background-image:url(https:\/\/bassin-arcachon.com\/wp-content\/uploads\/2018\/07\/Le-Teich-Bassin-Arcachon.jpg)\"><\/div><div class=\"wp-block-cover__inner-container is-layout-flow wp-block-cover-is-layout-flow\">\n<h2 class=\"wp-block-heading has-text-align-center has-white-color has-text-color has-background has-large-font-size\" style=\"background-color:#000000b3\">\u00a1Las peque\u00f1as calas situadas a lo largo del r\u00edo son ideales para hacer p\u00edcnic!<\/h2>\n<\/div><\/div>\n<\/div>\n\n\n\n<div style=\"height:20px\" aria-hidden=\"true\" class=\"wp-block-spacer\"><\/div>","protected":false},"excerpt":{"rendered":"<p>Les vraies vacances c\u00f4t\u00e9 nature au Teich Dans un \u00e9crin de verdure pr\u00e9serv\u00e9 et loin de l\u2019effervescence,&nbsp;Le Teich&nbsp;vous invite \u00e0 une d\u00e9connexion totale ! Les amoureux de grands espaces ne [&hellip;]<\/p>\n","protected":false},"author":25,"featured_media":1133,"parent":29,"menu_order":4,"comment_status":"closed","ping_status":"closed","template":"","meta":{"_acf_changed":false,"_uag_custom_page_level_css":"","footnotes":""},"class_list":["post-120","page","type-page","status-publish","has-post-thumbnail","hentry"],"acf":[],"uagb_featured_image_src":{"full":["https:\/\/bassin-arcachon.com\/wp-content\/uploads\/2017\/02\/le-teich_vue.jpg",1200,800,false],"thumbnail":["https:\/\/bassin-arcachon.com\/wp-content\/uploads\/2017\/02\/le-teich_vue-150x150.jpg",150,150,true],"medium":["https:\/\/bassin-arcachon.com\/wp-content\/uploads\/2017\/02\/le-teich_vue-600x400.jpg",600,400,true],"medium_large":["https:\/\/bassin-arcachon.com\/wp-content\/uploads\/2017\/02\/le-teich_vue-768x512.jpg",768,512,true],"large":["https:\/\/bassin-arcachon.com\/wp-content\/uploads\/2017\/02\/le-teich_vue-1024x683.jpg",1024,683,true],"1536x1536":["https:\/\/bassin-arcachon.com\/wp-content\/uploads\/2017\/02\/le-teich_vue.jpg",1200,800,false],"2048x2048":["https:\/\/bassin-arcachon.com\/wp-content\/uploads\/2017\/02\/le-teich_vue.jpg",1200,800,false],"trp-custom-language-flag":["https:\/\/bassin-arcachon.com\/wp-content\/uploads\/2017\/02\/le-teich_vue-18x12.jpg",18,12,true]},"uagb_author_info":{"display_name":"Marie Clauzel","author_link":"https:\/\/bassin-arcachon.com\/es\/author\/mariesiba\/"},"uagb_comment_info":0,"uagb_excerpt":"Les vraies vacances c\u00f4t\u00e9 nature au Teich Dans un \u00e9crin de verdure pr\u00e9serv\u00e9 et loin de l\u2019effervescence,&nbsp;Le Teich&nbsp;vous invite \u00e0 une d\u00e9connexion totale ! Les amoureux de grands espaces ne [&hellip;]","_links":{"self":[{"href":"https:\/\/bassin-arcachon.com\/es\/wp-json\/wp\/v2\/pages\/120","targetHints":{"allow":["GET"]}}],"collection":[{"href":"https:\/\/bassin-arcachon.com\/es\/wp-json\/wp\/v2\/pages"}],"about":[{"href":"https:\/\/bassin-arcachon.com\/es\/wp-json\/wp\/v2\/types\/page"}],"author":[{"embeddable":true,"href":"https:\/\/bassin-arcachon.com\/es\/wp-json\/wp\/v2\/users\/25"}],"replies":[{"embeddable":true,"href":"https:\/\/bassin-arcachon.com\/es\/wp-json\/wp\/v2\/comments?post=120"}],"version-history":[{"count":2,"href":"https:\/\/bassin-arcachon.com\/es\/wp-json\/wp\/v2\/pages\/120\/revisions"}],"predecessor-version":[{"id":121812,"href":"https:\/\/bassin-arcachon.com\/es\/wp-json\/wp\/v2\/pages\/120\/revisions\/121812"}],"up":[{"embeddable":true,"href":"https:\/\/bassin-arcachon.com\/es\/wp-json\/wp\/v2\/pages\/29"}],"wp:featuredmedia":[{"embeddable":true,"href":"https:\/\/bassin-arcachon.com\/es\/wp-json\/wp\/v2\/media\/1133"}],"wp:attachment":[{"href":"https:\/\/bassin-arcachon.com\/es\/wp-json\/wp\/v2\/media?parent=120"}],"curies":[{"name":"wp","href":"https:\/\/api.w.org\/{rel}","templated":true}]}}