{"id":131,"date":"2017-02-08T09:54:55","date_gmt":"2017-02-08T08:54:55","guid":{"rendered":"https:\/\/bassin-arcachon.com\/\/?page_id=131"},"modified":"2024-05-13T12:31:03","modified_gmt":"2024-05-13T10:31:03","slug":"el-faro-y-la-punta-de-cap-ferret","status":"publish","type":"page","link":"https:\/\/bassin-arcachon.com\/es\/nos-incontournables\/le-phare-et-pointe-du-cap-ferret\/","title":{"rendered":"El faro y la punta de Cap Ferret"},"content":{"rendered":"<div class=\"wp-block-uagb-container uagb-block-d8155aed alignfull uagb-is-root-container\"><div class=\"uagb-container-inner-blocks-wrap\">\n<div class=\"wp-block-uagb-container uagb-block-b4230842\">\n<div class=\"wp-block-uagb-image uagb-block-92d88869 wp-block-uagb-image--layout-default wp-block-uagb-image--effect-static wp-block-uagb-image--align-none\"><figure class=\"wp-block-uagb-image__figure\"><img decoding=\"async\" srcset=\"https:\/\/bassin-arcachon.com\/wp-content\/uploads\/2017\/02\/mini-map-phare-pointe.jpg \" sizes=\"auto, (max-width: 480px) 150px\" src=\"https:\/\/bassin-arcachon.com\/wp-content\/uploads\/2017\/02\/mini-map-phare-pointe.jpg\" alt=\"- - Bassin d&#039;Arcachon\" class=\"uag-image-1900\" width=\"278\" height=\"278\" title=\"- - Bassin d&#039;Arcachon\" loading=\"lazy\" role=\"img\"><\/figure><\/div>\n\n\n\n<p><strong>En cualquier estaci\u00f3n, \u00a1es un lugar que no debes perderte en L\u00e8ge-Cap Ferret! En lo alto del faro de Cap Ferret o desde la punta, podr\u00e1s admirar los panoramas m\u00e1s bellos de la bah\u00eda de Arcach\u00f3n.<\/strong><\/p>\n\n\n\n<h2 class=\"wp-block-heading\">Desde las alturas<\/h2>\n\n\n\n<p>Dirigete al&nbsp;<strong>Faro de Cap Ferret&nbsp;<\/strong>para disfrutar de una experiencia memorable. No puedes perderte este lugar esencial de la bah\u00eda. \u00a1Es hora de hacer un poco de deporte y subir los&nbsp;<strong>258 pelda\u00f1os  del Faro<\/strong>&nbsp;! Una vez arriba, la vista es impresionante. Desde aqu\u00ed, puedes disfrutar de una&nbsp;<strong>vista de 360\u00b0<\/strong>&nbsp;a m\u00e1s de 53 m de altura sobre la playa de Mimbeau, la&nbsp;<a href=\"https:\/\/bassin-arcachon.com\/es\/nuestros-elementos-esenciales\/la-duna-de-pilat\/\">la duna de Pilat,<\/a>y los criaderos de ostras.<\/p>\n\n\n\n<p><strong>Tarifas<\/strong>&nbsp;: 4\u20ac\/ni\u00f1o, 7\u20ac\/adulto<\/p>\n<\/div>\n\n\n\n<div class=\"wp-block-uagb-container uagb-block-f398ede0\">\n<div class=\"wp-block-uagb-image uagb-block-17584f11 wp-block-uagb-image--layout-default wp-block-uagb-image--effect-static wp-block-uagb-image--align-none\"><figure class=\"wp-block-uagb-image__figure\"><img decoding=\"async\" srcset=\"https:\/\/bassin-arcachon.com\/wp-content\/uploads\/2017\/10\/velo-cap-ferret-SIBA-agence-les-conteurs-6-683x1024.jpg \" sizes=\"auto, (max-width: 480px) 150px\" src=\"https:\/\/bassin-arcachon.com\/wp-content\/uploads\/2017\/10\/velo-cap-ferret-SIBA-agence-les-conteurs-6-683x1024.jpg\" alt=\"faro de cap ferret en bicicleta\" class=\"uag-image-10402\" width=\"683\" height=\"1024\" title=\"- - Bassin d&#039;Arcachon\" loading=\"lazy\" role=\"img\"><\/figure><\/div>\n<\/div>\n<\/div><\/div>\n\n\n\n<div style=\"height:40px\" aria-hidden=\"true\" class=\"wp-block-spacer\"><\/div>\n\n\n\n<div class=\"wp-block-uagb-container uagb-block-3905ab67 alignfull uagb-is-root-container\">\n<div class=\"wp-block-cover has-parallax\"><span aria-hidden=\"true\" class=\"wp-block-cover__background has-background-dim-0 has-background-dim\"><\/span><div class=\"wp-block-cover__image-background wp-image-1061 has-parallax\" style=\"background-position:50% 50%;background-image:url(https:\/\/bassin-arcachon.com\/wp-content\/uploads\/2017\/02\/phare-du-cap-ferret.jpg)\"><\/div><div class=\"wp-block-cover__inner-container is-layout-flow wp-block-cover-is-layout-flow\">\n<h2 class=\"wp-block-heading has-text-align-center has-white-color has-text-color has-background has-large-font-size\" style=\"background-color:#000000b3\">\u00a1Sube al faro al comienzo o al final del d\u00eda, cuando el cielo cambia de color!<\/h2>\n<\/div><\/div>\n<\/div>\n\n\n\n<div style=\"height:40px\" aria-hidden=\"true\" class=\"wp-block-spacer\"><\/div>\n\n\n\n<div class=\"wp-block-uagb-container uagb-block-d6e90228 alignfull uagb-is-root-container\"><div class=\"uagb-container-inner-blocks-wrap\">\n<div class=\"wp-block-uagb-container uagb-block-e7e617d5\">\n<div class=\"wp-block-uagb-image uagb-block-5b4f7557 wp-block-uagb-image--layout-default wp-block-uagb-image--effect-static wp-block-uagb-image--align-none\"><figure class=\"wp-block-uagb-image__figure\"><img decoding=\"async\" srcset=\"https:\/\/bassin-arcachon.com\/wp-content\/uploads\/2017\/02\/boutique-phare-lege.jpg ,https:\/\/bassin-arcachon.com\/wp-content\/uploads\/2017\/02\/boutique-phare-lege.jpg 780w, https:\/\/bassin-arcachon.com\/wp-content\/uploads\/2017\/02\/boutique-phare-lege.jpg 360w\" sizes=\"auto, (max-width: 480px) 150px\" src=\"https:\/\/bassin-arcachon.com\/wp-content\/uploads\/2017\/02\/boutique-phare-lege.jpg\" alt=\"- - Bassin d&#039;Arcachon\" class=\"uag-image-1064\" width=\"1024\" height=\"767\" title=\"- - Bassin d&#039;Arcachon\" loading=\"lazy\" role=\"img\"><\/figure><\/div>\n<\/div>\n\n\n\n<div class=\"wp-block-uagb-container uagb-block-e2e34a34\">\n<h2 class=\"wp-block-heading\">Visitar el museo y comprar en la tienda del faro<\/h2>\n\n\n\n<p>Tras la ascensi\u00f3n, da un paseo interactivo por el monumento a trav\u00e9s de la navegaci\u00f3n y la evoluci\u00f3n de la cartograf\u00eda marina. Y, antes de irte, pasa por la tienda del faro para comprar regalos que no encontrar\u00e1s en ning\u00fan otro lugar. Es una de las tiendas favoritas de los lugare\u00f1os, que vienen aqu\u00ed a buscar obsequios para sus invitados.<\/p>\n<\/div>\n<\/div><\/div>\n\n\n\n<div style=\"height:60px\" aria-hidden=\"true\" class=\"wp-block-spacer\"><\/div>\n\n\n\n<div class=\"wp-block-uagb-container uagb-block-22c34bf5 alignfull uagb-is-root-container\"><div class=\"uagb-container-inner-blocks-wrap\">\n<div class=\"wp-block-uagb-container uagb-block-8d327173\">\n<h2 class=\"wp-block-heading\">Recorrer el sendero Abecedario de las Dunas<\/h2>\n\n\n\n<p>\u00bfQu\u00e9 tal un paseo por las dunas? Sigue el sendero de las dunas durante 5\u202fkm para descubrir la fauna y la flora de Cap Ferret. Desde la entrada a Cap Ferret hasta el extremo de la pen\u00ednsula, unos paneles que representan cada letra del alfabeto te explican todo sobre las dunas, las mareas, la vida marina y la migraci\u00f3n de las aves\u2026&nbsp;<a href=\"https:\/\/www.lege-capferret.com\/wp-content\/uploads\/2017\/08\/Balade_pied_AbecedaireDesDunes.pdf\" target=\"_blank\" rel=\"noreferrer noopener\">\u00a1Por eso lo llaman Abecedario de las Dunas!<\/a> !<\/p>\n<\/div>\n\n\n\n<div class=\"wp-block-uagb-container uagb-block-236142b1\">\n<div class=\"wp-block-uagb-image uagb-block-9010d749 wp-block-uagb-image--layout-default wp-block-uagb-image--effect-static wp-block-uagb-image--align-none\"><figure class=\"wp-block-uagb-image__figure\"><img decoding=\"async\" srcset=\"https:\/\/bassin-arcachon.com\/wp-content\/uploads\/2018\/07\/ab\u00e9c\u00e9daire-des-dunes-cap-ferret-1024x683.jpg \" sizes=\"auto, (max-width: 480px) 150px\" src=\"https:\/\/bassin-arcachon.com\/wp-content\/uploads\/2018\/07\/ab\u00e9c\u00e9daire-des-dunes-cap-ferret-1024x683.jpg\" alt=\"- - Bassin d&#039;Arcachon\" class=\"uag-image-23722\" width=\"1024\" height=\"683\" title=\"- - Bassin d&#039;Arcachon\" loading=\"lazy\" role=\"img\"><\/figure><\/div>\n<\/div>\n<\/div><\/div>\n\n\n\n<div style=\"height:60px\" aria-hidden=\"true\" class=\"wp-block-spacer\"><\/div>\n\n\n\n<div class=\"wp-block-uagb-container uagb-block-111066f8 alignfull uagb-is-root-container\"><div class=\"uagb-container-inner-blocks-wrap\">\n<div class=\"wp-block-uagb-container uagb-block-9a4a99d4\">\n<div class=\"wp-block-uagb-image uagb-block-dc573222 wp-block-uagb-image--layout-default wp-block-uagb-image--effect-static wp-block-uagb-image--align-none\"><figure class=\"wp-block-uagb-image__figure\"><img decoding=\"async\" srcset=\"https:\/\/bassin-arcachon.com\/wp-content\/uploads\/2018\/07\/plage-pointe-cap-ferret-e1546594665964.jpg ,https:\/\/bassin-arcachon.com\/wp-content\/uploads\/2018\/07\/plage-pointe-cap-ferret-e1546594665964.jpg 780w, https:\/\/bassin-arcachon.com\/wp-content\/uploads\/2018\/07\/plage-pointe-cap-ferret-e1546594665964.jpg 360w\" sizes=\"auto, (max-width: 480px) 150px\" src=\"https:\/\/bassin-arcachon.com\/wp-content\/uploads\/2018\/07\/plage-pointe-cap-ferret-e1546594665964.jpg\" alt=\"Playa en la punta de Cap Ferret\" class=\"uag-image-24875\" width=\"1000\" height=\"667\" title=\"- - Bassin d&#039;Arcachon\" loading=\"lazy\" role=\"img\"><\/figure><\/div>\n<\/div>\n\n\n\n<div class=\"wp-block-uagb-container uagb-block-8614e705\">\n<h2 class=\"wp-block-heading\">Marav\u00edllarse ante la punta de Cap Ferret<\/h2>\n\n\n\n<p>Si\u00e9ntate un momento en la arena o en un b\u00fanker y disfruta de la vista de 180\u00b0 de la duna de Pilat, el&nbsp;<a href=\"https:\/\/bassin-arcachon.com\/es\/nuestros-elementos-esenciales\/el-banco-darguin\/\">Banco de Arguin<\/a>&nbsp;y las entradas a la bah\u00eda de Arcach\u00f3n al son del chapoteo del agua. Aqu\u00ed confluyen las aguas tranquilas de la bah\u00eda con el oc\u00e9ano Atl\u00e1ntico.<\/p>\n\n\n\n<p>Y, si te fijas bien, ver\u00e1s las corrientes mezclarse. \u00a1Es magn\u00edfico!<\/p>\n<\/div>\n<\/div><\/div>\n\n\n\n<div style=\"height:40px\" aria-hidden=\"true\" class=\"wp-block-spacer\"><\/div>\n\n\n\n<div class=\"wp-block-uagb-container uagb-block-514828b2 alignfull uagb-is-root-container\"><div class=\"uagb-container-inner-blocks-wrap\">\n<figure class=\"wp-block-pullquote\" style=\"border-radius:0px;border-top-style:none;border-top-width:0px;border-right-style:none;border-right-width:0px;border-bottom-style:none;border-bottom-width:0px;border-left-width:2px\"><blockquote><p>Ven por la ma\u00f1ana: \u00a1la punta de la pen\u00ednsula es m\u00e1gica!<\/p><\/blockquote><\/figure>\n<\/div><\/div>\n\n\n\n<div style=\"height:20px\" aria-hidden=\"true\" class=\"wp-block-spacer\"><\/div>\n\n\n\n<div class=\"wp-block-uagb-container uagb-block-0f6b7a7c alignfull uagb-is-root-container\"><div class=\"uagb-container-inner-blocks-wrap\">\n<div class=\"wp-block-uagb-container uagb-block-c957af83\">\n<h2 class=\"wp-block-heading\">Nuestros enlaces \u00fatiles para preparar tus vacaciones en L\u00e8ge-Cap Ferret<\/h2>\n\n\n\n<p><a href=\"https:\/\/bassin-arcachon.com\/es\/donde-dormir\/camping\/huron-de-gorra-lege\/\">un camping<\/a>,\u00a0<a href=\"https:\/\/bassin-arcachon.com\/es\/donde-dormir\/alquiler-de-alojamiento-y-desayuno\/huron-gorra\/\">una habitaci\u00f3n en casas particulares<\/a>,\u00a0<a href=\"https:\/\/bassin-arcachon.com\/es\/donde-dormir\/hoteles\/huron-gorra\/\">un hotel<\/a>,\u00a0<a href=\"https:\/\/bassin-arcachon.com\/es\/donde-dormir\/alquileres\/huron-gorra\/\">nuestras casas rurales<\/a>,\u00a0<a href=\"https:\/\/bassin-arcachon.com\/es\/agenda-salidas-mercados\/los-mercados-de-lege-cap-ferret\/\">los mercados de la pen\u00ednsula<\/a>,\u00a0<a href=\"https:\/\/bassin-arcachon.com\/es\/o-comer\/huron-de-gorra-lege\/\">Los restaurantes de L\u00e8ge Cap Ferret\u2026<\/a>.<\/p>\n\n\n\n<p>Para los aficionados a la bicicleta,&nbsp;<a href=\"https:\/\/bassin-arcachon.com\/es\/circuito\/de-belisaire-a-pointe\/\">proponemos un itinerario que se inicia en el muelle B\u00e9lisaire y llega hasta la punta de Cap Ferret.<\/a>.<\/p>\n<\/div>\n\n\n\n<div class=\"wp-block-uagb-container uagb-block-21836a80\">\t\t\t\t\t<div\n\t\t\t\t\t\tclass=\"wp-block-uagb-image-gallery uagb-block-10ddf0f1\"\n\t\t\t\t\t\tstyle=\"\"\n\t\t\t\t\t>\n\t\t\t\t\t\t\t\t\t\t\t<div class=\"spectra-image-gallery spectra-image-gallery__layout--carousel\">\n\t\t\t\t\t\t\t\t<div class=\"uagb-slick-carousel uagb-block-10ddf0f1\">\n\t\t\t\t\t\t\t\t\t\t\t\t<div class='spectra-image-gallery__media-wrapper' data-spectra-gallery-image-id='37780'>\n\t\t\t\t\t\t\t<div class=\"spectra-image-gallery__media spectra-image-gallery__media--carousel\">\n\t\t\t\t<picture>\n\t\t\t\t\t<source media=\"(min-width: 1024px)\" srcset=\"https:\/\/bassin-arcachon.com\/wp-content\/uploads\/2019\/09\/plage-pointe-siba-agence-les-conteurs-47-1024x683.jpg\">\n\t\t\t\t\t<source media=\"(min-width: 768px)\" srcset=\"https:\/\/bassin-arcachon.com\/wp-content\/uploads\/2019\/09\/plage-pointe-siba-agence-les-conteurs-47-1024x683.jpg\">\n\t\t\t\t\t<img decoding=\"async\" class=\"spectra-image-gallery__media-thumbnail spectra-image-gallery__media-thumbnail--carousel\" src=\"https:\/\/bassin-arcachon.com\/wp-content\/uploads\/2019\/09\/plage-pointe-siba-agence-les-conteurs-47-450x300.jpg\" alt=\"Playa de Cap Ferret\" loading=\"lazy\" title=\"- - Bassin d&#039;Arcachon\">\n\t\t\t\t<\/picture>\n\t\t\t\t<div class=\"spectra-image-gallery__media-thumbnail-blurrer\"><\/div>\n\t\t\t\t\t\t\t\t\t\t\t<div class=\"spectra-image-gallery__media-thumbnail-caption-wrapper spectra-image-gallery__media-thumbnail-caption-wrapper--overlay\"><\/div>\n\t\t\t\t\t\t\t\t<\/div>\n\t\t\t\t\t\t<\/div>\n\t\t\t\t\t\t<div class='spectra-image-gallery__media-wrapper' data-spectra-gallery-image-id='26169'>\n\t\t\t\t\t\t\t<div class=\"spectra-image-gallery__media spectra-image-gallery__media--carousel\">\n\t\t\t\t<picture>\n\t\t\t\t\t<source media=\"(min-width: 1024px)\" srcset=\"https:\/\/bassin-arcachon.com\/wp-content\/uploads\/2018\/09\/nourri-a-lhu\u00eetre-\u00e9lev\u00e9-sous-les-pins-Bassin-dArcachon.jpg\">\n\t\t\t\t\t<source media=\"(min-width: 768px)\" srcset=\"https:\/\/bassin-arcachon.com\/wp-content\/uploads\/2018\/09\/nourri-a-lhu\u00eetre-\u00e9lev\u00e9-sous-les-pins-Bassin-dArcachon.jpg\">\n\t\t\t\t\t<img decoding=\"async\" class=\"spectra-image-gallery__media-thumbnail spectra-image-gallery__media-thumbnail--carousel\" src=\"https:\/\/bassin-arcachon.com\/wp-content\/uploads\/2018\/09\/nourri-a-lhu\u00eetre-\u00e9lev\u00e9-sous-les-pins-Bassin-dArcachon-450x300.jpg\" alt=\"- - Bassin d&#039;Arcachon\" loading=\"lazy\" title=\"- - Bassin d&#039;Arcachon\">\n\t\t\t\t<\/picture>\n\t\t\t\t<div class=\"spectra-image-gallery__media-thumbnail-blurrer\"><\/div>\n\t\t\t\t\t\t\t\t\t\t\t<div class=\"spectra-image-gallery__media-thumbnail-caption-wrapper spectra-image-gallery__media-thumbnail-caption-wrapper--overlay\"><\/div>\n\t\t\t\t\t\t\t\t<\/div>\n\t\t\t\t\t\t<\/div>\n\t\t\t\t\t\t\t\t\t\t\t<\/div>\n\t\t\t\t\t\t\t<\/div>\n\t\t\t\t\t\t\t\t\t\t\t<\/div>\n\t\t\t\t\t\t\t\t\t<\/div>\n<\/div><\/div>\n\n\n\n<div style=\"height:60px\" aria-hidden=\"true\" class=\"wp-block-spacer\"><\/div>","protected":false},"excerpt":{"rendered":"<p>\u00c0 toutes les saisons, c\u2019est l\u2019endroit \u00e0 ne pas manquer \u00e0 L\u00e8ge-Cap Ferret&nbsp;! Sur les hauteurs du Phare du Cap Ferret ou depuis la Pointe, vous pourrez y admirer les [&hellip;]<\/p>\n","protected":false},"author":25,"featured_media":7327,"parent":27,"menu_order":0,"comment_status":"closed","ping_status":"closed","template":"","meta":{"_acf_changed":false,"_uag_custom_page_level_css":"","footnotes":""},"class_list":["post-131","page","type-page","status-publish","has-post-thumbnail","hentry"],"acf":[],"uagb_featured_image_src":{"full":["https:\/\/bassin-arcachon.com\/wp-content\/uploads\/2017\/02\/Phare_N0491.jpg",2048,1365,false],"thumbnail":["https:\/\/bassin-arcachon.com\/wp-content\/uploads\/2017\/02\/Phare_N0491-150x150.jpg",150,150,true],"medium":["https:\/\/bassin-arcachon.com\/wp-content\/uploads\/2017\/02\/Phare_N0491-600x400.jpg",600,400,true],"medium_large":["https:\/\/bassin-arcachon.com\/wp-content\/uploads\/2017\/02\/Phare_N0491-768x512.jpg",768,512,true],"large":["https:\/\/bassin-arcachon.com\/wp-content\/uploads\/2017\/02\/Phare_N0491-1024x683.jpg",1024,683,true],"1536x1536":["https:\/\/bassin-arcachon.com\/wp-content\/uploads\/2017\/02\/Phare_N0491-1536x1024.jpg",1536,1024,true],"2048x2048":["https:\/\/bassin-arcachon.com\/wp-content\/uploads\/2017\/02\/Phare_N0491.jpg",2048,1365,false],"trp-custom-language-flag":["https:\/\/bassin-arcachon.com\/wp-content\/uploads\/2017\/02\/Phare_N0491-18x12.jpg",18,12,true]},"uagb_author_info":{"display_name":"Marie Clauzel","author_link":"https:\/\/bassin-arcachon.com\/es\/author\/mariesiba\/"},"uagb_comment_info":0,"uagb_excerpt":"\u00c0 toutes les saisons, c\u2019est l\u2019endroit \u00e0 ne pas manquer \u00e0 L\u00e8ge-Cap Ferret&nbsp;! Sur les hauteurs du Phare du Cap Ferret ou depuis la Pointe, vous pourrez y admirer les [&hellip;]","_links":{"self":[{"href":"https:\/\/bassin-arcachon.com\/es\/wp-json\/wp\/v2\/pages\/131","targetHints":{"allow":["GET"]}}],"collection":[{"href":"https:\/\/bassin-arcachon.com\/es\/wp-json\/wp\/v2\/pages"}],"about":[{"href":"https:\/\/bassin-arcachon.com\/es\/wp-json\/wp\/v2\/types\/page"}],"author":[{"embeddable":true,"href":"https:\/\/bassin-arcachon.com\/es\/wp-json\/wp\/v2\/users\/25"}],"replies":[{"embeddable":true,"href":"https:\/\/bassin-arcachon.com\/es\/wp-json\/wp\/v2\/comments?post=131"}],"version-history":[{"count":1,"href":"https:\/\/bassin-arcachon.com\/es\/wp-json\/wp\/v2\/pages\/131\/revisions"}],"predecessor-version":[{"id":217792,"href":"https:\/\/bassin-arcachon.com\/es\/wp-json\/wp\/v2\/pages\/131\/revisions\/217792"}],"up":[{"embeddable":true,"href":"https:\/\/bassin-arcachon.com\/es\/wp-json\/wp\/v2\/pages\/27"}],"wp:featuredmedia":[{"embeddable":true,"href":"https:\/\/bassin-arcachon.com\/es\/wp-json\/wp\/v2\/media\/7327"}],"wp:attachment":[{"href":"https:\/\/bassin-arcachon.com\/es\/wp-json\/wp\/v2\/media?parent=131"}],"curies":[{"name":"wp","href":"https:\/\/api.w.org\/{rel}","templated":true}]}}