{"id":141,"date":"2017-02-08T09:57:06","date_gmt":"2017-02-08T08:57:06","guid":{"rendered":"https:\/\/bassin-arcachon.com\/\/?page_id=141"},"modified":"2025-09-17T17:25:01","modified_gmt":"2025-09-17T15:25:01","slug":"la-reserva-ornitologica","status":"publish","type":"page","link":"https:\/\/bassin-arcachon.com\/es\/nos-incontournables\/la-reserve-ornithologique\/","title":{"rendered":"La reserva ornitol\u00f3gica de Le Teich"},"content":{"rendered":"<div class=\"wp-block-uagb-container uagb-block-8e1639f4 alignfull uagb-is-root-container\"><div class=\"uagb-container-inner-blocks-wrap\">\n<div class=\"wp-block-uagb-container uagb-block-44fb0a87\">\n<div class=\"wp-block-uagb-image uagb-block-f9a6a421 wp-block-uagb-image--layout-default wp-block-uagb-image--effect-static wp-block-uagb-image--align-none\"><figure class=\"wp-block-uagb-image__figure\"><img decoding=\"async\" srcset=\"https:\/\/bassin-arcachon.com\/wp-content\/uploads\/2017\/02\/mini-map-ornitho-teich.jpg \" sizes=\"auto, (max-width: 480px) 150px\" src=\"https:\/\/bassin-arcachon.com\/wp-content\/uploads\/2017\/02\/mini-map-ornitho-teich.jpg\" alt=\"- - Bassin d&#039;Arcachon\" class=\"uag-image-1894\" width=\"278\" height=\"278\" title=\"- - Bassin d&#039;Arcachon\" loading=\"lazy\" role=\"img\"><\/figure><\/div>\n\n\n\n<h2 class=\"wp-block-heading\">\u00a1Miles de aves silvestres!<\/h2>\n\n\n\n<p>Algunos a\u00f1os, pueden pasar 300\u2009000 aves por la reserva ornitol\u00f3gica de Le Teich, en la&nbsp;<strong>la bah\u00eda de Arcach\u00f3n<\/strong>.<\/p>\n\n\n\n<p>Marismas, ca\u00f1averales, prados y lagunas te esperan durante tu buc\u00f3lica escapada al coraz\u00f3n de la reserva ornitol\u00f3gica.<\/p>\n<\/div>\n\n\n\n<div class=\"wp-block-uagb-container uagb-block-57268d05\">\t\t\t\t\t<div\n\t\t\t\t\t\tclass=\"wp-block-uagb-image-gallery uagb-block-8c07eb3b\"\n\t\t\t\t\t\tstyle=\"\"\n\t\t\t\t\t>\n\t\t\t\t\t\t\t\t\t\t\t<div class=\"spectra-image-gallery spectra-image-gallery__layout--carousel\">\n\t\t\t\t\t\t\t\t<div class=\"uagb-slick-carousel uagb-block-8c07eb3b\">\n\t\t\t\t\t\t\t\t\t\t\t\t<div class='spectra-image-gallery__media-wrapper' data-spectra-gallery-image-id='23568'>\n\t\t\t\t\t\t\t<div class=\"spectra-image-gallery__media spectra-image-gallery__media--carousel\">\n\t\t\t\t<picture>\n\t\t\t\t\t<source media=\"(min-width: 1024px)\" srcset=\"https:\/\/bassin-arcachon.com\/wp-content\/uploads\/2017\/02\/R\u00e9serve-ornithologique-du-Teich-vue.jpg\">\n\t\t\t\t\t<source media=\"(min-width: 768px)\" srcset=\"https:\/\/bassin-arcachon.com\/wp-content\/uploads\/2017\/02\/R\u00e9serve-ornithologique-du-Teich-vue.jpg\">\n\t\t\t\t\t<img decoding=\"async\" class=\"spectra-image-gallery__media-thumbnail spectra-image-gallery__media-thumbnail--carousel\" src=\"https:\/\/bassin-arcachon.com\/wp-content\/uploads\/2017\/02\/R\u00e9serve-ornithologique-du-Teich-vue-300x200.jpg\" alt=\"- - Bassin d&#039;Arcachon\" loading=\"lazy\" title=\"- - Bassin d&#039;Arcachon\">\n\t\t\t\t<\/picture>\n\t\t\t\t<div class=\"spectra-image-gallery__media-thumbnail-blurrer\"><\/div>\n\t\t\t\t\t\t\t\t\t\t\t<div class=\"spectra-image-gallery__media-thumbnail-caption-wrapper spectra-image-gallery__media-thumbnail-caption-wrapper--overlay\"><\/div>\n\t\t\t\t\t\t\t\t<\/div>\n\t\t\t\t\t\t<\/div>\n\t\t\t\t\t\t<div class='spectra-image-gallery__media-wrapper' data-spectra-gallery-image-id='48926'>\n\t\t\t\t\t\t\t<div class=\"spectra-image-gallery__media spectra-image-gallery__media--carousel\">\n\t\t\t\t<picture>\n\t\t\t\t\t<source media=\"(min-width: 1024px)\" srcset=\"https:\/\/bassin-arcachon.com\/wp-content\/uploads\/2021\/03\/Oiseaux-Reserve-ornithologique-le-teich.png\">\n\t\t\t\t\t<source media=\"(min-width: 768px)\" srcset=\"https:\/\/bassin-arcachon.com\/wp-content\/uploads\/2021\/03\/Oiseaux-Reserve-ornithologique-le-teich.png\">\n\t\t\t\t\t<img decoding=\"async\" class=\"spectra-image-gallery__media-thumbnail spectra-image-gallery__media-thumbnail--carousel\" src=\"https:\/\/bassin-arcachon.com\/wp-content\/uploads\/2021\/03\/Oiseaux-Reserve-ornithologique-le-teich-300x300.png\" alt=\"- - Bassin d&#039;Arcachon\" loading=\"lazy\" title=\"- - Bassin d&#039;Arcachon\">\n\t\t\t\t<\/picture>\n\t\t\t\t<div class=\"spectra-image-gallery__media-thumbnail-blurrer\"><\/div>\n\t\t\t\t\t\t\t\t\t\t\t<div class=\"spectra-image-gallery__media-thumbnail-caption-wrapper spectra-image-gallery__media-thumbnail-caption-wrapper--overlay\"><\/div>\n\t\t\t\t\t\t\t\t<\/div>\n\t\t\t\t\t\t<\/div>\n\t\t\t\t\t\t<div class='spectra-image-gallery__media-wrapper' data-spectra-gallery-image-id='23578'>\n\t\t\t\t\t\t\t<div class=\"spectra-image-gallery__media spectra-image-gallery__media--carousel\">\n\t\t\t\t<picture>\n\t\t\t\t\t<source media=\"(min-width: 1024px)\" srcset=\"https:\/\/bassin-arcachon.com\/wp-content\/uploads\/2017\/02\/spatule-reserve-ornitholgique-le-teich-1024x681.jpg\">\n\t\t\t\t\t<source media=\"(min-width: 768px)\" srcset=\"https:\/\/bassin-arcachon.com\/wp-content\/uploads\/2017\/02\/spatule-reserve-ornitholgique-le-teich-1024x681.jpg\">\n\t\t\t\t\t<img decoding=\"async\" class=\"spectra-image-gallery__media-thumbnail spectra-image-gallery__media-thumbnail--carousel\" src=\"https:\/\/bassin-arcachon.com\/wp-content\/uploads\/2017\/02\/spatule-reserve-ornitholgique-le-teich-300x200.jpg\" alt=\"- - Bassin d&#039;Arcachon\" loading=\"lazy\" title=\"- - Bassin d&#039;Arcachon\">\n\t\t\t\t<\/picture>\n\t\t\t\t<div class=\"spectra-image-gallery__media-thumbnail-blurrer\"><\/div>\n\t\t\t\t\t\t\t\t\t\t\t<div class=\"spectra-image-gallery__media-thumbnail-caption-wrapper spectra-image-gallery__media-thumbnail-caption-wrapper--overlay\"><\/div>\n\t\t\t\t\t\t\t\t<\/div>\n\t\t\t\t\t\t<\/div>\n\t\t\t\t\t\t\t\t\t\t\t<\/div>\n\t\t\t\t\t\t\t<\/div>\n\t\t\t\t\t\t\t\t\t\t\t<\/div>\n\t\t\t\t\t\t\t\t\t<\/div>\n<\/div><\/div>\n\n\n\n<div class=\"wp-block-uagb-container uagb-block-29e7c0ac alignfull uagb-is-root-container\"><div class=\"uagb-container-inner-blocks-wrap\">\n<div class=\"wp-block-uagb-container uagb-block-f6f3d3cb\">\n<p>Nuestro encuentro con la naturaleza tendr\u00e1 lugar a pie por uno de los dos circuitos propuestos (2,5\u202fkm o 6\u202fkm). Nos esconderemos en los observatorios para espiar a las aves en libertad. Antes de iniciar la visita, no olvides equiparte con unos prism\u00e1ticos en recepci\u00f3n. El recorrido de 6\u202fkm permite recorrer la reserva en tres o cuatro horas, mientras que el trayecto m\u00e1s corto es un atajo ideal para los ni\u00f1os.<\/p>\n\n\n\n<p><strong>Tarifas<\/strong>\u00a0: 9,90 \u20ac\/adulto y 7,70 \u20ac\/ni\u00f1o de 5 a 18 a\u00f1os (gratis para menores de 5 a\u00f1os), 30 \u20ac\/familia (2 adultos + 2 ni\u00f1os). No se admiten perros ni bicicletas.<\/p>\n\n\n\n<h2 class=\"wp-block-heading\">Observar las aves<\/h2>\n\n\n\n<p>\u00bfSab\u00edas que la Reserva alberga 320 especies de aves diferentes durante todo el a\u00f1o? Tendr\u00e1s la oportunidad de admirarlas de cerca desde los observatorios y miradores elevados a lo largo de la ruta. Adem\u00e1s de ser una zona de invernada para las aves migratorias del norte y el este de Europa, es un lugar ideal para la nidificaci\u00f3n. <a href=\"https:\/\/bassin-arcachon.com\/es\/las-pepitas-de-nuestros-creadores-locales-2\/\">\u00a1La garza real, la gaviota dorsinegra, la cig\u00fce\u00f1a blanca, la cig\u00fce\u00f1ela com\u00fan, el chorlitejo chico<\/a> \u00a1y todav\u00eda muchas otras especies viven juntas en el mismo lugar!<\/p>\n<\/div>\n\n\n\n<div class=\"wp-block-uagb-container uagb-block-3c377a33\">\t\t\t\t\t<div\n\t\t\t\t\t\tclass=\"wp-block-uagb-image-gallery uagb-block-bfb1617e\"\n\t\t\t\t\t\tstyle=\"\"\n\t\t\t\t\t>\n\t\t\t\t\t\t\t\t\t\t\t<div class=\"spectra-image-gallery spectra-image-gallery__layout--carousel\">\n\t\t\t\t\t\t\t\t<div class=\"uagb-slick-carousel uagb-block-bfb1617e\">\n\t\t\t\t\t\t\t\t\t\t\t\t<div class='spectra-image-gallery__media-wrapper' data-spectra-gallery-image-id='23573'>\n\t\t\t\t\t\t\t<div class=\"spectra-image-gallery__media spectra-image-gallery__media--carousel\">\n\t\t\t\t<picture>\n\t\t\t\t\t<source media=\"(min-width: 1024px)\" srcset=\"https:\/\/bassin-arcachon.com\/wp-content\/uploads\/2017\/02\/reserve-ornithologique-le-teich-bassin-darcachon-3.jpg\">\n\t\t\t\t\t<source media=\"(min-width: 768px)\" srcset=\"https:\/\/bassin-arcachon.com\/wp-content\/uploads\/2017\/02\/reserve-ornithologique-le-teich-bassin-darcachon-3.jpg\">\n\t\t\t\t\t<img decoding=\"async\" class=\"spectra-image-gallery__media-thumbnail spectra-image-gallery__media-thumbnail--carousel\" src=\"https:\/\/bassin-arcachon.com\/wp-content\/uploads\/2017\/02\/reserve-ornithologique-le-teich-bassin-darcachon-3-300x200.jpg\" alt=\"- - Bassin d&#039;Arcachon\" loading=\"lazy\" title=\"- - Bassin d&#039;Arcachon\">\n\t\t\t\t<\/picture>\n\t\t\t\t<div class=\"spectra-image-gallery__media-thumbnail-blurrer\"><\/div>\n\t\t\t\t\t\t\t\t\t\t\t<div class=\"spectra-image-gallery__media-thumbnail-caption-wrapper spectra-image-gallery__media-thumbnail-caption-wrapper--overlay\"><\/div>\n\t\t\t\t\t\t\t\t<\/div>\n\t\t\t\t\t\t<\/div>\n\t\t\t\t\t\t<div class='spectra-image-gallery__media-wrapper' data-spectra-gallery-image-id='23565'>\n\t\t\t\t\t\t\t<div class=\"spectra-image-gallery__media spectra-image-gallery__media--carousel\">\n\t\t\t\t<picture>\n\t\t\t\t\t<source media=\"(min-width: 1024px)\" srcset=\"https:\/\/bassin-arcachon.com\/wp-content\/uploads\/2017\/02\/oiseaux-le-teich.jpg\">\n\t\t\t\t\t<source media=\"(min-width: 768px)\" srcset=\"https:\/\/bassin-arcachon.com\/wp-content\/uploads\/2017\/02\/oiseaux-le-teich.jpg\">\n\t\t\t\t\t<img decoding=\"async\" class=\"spectra-image-gallery__media-thumbnail spectra-image-gallery__media-thumbnail--carousel\" src=\"https:\/\/bassin-arcachon.com\/wp-content\/uploads\/2017\/02\/oiseaux-le-teich-300x200.jpg\" alt=\"- - Bassin d&#039;Arcachon\" loading=\"lazy\" title=\"- - Bassin d&#039;Arcachon\">\n\t\t\t\t<\/picture>\n\t\t\t\t<div class=\"spectra-image-gallery__media-thumbnail-blurrer\"><\/div>\n\t\t\t\t\t\t\t\t\t\t\t<div class=\"spectra-image-gallery__media-thumbnail-caption-wrapper spectra-image-gallery__media-thumbnail-caption-wrapper--overlay\"><\/div>\n\t\t\t\t\t\t\t\t<\/div>\n\t\t\t\t\t\t<\/div>\n\t\t\t\t\t\t\t\t\t\t\t<\/div>\n\t\t\t\t\t\t\t<\/div>\n\t\t\t\t\t\t\t\t\t\t\t<\/div>\n\t\t\t\t\t\t\t\t\t<\/div>\n<\/div><\/div>\n\n\n\n<div style=\"height:60px\" aria-hidden=\"true\" class=\"wp-block-spacer\"><\/div>\n\n\n\n<div class=\"wp-block-uagb-container uagb-block-7a37dbb4 alignfull uagb-is-root-container\">\n<div class=\"wp-block-cover has-parallax\"><div class=\"wp-block-cover__image-background wp-image-23569 has-parallax\" style=\"background-position:50% 50%;background-image:url(https:\/\/bassin-arcachon.com\/wp-content\/uploads\/2017\/02\/R\u00e9serve-ornithologique-du-Teich.jpg)\"><\/div><span aria-hidden=\"true\" class=\"wp-block-cover__background has-background-dim-0 has-background-dim\"><\/span><div class=\"wp-block-cover__inner-container is-layout-flow wp-block-cover-is-layout-flow\">\n<h2 class=\"wp-block-heading has-text-align-center has-white-color has-text-color has-background has-large-font-size\" style=\"background-color:#000000b3\">La reserva est\u00e1 abierta desde las 10 de la ma\u00f1ana todos los d\u00edas y todo el a\u00f1o. Antes de venir, consulta la p\u00e1gina web&nbsp;<a href=\"https:\/\/www.reserve-ornithologique-du-teich.com\/\" target=\"_blank\" rel=\"noreferrer noopener\">www.reserve-ornithologique-du-teich.com<\/a><\/h2>\n<\/div><\/div>\n<\/div>\n\n\n\n<div style=\"height:60px\" aria-hidden=\"true\" class=\"wp-block-spacer\"><\/div>\n\n\n\n<div class=\"wp-block-uagb-container uagb-block-86c17507 alignfull uagb-is-root-container\"><div class=\"uagb-container-inner-blocks-wrap\">\n<div class=\"wp-block-uagb-container uagb-block-85b2d3fc\">\n<div class=\"wp-block-uagb-image uagb-block-3ae344c9 wp-block-uagb-image--layout-default wp-block-uagb-image--effect-static wp-block-uagb-image--align-none\"><figure class=\"wp-block-uagb-image__figure\"><img decoding=\"async\" srcset=\"https:\/\/bassin-arcachon.com\/wp-content\/uploads\/2017\/02\/balades-sentiers-reserves-1024x683.jpg \" sizes=\"auto, (max-width: 480px) 150px\" src=\"https:\/\/bassin-arcachon.com\/wp-content\/uploads\/2017\/02\/balades-sentiers-reserves-1024x683.jpg\" alt=\"- - Bassin d&#039;Arcachon\" class=\"uag-image-1041\" width=\"1024\" height=\"683\" title=\"- - Bassin d&#039;Arcachon\" loading=\"lazy\" role=\"img\"><\/figure><\/div>\n<\/div>\n\n\n\n<div class=\"wp-block-uagb-container uagb-block-2e304da4\">\n<p>En la p\u00e1gina web de la reserva ornitol\u00f3gica, encontrar\u00e1s los horarios de visita&nbsp;<a href=\"http:\/\/chrome-extension:\/\/efaidnbmnnnibpcajpcglclefindmkaj\/https:\/\/www.reserve-ornithologique-du-teich.com\/wp-content\/uploads\/2022\/12\/Horaires_favorables_observation-2023.pdf\">m\u00e1s favorables en funci\u00f3n de las mareas y del recuento habitual de aves<\/a><a href=\"https:\/\/www.reserve-ornithologique-du-teich.com\/wp-content\/uploads\/2019\/01\/Horaires_favorables_observation-2019.pdf.pdf\" target=\"_blank\" rel=\"noopener\">s<\/a>en definitiva, toda la informaci\u00f3n para asegurarte de que vienes en el momento adecuado.<\/p>\n\n\n\n<h2 class=\"wp-block-heading\">Recorrer los senderos de la reserva<\/h2>\n\n\n\n<p>En julio y agosto, ven a explorar la reserva ornitol\u00f3gica de Le Teich por la ma\u00f1ana o al atardecer con unos prism\u00e1ticos prestados para la ocasi\u00f3n: \u00a1hay cuatro o cinco visitas guiadas durante la semana con un gu\u00eda de naturaleza! (previa reserva al +33 (0) 5 24 73 37 33)<\/p>\n<\/div>\n<\/div><\/div>\n\n\n\n<div style=\"height:60px\" aria-hidden=\"true\" class=\"wp-block-spacer\"><\/div>\n\n\n\n<div class=\"wp-block-uagb-container uagb-block-283ca312 alignfull uagb-is-root-container\"><div class=\"uagb-container-inner-blocks-wrap\">\n<div class=\"wp-block-uagb-image uagb-block-484e3076 wp-block-uagb-image--layout-default wp-block-uagb-image--effect-static wp-block-uagb-image--align-none\"><figure class=\"wp-block-uagb-image__figure\"><img decoding=\"async\" srcset=\"https:\/\/bassin-arcachon.com\/wp-content\/uploads\/2025\/09\/PLAN-Reserve-ornithologique-du-Teich-2025_page-0001-1024x724.jpg ,https:\/\/bassin-arcachon.com\/wp-content\/uploads\/2025\/09\/PLAN-Reserve-ornithologique-du-Teich-2025_page-0001.jpg 780w, https:\/\/bassin-arcachon.com\/wp-content\/uploads\/2025\/09\/PLAN-Reserve-ornithologique-du-Teich-2025_page-0001.jpg 360w\" sizes=\"auto, (max-width: 480px) 150px\" src=\"https:\/\/bassin-arcachon.com\/wp-content\/uploads\/2025\/09\/PLAN-Reserve-ornithologique-du-Teich-2025_page-0001-1024x724.jpg\" alt=\"Mapa detallado e ilustrado de los distintos senderos e instalaciones de la Reserva Ornitol\u00f3gica de Teich\" class=\"uag-image-182260\" width=\"1024\" height=\"724\" title=\"Mapa de la Reserva Ornitol\u00f3gica de Teich\" loading=\"lazy\" role=\"img\"\/><\/figure><\/div>\n<\/div><\/div>\n\n\n\n<div style=\"height:60px\" aria-hidden=\"true\" class=\"wp-block-spacer\"><\/div>","protected":false},"excerpt":{"rendered":"<p>Des oiseaux sauvages par milliers! Certaines ann\u00e9es, 300 000 oiseaux peuvent transiter par la R\u00e9serve ornithologique du Teich, sur le&nbsp;Bassin d\u2019Arcachon. Marais, roseli\u00e8res, prairies et lagunes, voici ce qui vous [&hellip;]<\/p>\n","protected":false},"author":25,"featured_media":23572,"parent":27,"menu_order":0,"comment_status":"closed","ping_status":"closed","template":"","meta":{"_acf_changed":false,"_uag_custom_page_level_css":"","footnotes":""},"class_list":["post-141","page","type-page","status-publish","has-post-thumbnail","hentry"],"acf":[],"uagb_featured_image_src":{"full":["https:\/\/bassin-arcachon.com\/wp-content\/uploads\/2017\/02\/reserve-ornithologique-le-teich-bassin-darcachon-2.jpg",1000,666,false],"thumbnail":["https:\/\/bassin-arcachon.com\/wp-content\/uploads\/2017\/02\/reserve-ornithologique-le-teich-bassin-darcachon-2-150x150.jpg",150,150,true],"medium":["https:\/\/bassin-arcachon.com\/wp-content\/uploads\/2017\/02\/reserve-ornithologique-le-teich-bassin-darcachon-2-600x400.jpg",600,400,true],"medium_large":["https:\/\/bassin-arcachon.com\/wp-content\/uploads\/2017\/02\/reserve-ornithologique-le-teich-bassin-darcachon-2-768x511.jpg",768,511,true],"large":["https:\/\/bassin-arcachon.com\/wp-content\/uploads\/2017\/02\/reserve-ornithologique-le-teich-bassin-darcachon-2.jpg",1000,666,false],"1536x1536":["https:\/\/bassin-arcachon.com\/wp-content\/uploads\/2017\/02\/reserve-ornithologique-le-teich-bassin-darcachon-2.jpg",1000,666,false],"2048x2048":["https:\/\/bassin-arcachon.com\/wp-content\/uploads\/2017\/02\/reserve-ornithologique-le-teich-bassin-darcachon-2.jpg",1000,666,false],"trp-custom-language-flag":["https:\/\/bassin-arcachon.com\/wp-content\/uploads\/2017\/02\/reserve-ornithologique-le-teich-bassin-darcachon-2-18x12.jpg",18,12,true]},"uagb_author_info":{"display_name":"Marie Clauzel","author_link":"https:\/\/bassin-arcachon.com\/es\/author\/mariesiba\/"},"uagb_comment_info":0,"uagb_excerpt":"Des oiseaux sauvages par milliers! Certaines ann\u00e9es, 300 000 oiseaux peuvent transiter par la R\u00e9serve ornithologique du Teich, sur le&nbsp;Bassin d\u2019Arcachon. Marais, roseli\u00e8res, prairies et lagunes, voici ce qui vous [&hellip;]","_links":{"self":[{"href":"https:\/\/bassin-arcachon.com\/es\/wp-json\/wp\/v2\/pages\/141","targetHints":{"allow":["GET"]}}],"collection":[{"href":"https:\/\/bassin-arcachon.com\/es\/wp-json\/wp\/v2\/pages"}],"about":[{"href":"https:\/\/bassin-arcachon.com\/es\/wp-json\/wp\/v2\/types\/page"}],"author":[{"embeddable":true,"href":"https:\/\/bassin-arcachon.com\/es\/wp-json\/wp\/v2\/users\/25"}],"replies":[{"embeddable":true,"href":"https:\/\/bassin-arcachon.com\/es\/wp-json\/wp\/v2\/comments?post=141"}],"version-history":[{"count":2,"href":"https:\/\/bassin-arcachon.com\/es\/wp-json\/wp\/v2\/pages\/141\/revisions"}],"predecessor-version":[{"id":182261,"href":"https:\/\/bassin-arcachon.com\/es\/wp-json\/wp\/v2\/pages\/141\/revisions\/182261"}],"up":[{"embeddable":true,"href":"https:\/\/bassin-arcachon.com\/es\/wp-json\/wp\/v2\/pages\/27"}],"wp:featuredmedia":[{"embeddable":true,"href":"https:\/\/bassin-arcachon.com\/es\/wp-json\/wp\/v2\/media\/23572"}],"wp:attachment":[{"href":"https:\/\/bassin-arcachon.com\/es\/wp-json\/wp\/v2\/media?parent=141"}],"curies":[{"name":"wp","href":"https:\/\/api.w.org\/{rel}","templated":true}]}}