{"id":214126,"date":"2026-01-07T17:34:04","date_gmt":"2026-01-07T16:34:04","guid":{"rendered":"https:\/\/bassin-arcachon.com\/?page_id=214126"},"modified":"2026-04-23T11:30:47","modified_gmt":"2026-04-23T09:30:47","slug":"la-piscina-en-primavera","status":"publish","type":"page","link":"https:\/\/bassin-arcachon.com\/es\/le-bassin-a-toute-saison\/le-bassin-au-printemps\/","title":{"rendered":"Bassin en primavera"},"content":{"rendered":"<div class=\"wp-block-uagb-container uagb-block-34bd16ab alignfull uagb-is-root-container\"><div class=\"uagb-container-inner-blocks-wrap\">\n<p>La primavera es <strong>una de las mejores temporadas para explorar el Bassin de Arcachon.<\/strong><br>Los d\u00edas se alargan, la naturaleza vuelve y el sol est\u00e1 de vuelta: \u00a1es el momento perfecto del a\u00f1o para (re)descubrir el entorno natural de Bassin y disfrutar de las primeras terrazas junto al agua!<\/p>\n<\/div><\/div>\n\n\n\n<div class=\"wp-block-uagb-container bloc_incont saisonleft uagb-block-ab8931c8 alignfull uagb-is-root-container\"><div class=\"uagb-container-inner-blocks-wrap\">\n<div style=\"height:20px\" aria-hidden=\"true\" class=\"wp-block-spacer\"><\/div>\n\n\n\n<h2 class=\"wp-block-heading\"><strong>Ver despertar la naturaleza<\/strong><\/h2>\n\n\n\n<div class=\"wp-block-uagb-image uagb-block-9c316410 wp-block-uagb-image--layout-default wp-block-uagb-image--effect-static wp-block-uagb-image--align-none photo_incont\"><figure class=\"wp-block-uagb-image__figure\"><img decoding=\"async\" srcset=\"https:\/\/bassin-arcachon.com\/wp-content\/uploads\/2026\/01\/Domaine-de-Fleury-Printemps.png ,https:\/\/bassin-arcachon.com\/wp-content\/uploads\/2026\/01\/Domaine-de-Fleury-Printemps.png 780w, https:\/\/bassin-arcachon.com\/wp-content\/uploads\/2026\/01\/Domaine-de-Fleury-Printemps.png 360w\" sizes=\"auto, (max-width: 480px) 150px\" src=\"https:\/\/bassin-arcachon.com\/wp-content\/uploads\/2026\/01\/Domaine-de-Fleury-Printemps.png\" alt=\"Joven observando los prados salados del Domaine de Fleury (Le Teich)\" class=\"uag-image-224259\" width=\"1024\" height=\"448\" title=\"Domaine de Fleury - Primavera\" loading=\"lazy\" role=\"img\"\/><\/figure><\/div>\n\n\n\n<p>En primavera, <strong>los bosques y espacios naturales de Bassin<\/strong> est\u00e1n volviendo a la vida, \u00a1para nuestro deleite! <\/p>\n\n\n\n<p>Ahora es el momento perfecto para que toda la familia salga en busca de Po\u00ef'Z, \u00a1en uno de nuestros circuitos Terra Aventura! Paso a paso, siguiendo una historia inspirada en los paisajes que te rodean, \u00a1resuelve los enigmas en busca del preciado s\u00e9samo! <strong><a href=\"https:\/\/tourisme-coeurdubassin.com\/le-blog\/terra-aventura-geocaching-en-nouvelle-aquitaine\/\" target=\"_blank\" rel=\"noopener\">Aqu\u00ed encontrar\u00e1 m\u00e1s informaci\u00f3n sobre todas nuestras rutas. <\/a><\/strong><\/p>\n\n\n\n<p>En el <strong><a href=\"https:\/\/www.lege-capferret.com\/village\/piraillan\/\" target=\"_blank\" rel=\"noopener\">Senderos de Piraillan<\/a>, o los de Domaine de Certes y <a href=\"https:\/\/bassin-arcachon.com\/es\/nuestros-elementos-esenciales\/las-areas-de-ciertamente-graveyron\/\">Graveyron en Audenge<\/a><\/strong>, Una cosa es segura: \u00a1no olvide su c\u00e1mara para capturar toda la acci\u00f3n! <strong>los primeros \u00e1rboles en flor<\/strong>, y los primeros paseos primaverales. Para los m\u00e1s observadores, un r\u00e1pido viaje a la <a href=\"https:\/\/www.reserve-ornithologique-du-teich.com\/\" target=\"_blank\" rel=\"noopener\"><strong>h\u00e1bitat natural<\/strong><\/a> es imprescindible Con la temporada de apareamiento a la vuelta de la esquina, ahora es el momento ideal para <strong>observar a las aves j\u00f3venes desde su nacimiento hasta que vuelan <\/strong>desde uno de los 20 observatorios de la ruta. <\/p>\n\n\n\n<div class=\"wp-block-buttons is-layout-flex wp-block-buttons-is-layout-flex\">\n<div class=\"wp-block-button\"><a class=\"wp-block-button__link wp-element-button\" href=\"https:\/\/bassin-arcachon.com\/es\/cuenca-de-arcachon-mientras-los-pajaros-cantan\/\">El Bassin de Arcachon a vista de p\u00e1jaro<\/a><\/div>\n<\/div>\n<\/div><\/div>\n\n\n\n<div class=\"wp-block-uagb-container bloc_incont saisonright uagb-block-dda36c77 alignfull uagb-is-root-container\"><div class=\"uagb-container-inner-blocks-wrap\">\n<h2 class=\"wp-block-heading\"><strong><strong>Pedalear como nunca<\/strong><\/strong><\/h2>\n\n\n\n<div class=\"wp-block-uagb-image uagb-block-7c873ad2 wp-block-uagb-image--layout-default wp-block-uagb-image--effect-static wp-block-uagb-image--align-none photo_incont\"><figure class=\"wp-block-uagb-image__figure\"><img decoding=\"async\" srcset=\"https:\/\/bassin-arcachon.com\/wp-content\/uploads\/2026\/01\/Velo-Port-de-Biganos.png ,https:\/\/bassin-arcachon.com\/wp-content\/uploads\/2026\/01\/Velo-Port-de-Biganos.png 780w, https:\/\/bassin-arcachon.com\/wp-content\/uploads\/2026\/01\/Velo-Port-de-Biganos.png 360w\" sizes=\"auto, (max-width: 480px) 150px\" src=\"https:\/\/bassin-arcachon.com\/wp-content\/uploads\/2026\/01\/Velo-Port-de-Biganos.png\" alt=\"Una pareja pedalea junto a las coloridas casetas del puerto de Biganos\" class=\"uag-image-224261\" width=\"1024\" height=\"448\" title=\"V\u00e9lo Port de Biganos\" loading=\"lazy\" role=\"img\"\/><\/figure><\/div>\n\n\n\n<p><strong>Manillar y aire fresco<\/strong>, avec le retour des beaux jours&nbsp;: on s\u2019a\u00e8re et on p\u00e9dale pour <a href=\"https:\/\/bassin-arcachon.com\/es\/manillar-y-aire-fresco-nuestros-4-bike-paseos-en-la-cuenca-darcachon\/\"><strong>un viaje en bicicleta<\/strong><\/a>, independientemente o guiados por <strong>nos guides locaux&nbsp;!<\/strong><\/p>\n\n\n\n<p><strong>Vous n\u2019avez pas votre v\u00e9lo \u00e0 disposition&nbsp;?<\/strong> Aucun souci&nbsp;: retrouvez <a href=\"https:\/\/bassin-arcachon.com\/es\/moverse-por-la-piscina\/alquiler-de-bicicletas\/\"><strong>todas nuestras empresas de alquiler de bicicletas<\/strong><\/a><\/p>\n\n\n\n<p><strong>Nuestras 4 ideas de rutas en bicicleta :<\/strong><\/p>\n\n\n\n<ul class=\"wp-block-list\">\n<li>Opte por un <strong>visita deportiva y cultural<\/strong> en los puertos <strong><a href=\"https:\/\/tourisme-coeurdubassin.com\/\" target=\"_blank\" rel=\"noopener\">Audenge y Biganos<\/a><\/strong><\/li>\n\n\n\n<li>Pasee por el<strong> <a href=\"https:\/\/bassin-arcachon.com\/es\/nuestros-elementos-esenciales\/pueblos-y-puertos-ostricultores\/\">puertos de ostras<\/a><\/strong> de <strong><a href=\"https:\/\/www.tourisme-gujanmestras.com\/\" target=\"_blank\" rel=\"noopener\">Gujan Mestras<\/a><\/strong> o de <strong><a href=\"https:\/\/www.lege-capferret.com\/\" target=\"_blank\" rel=\"noopener\">L\u00e8ge-Cap Ferret<\/a><\/strong><\/li>\n\n\n\n<li>Pedal <strong>fuera de tiempo<\/strong> a<strong><a href=\"https:\/\/www.arcachon.com\/\" target=\"_blank\" rel=\"noopener\"> Arcachon<\/a><\/strong>, en el coraz\u00f3n del <strong><a href=\"https:\/\/bassin-arcachon.com\/es\/nuestros-elementos-esenciales\/la-ciudad-de-invierno\/\">Ciudad de Invierno<\/a><\/strong><\/li>\n\n\n\n<li>Si\u00e9ntase <strong>al aire libre<\/strong> en el <strong><a href=\"https:\/\/tourisme-coeurdubassin.com\/\" target=\"_blank\" rel=\"noopener\">coraz\u00f3n de Bassin<\/a><\/strong>, por la senda costera<\/li>\n<\/ul>\n\n\n\n<p>Y para los m\u00e1s valientes: pruebe su suerte en <a href=\"https:\/\/bassin-arcachon.com\/es\/tu-reto-de-primavera-dar-la-vuelta-a-la-cuenca-en-bicicleta\/\"><strong>\u00a1nuestro Tour de Bassin en bicicleta! <\/strong><\/a><br>&nbsp;<strong>62 km <\/strong>alrededor del per\u00edmetro, pero m\u00e1s de <strong>330 km de carriles bici<\/strong>. Todo un patio de recreo para&nbsp;<strong>j\u00f3venes y mayores, todo el a\u00f1o<\/strong>&nbsp;!<\/p>\n\n\n\n<div class=\"wp-block-buttons is-layout-flex wp-block-buttons-is-layout-flex\">\n<div class=\"wp-block-button\"><a class=\"wp-block-button__link wp-element-button\" href=\"https:\/\/bassin-arcachon.com\/es\/todos-los-circuitos\/\">Todas nuestras rutas en bicicleta<\/a><\/div>\n<\/div>\n\n\n\n<div style=\"height:20px\" aria-hidden=\"true\" class=\"wp-block-spacer\"><\/div>\n<\/div><\/div>\n\n\n\n<div class=\"wp-block-uagb-container uagb-block-18fa2886 alignfull uagb-is-root-container\"><div class=\"uagb-container-inner-blocks-wrap\">\n<div class=\"moisparmois-carousel-wrapper\" id=\"moisparmois-carousel-69f10540286aa\"\n     data-slides-per-view=\"3\"\n     data-show-navigation=\"true\"\n     data-show-pagination=\"true\"\n     data-speed=\"800\"\n     data-autoplay=\"true\"\n     data-autoplay-delay=\"3000\"\n     data-posts-per-page=\"8\">\n\n    <!-- Tabs de filtrage -->\n    <div class=\"moisparmois-tabs\">\n                    <button class=\"tab-mois active\"\n                    data-mois=\"Avril\"\n                    data-mois-slug=\"avril\">\n                Abril            <\/button>\n                    <button class=\"tab-mois\"\n                    data-mois=\"Mai\"\n                    data-mois-slug=\"mai\">\n                Mayo            <\/button>\n                    <button class=\"tab-mois\"\n                    data-mois=\"Juin\"\n                    data-mois-slug=\"juin\">\n                Junio            <\/button>\n            <\/div>\n\n    <!-- Spinner de chargement AJAX -->\n    <div class=\"moisparmois-spinner\" style=\"display:none;\">\n        <div class=\"spinner\">\n            <div class=\"bounce1\"><\/div>\n            <div class=\"bounce2\"><\/div>\n            <div class=\"bounce3\"><\/div>\n        <\/div>\n    <\/div>\n\n    <!-- Carrousel Swiper -->\n    <div class=\"swiper moisparmois-carousel\" data-block-id=\"moisparmois-carousel-69f10540286aa\">\n        <div class=\"swiper-wrapper\">\n                                <div class=\"swiper-slide\">\n                        <a href=\"https:\/\/bassin-arcachon.com\/es\/mois-par-mois\/?moisfilter=avril\" class=\"slide-link\">\n                                                            <div class=\"slide-image\">\n                                    <img loading=\"lazy\" decoding=\"async\" width=\"472\" height=\"472\" src=\"https:\/\/bassin-arcachon.com\/wp-content\/uploads\/2022\/11\/Sans-titre-20.jpg\" class=\"attachment-large size-large wp-post-image\" alt=\"- - Bassin d&#039;Arcachon\" srcset=\"https:\/\/bassin-arcachon.com\/wp-content\/uploads\/2022\/11\/Sans-titre-20.jpg 472w, https:\/\/bassin-arcachon.com\/wp-content\/uploads\/2022\/11\/Sans-titre-20-150x150.jpg 150w, https:\/\/bassin-arcachon.com\/wp-content\/uploads\/2022\/11\/Sans-titre-20-12x12.jpg 12w\" sizes=\"auto, (max-width: 472px) 100vw, 472px\" title=\"- - Bassin d&#039;Arcachon\">                                <\/div>\n                                                        <h3 class=\"slide-title\">Deshazte de tu abrigo de invierno<\/h3>\n                        <\/a>\n                    <\/div>\n                                        <div class=\"swiper-slide\">\n                        <a href=\"https:\/\/bassin-arcachon.com\/es\/mois-par-mois\/?moisfilter=avril\" class=\"slide-link\">\n                                                            <div class=\"slide-image\">\n                                    <img loading=\"lazy\" decoding=\"async\" width=\"1024\" height=\"1024\" src=\"https:\/\/bassin-arcachon.com\/wp-content\/uploads\/2021\/03\/Agence-les-Conteurs-2_vcarr\u00e9-1024x1024.jpg\" class=\"attachment-large size-large wp-post-image\" alt=\"- - Bassin d&#039;Arcachon\" srcset=\"https:\/\/bassin-arcachon.com\/wp-content\/uploads\/2021\/03\/Agence-les-Conteurs-2_vcarr\u00e9-1024x1024.jpg 1024w, https:\/\/bassin-arcachon.com\/wp-content\/uploads\/2021\/03\/Agence-les-Conteurs-2_vcarr\u00e9-600x600.jpg 600w, https:\/\/bassin-arcachon.com\/wp-content\/uploads\/2021\/03\/Agence-les-Conteurs-2_vcarr\u00e9-150x150.jpg 150w, https:\/\/bassin-arcachon.com\/wp-content\/uploads\/2021\/03\/Agence-les-Conteurs-2_vcarr\u00e9-768x768.jpg 768w, https:\/\/bassin-arcachon.com\/wp-content\/uploads\/2021\/03\/Agence-les-Conteurs-2_vcarr\u00e9-12x12.jpg 12w, https:\/\/bassin-arcachon.com\/wp-content\/uploads\/2021\/03\/Agence-les-Conteurs-2_vcarr\u00e9.jpg 1487w\" sizes=\"auto, (max-width: 1024px) 100vw, 1024px\" title=\"- - Bassin d&#039;Arcachon\">                                <\/div>\n                                                        <h3 class=\"slide-title\">Busca huevos de Pascua<\/h3>\n                        <\/a>\n                    <\/div>\n                                        <div class=\"swiper-slide\">\n                        <a href=\"https:\/\/bassin-arcachon.com\/es\/mois-par-mois\/?moisfilter=avril\" class=\"slide-link\">\n                                                            <div class=\"slide-image\">\n                                    <img loading=\"lazy\" decoding=\"async\" width=\"480\" height=\"480\" src=\"https:\/\/bassin-arcachon.com\/wp-content\/uploads\/2021\/04\/Eric-Boulomie.jpg\" class=\"attachment-large size-large wp-post-image\" alt=\"- - Bassin d&#039;Arcachon\" srcset=\"https:\/\/bassin-arcachon.com\/wp-content\/uploads\/2021\/04\/Eric-Boulomie.jpg 480w, https:\/\/bassin-arcachon.com\/wp-content\/uploads\/2021\/04\/Eric-Boulomie-150x150.jpg 150w, https:\/\/bassin-arcachon.com\/wp-content\/uploads\/2021\/04\/Eric-Boulomie-12x12.jpg 12w\" sizes=\"auto, (max-width: 480px) 100vw, 480px\" title=\"- - Bassin d&#039;Arcachon\">                                <\/div>\n                                                        <h3 class=\"slide-title\">Conoce a nuestros artistas locales<\/h3>\n                        <\/a>\n                    <\/div>\n                                        <div class=\"swiper-slide\">\n                        <a href=\"https:\/\/bassin-arcachon.com\/es\/mois-par-mois\/?moisfilter=avril\" class=\"slide-link\">\n                                                            <div class=\"slide-image\">\n                                    <img loading=\"lazy\" decoding=\"async\" width=\"1024\" height=\"1024\" src=\"https:\/\/bassin-arcachon.com\/wp-content\/uploads\/2022\/02\/honey-bees-g71f8bcd76_1920-1-1024x1024.jpg\" class=\"attachment-large size-large wp-post-image\" alt=\"- - Bassin d&#039;Arcachon\" srcset=\"https:\/\/bassin-arcachon.com\/wp-content\/uploads\/2022\/02\/honey-bees-g71f8bcd76_1920-1-1024x1024.jpg 1024w, https:\/\/bassin-arcachon.com\/wp-content\/uploads\/2022\/02\/honey-bees-g71f8bcd76_1920-1-600x600.jpg 600w, https:\/\/bassin-arcachon.com\/wp-content\/uploads\/2022\/02\/honey-bees-g71f8bcd76_1920-1-150x150.jpg 150w, https:\/\/bassin-arcachon.com\/wp-content\/uploads\/2022\/02\/honey-bees-g71f8bcd76_1920-1-768x768.jpg 768w, https:\/\/bassin-arcachon.com\/wp-content\/uploads\/2022\/02\/honey-bees-g71f8bcd76_1920-1-12x12.jpg 12w, https:\/\/bassin-arcachon.com\/wp-content\/uploads\/2022\/02\/honey-bees-g71f8bcd76_1920-1.jpg 1217w\" sizes=\"auto, (max-width: 1024px) 100vw, 1024px\" title=\"- - Bassin d&#039;Arcachon\">                                <\/div>\n                                                        <h3 class=\"slide-title\">Ac\u00e9rcate a las colmenas<\/h3>\n                        <\/a>\n                    <\/div>\n                                        <div class=\"swiper-slide\">\n                        <a href=\"https:\/\/bassin-arcachon.com\/es\/mois-par-mois\/?moisfilter=avril\" class=\"slide-link\">\n                                                            <div class=\"slide-image\">\n                                    <img loading=\"lazy\" decoding=\"async\" width=\"507\" height=\"507\" src=\"https:\/\/bassin-arcachon.com\/wp-content\/uploads\/2021\/04\/Agence-les-Conteurs-Recadr\u00e9-1.jpg\" class=\"attachment-large size-large wp-post-image\" alt=\"- - Bassin d&#039;Arcachon\" srcset=\"https:\/\/bassin-arcachon.com\/wp-content\/uploads\/2021\/04\/Agence-les-Conteurs-Recadr\u00e9-1.jpg 507w, https:\/\/bassin-arcachon.com\/wp-content\/uploads\/2021\/04\/Agence-les-Conteurs-Recadr\u00e9-1-150x150.jpg 150w, https:\/\/bassin-arcachon.com\/wp-content\/uploads\/2021\/04\/Agence-les-Conteurs-Recadr\u00e9-1-12x12.jpg 12w\" sizes=\"auto, (max-width: 507px) 100vw, 507px\" title=\"- - Bassin d&#039;Arcachon\">                                <\/div>\n                                                        <h3 class=\"slide-title\">Moverse en bicicleta<\/h3>\n                        <\/a>\n                    <\/div>\n                                        <div class=\"swiper-slide\">\n                        <a href=\"https:\/\/bassin-arcachon.com\/es\/mois-par-mois\/?moisfilter=avril\" class=\"slide-link\">\n                                                            <div class=\"slide-image\">\n                                    <img loading=\"lazy\" decoding=\"async\" width=\"472\" height=\"472\" src=\"https:\/\/bassin-arcachon.com\/wp-content\/uploads\/2022\/10\/Sans-titre-19.jpg\" class=\"attachment-large size-large wp-post-image\" alt=\"- - Bassin d&#039;Arcachon\" srcset=\"https:\/\/bassin-arcachon.com\/wp-content\/uploads\/2022\/10\/Sans-titre-19.jpg 472w, https:\/\/bassin-arcachon.com\/wp-content\/uploads\/2022\/10\/Sans-titre-19-150x150.jpg 150w, https:\/\/bassin-arcachon.com\/wp-content\/uploads\/2022\/10\/Sans-titre-19-12x12.jpg 12w\" sizes=\"auto, (max-width: 472px) 100vw, 472px\" title=\"- - Bassin d&#039;Arcachon\">                                <\/div>\n                                                        <h3 class=\"slide-title\">Convi\u00e9rtete en verdaderos aventureros<\/h3>\n                        <\/a>\n                    <\/div>\n                                        <div class=\"swiper-slide\">\n                        <a href=\"https:\/\/bassin-arcachon.com\/es\/mois-par-mois\/?moisfilter=avril\" class=\"slide-link\">\n                                                            <div class=\"slide-image\">\n                                    <img loading=\"lazy\" decoding=\"async\" width=\"423\" height=\"423\" src=\"https:\/\/bassin-arcachon.com\/wp-content\/uploads\/2021\/04\/G.-CASSIAU-recadr\u00e9-poids.jpg\" class=\"attachment-large size-large wp-post-image\" alt=\"- - Bassin d&#039;Arcachon\" srcset=\"https:\/\/bassin-arcachon.com\/wp-content\/uploads\/2021\/04\/G.-CASSIAU-recadr\u00e9-poids.jpg 423w, https:\/\/bassin-arcachon.com\/wp-content\/uploads\/2021\/04\/G.-CASSIAU-recadr\u00e9-poids-150x150.jpg 150w, https:\/\/bassin-arcachon.com\/wp-content\/uploads\/2021\/04\/G.-CASSIAU-recadr\u00e9-poids-12x12.jpg 12w\" sizes=\"auto, (max-width: 423px) 100vw, 423px\" title=\"- - Bassin d&#039;Arcachon\">                                <\/div>\n                                                        <h3 class=\"slide-title\">Observar la vida silvestre<\/h3>\n                        <\/a>\n                    <\/div>\n                            <\/div>\n\n        <!-- Pagination -->\n                    <div class=\"swiper-pagination\"><\/div>\n            <\/div>\n\n    <!-- Navigation (fl\u00e8ches) en dehors du swiper -->\n            <div class=\"swiper-button-prev\">\n            <img decoding=\"async\" src=\"https:\/\/bassin-arcachon.com\/wp-content\/themes\/bassin-arcachon\/library\/blocks\/moisparmois-carousel\/chevron-droit.png\" alt=\"Anterior\" title=\"- - Bassin d&#039;Arcachon\">\n        <\/div>\n        <div class=\"swiper-button-next\">\n            <img decoding=\"async\" src=\"https:\/\/bassin-arcachon.com\/wp-content\/themes\/bassin-arcachon\/library\/blocks\/moisparmois-carousel\/chevron-droit.png\" alt=\"Pr\u00f3ximo\" title=\"- - Bassin d&#039;Arcachon\">\n        <\/div>\n    <\/div>\n\n\n\n\n<div class=\"wp-block-buttons is-content-justification-center is-layout-flex wp-container-core-buttons-is-layout-16018d1d wp-block-buttons-is-layout-flex\">\n<div class=\"wp-block-button\"><a class=\"wp-block-button__link wp-element-button\" href=\"\/es\/mes-a-mes\/\">El Bassin d'Arcachon, cada mes<\/a><\/div>\n<\/div>\n<\/div><\/div>\n\n\n\n<div class=\"wp-block-uagb-container bloc_incont saisonleft uagb-block-a82ec32a alignfull uagb-is-root-container\"><div class=\"uagb-container-inner-blocks-wrap\">\n<div style=\"height:20px\" aria-hidden=\"true\" class=\"wp-block-spacer\"><\/div>\n\n\n\n<h2 class=\"wp-block-heading\"><strong><strong>Un soplo de aire fresco del mar o bajo los pinos<\/strong><\/strong><\/h2>\n\n\n\n<div class=\"wp-block-uagb-image uagb-block-1df07da0 wp-block-uagb-image--layout-default wp-block-uagb-image--effect-static wp-block-uagb-image--align-none photo_incont\"><figure class=\"wp-block-uagb-image__figure\"><img decoding=\"async\" srcset=\"https:\/\/bassin-arcachon.com\/wp-content\/uploads\/2026\/01\/Yoga-Claouey.png ,https:\/\/bassin-arcachon.com\/wp-content\/uploads\/2026\/01\/Yoga-Claouey.png 780w, https:\/\/bassin-arcachon.com\/wp-content\/uploads\/2026\/01\/Yoga-Claouey.png 360w\" sizes=\"auto, (max-width: 480px) 150px\" src=\"https:\/\/bassin-arcachon.com\/wp-content\/uploads\/2026\/01\/Yoga-Claouey.png\" alt=\"4 personas haciendo yoga en Claouey, frente a Bassin en marea baja\" class=\"uag-image-224263\" width=\"1024\" height=\"448\" title=\"Yoga Claouey\" loading=\"lazy\" role=\"img\"\/><\/figure><\/div>\n\n\n\n<p>L\u2019air est encore frais, et c\u2019est ce qui est bon&nbsp;: <strong>l\u2019occasion ou jamais de faire un break&nbsp;!<\/strong><\/p>\n\n\n\n<p><strong>Una experiencia \u00edntima<\/strong>&nbsp;en el marco natural \u00fanico de Bassin en Arcachon. Acompa\u00f1ado por <strong>profesionales - profesor de yoga, entrenador deportivo o de desarrollo personal, natur\u00f3pata...<\/strong> - disfrutar de una meditaci\u00f3n en la playa, una sesi\u00f3n de yoga entre los pinos, una siesta en la terraza con vistas al Bassin...<br><strong>Saldr\u00e1s relajado y descansado, con un solo deseo: \u00a1volver!<\/strong><\/p>\n\n\n\n<p>Recargar las pilas tambi\u00e9n significa<strong> disfrute a vista de p\u00e1jaro de nuestros miradores m\u00e1s bellos<\/strong> desde lo alto de la Duna m\u00e1s alta de Europa: nuestro<strong> <a href=\"https:\/\/ladunedupilat.com\/\" target=\"_blank\" rel=\"noopener\">la duna de Pilat,<\/a><\/strong> a <strong><a href=\"https:\/\/tourisme-latestedebuch.com\/\" target=\"_blank\" rel=\"noopener\">La Teste de Buch<\/a><\/strong>, desde el (flamante) <strong><a href=\"https:\/\/leteich-ecotourisme.fr\/incontournables\/teich\/belvedereduteich\/\" target=\"_blank\" rel=\"noopener\">B\u00e9lv\u00e8d\u00e8re du Teich<\/a><\/strong> o de nuestro emblem\u00e1tico <strong><a href=\"https:\/\/bassin-arcachon.com\/es\/nuestros-elementos-esenciales\/el-faro-y-la-punta-de-cap-ferret\/\">Faro de Cap-Ferret<\/a><\/strong> !<\/p>\n\n\n\n<div class=\"wp-block-buttons is-layout-flex wp-block-buttons-is-layout-flex\">\n<div class=\"wp-block-button\"><a class=\"wp-block-button__link wp-element-button\" href=\"https:\/\/bassin-arcachon.com\/es\/descarga-nuestra-aplicacion\/\">Nuestros profesionales est\u00e1n en la aplicaci\u00f3n Bassin en Arcachon<\/a><\/div>\n<\/div>\n<\/div><\/div>\n\n\n\n<div class=\"wp-block-uagb-container bloc_incont uagb-block-4ba99753 alignfull uagb-is-root-container\"><div class=\"uagb-container-inner-blocks-wrap\">\n<h2 class=\"wp-block-heading\">No se lo pierda.<\/h2>\n<\/div><\/div>\n\n\n\n<div class=\"wp-block-uagb-container uagb-block-48f98474 alignfull uagb-is-root-container\"><div class=\"uagb-container-inner-blocks-wrap\">\n<div class=\"wp-block-uagb-container uagb-block-a96b7bce\">\n<figure class=\"wp-block-image size-full\"><a href=\"#\"><img decoding=\"async\" src=\"https:\/\/bassin-arcachon.com\/wp-content\/uploads\/2026\/01\/Bazar-des-Momes-Printemps.png\" alt=\"- - Bassin d&#039;Arcachon\" style=\"aspect-ratio:1;object-fit:cover\" title=\"- - Bassin d&#039;Arcachon\"><\/a><\/figure>\n\n\n\n<h3 class=\"wp-block-heading has-text-align-center\"><strong><a href=\"https:\/\/lebazardesmomes.wordpress.com\/\" target=\"_blank\" rel=\"noreferrer noopener\">Le Bazar des M\u00f4mes<\/a><\/strong><\/h3>\n<\/div>\n\n\n\n<div class=\"wp-block-uagb-container uagb-block-e04e9892\">\n<figure class=\"wp-block-image size-full\"><img loading=\"lazy\" decoding=\"async\" width=\"1707\" height=\"2560\" src=\"https:\/\/bassin-arcachon.com\/wp-content\/uploads\/2026\/03\/image00004-scaled.jpeg\" alt=\"- - Bassin d&#039;Arcachon\" class=\"wp-image-241199\" style=\"aspect-ratio:1;object-fit:cover\" title=\"- - Bassin d&#039;Arcachon\" srcset=\"https:\/\/bassin-arcachon.com\/wp-content\/uploads\/2026\/03\/image00004-scaled.jpeg 1707w, https:\/\/bassin-arcachon.com\/wp-content\/uploads\/2026\/03\/image00004-400x600.jpeg 400w, https:\/\/bassin-arcachon.com\/wp-content\/uploads\/2026\/03\/image00004-683x1024.jpeg 683w, https:\/\/bassin-arcachon.com\/wp-content\/uploads\/2026\/03\/image00004-768x1152.jpeg 768w, https:\/\/bassin-arcachon.com\/wp-content\/uploads\/2026\/03\/image00004-1024x1536.jpeg 1024w, https:\/\/bassin-arcachon.com\/wp-content\/uploads\/2026\/03\/image00004-1365x2048.jpeg 1365w, https:\/\/bassin-arcachon.com\/wp-content\/uploads\/2026\/03\/image00004-8x12.jpeg 8w\" sizes=\"auto, (max-width: 1707px) 100vw, 1707px\" \/><\/figure>\n\n\n\n<h3 class=\"wp-block-heading has-text-align-center\"><a href=\"https:\/\/www.territoires-sauvages.fr\/\" target=\"_blank\" rel=\"noreferrer noopener\"><strong>Territoires Sauvages<\/strong><\/a><\/h3>\n<\/div>\n\n\n\n<div class=\"wp-block-uagb-container uagb-block-5ca79c66\">\n<figure class=\"wp-block-image size-full\"><a href=\"#\"><img loading=\"lazy\" decoding=\"async\" width=\"742\" height=\"400\" src=\"https:\/\/bassin-arcachon.com\/wp-content\/uploads\/2017\/03\/salon-nautique-darcachon.jpeg\" alt=\"- - Bassin d&#039;Arcachon\" class=\"wp-image-620\" style=\"aspect-ratio:1;object-fit:cover\" title=\"- - Bassin d&#039;Arcachon\" srcset=\"https:\/\/bassin-arcachon.com\/wp-content\/uploads\/2017\/03\/salon-nautique-darcachon.jpeg 742w, https:\/\/bassin-arcachon.com\/wp-content\/uploads\/2017\/03\/salon-nautique-darcachon-600x323.jpeg 600w, https:\/\/bassin-arcachon.com\/wp-content\/uploads\/2017\/03\/salon-nautique-darcachon-18x10.jpeg 18w\" sizes=\"auto, (max-width: 742px) 100vw, 742px\" \/><\/a><\/figure>\n\n\n\n<h3 class=\"wp-block-heading has-text-align-center\"><strong><a href=\"https:\/\/www.arcachon.com\/port\/salon-nautique\/\" target=\"_blank\" rel=\"noreferrer noopener\">Sal\u00f3n N\u00e1utico de Arcach\u00f3n<\/a><\/strong><\/h3>\n<\/div>\n<\/div><\/div>\n\n\n\n<div class=\"wp-block-uagb-container bloc_incont saisonright uagb-block-14725422 alignfull uagb-is-root-container\"><div class=\"uagb-container-inner-blocks-wrap\">\n<div style=\"height:40px\" aria-hidden=\"true\" class=\"wp-block-spacer\"><\/div>\n\n\n\n<h2 class=\"wp-block-heading\"><strong><strong>Pruebe nuestros dulces locales... \u00a1dulces y yodados!<\/strong><\/strong><\/h2>\n\n\n\n<div class=\"wp-block-uagb-image uagb-block-b2cf5dd8 wp-block-uagb-image--layout-default wp-block-uagb-image--effect-static wp-block-uagb-image--align-none photo_incont\"><figure class=\"wp-block-uagb-image__figure\"><img decoding=\"async\" srcset=\"https:\/\/bassin-arcachon.com\/wp-content\/uploads\/2026\/03\/Degustation-dhuitres-Printemps.png ,https:\/\/bassin-arcachon.com\/wp-content\/uploads\/2026\/03\/Degustation-dhuitres-Printemps.png 780w, https:\/\/bassin-arcachon.com\/wp-content\/uploads\/2026\/03\/Degustation-dhuitres-Printemps.png 360w\" sizes=\"auto, (max-width: 480px) 150px\" src=\"https:\/\/bassin-arcachon.com\/wp-content\/uploads\/2026\/03\/Degustation-dhuitres-Printemps.png\" alt=\"Mesa con un plato de ostras, gambas y copas de vino\" class=\"uag-image-241203\" width=\"1024\" height=\"448\" title=\"Degustaci\u00f3n de ostras - Primavera\" loading=\"lazy\" role=\"img\"\/><\/figure><\/div>\n\n\n\n<p>Desde <strong>ostras junto al mar, o chocolate para Pascua<\/strong>&nbsp;la primavera es el momento perfecto para darse un capricho <\/p>\n\n\n\n<p>Aprovechamos <strong>chozas de ostras frente a Bassin<\/strong> como los que se encuentran en los puertos <strong><a href=\"https:\/\/www.andernos-tourisme.fr\/\" target=\"_blank\" rel=\"noopener\">d'Andernos<\/a><\/strong>, <strong><a href=\"https:\/\/www.ares-tourisme.com\/\" target=\"_blank\" rel=\"noopener\">de Ar\u00e8s<\/a><\/strong> \u00a1y la Presqu'\u00cele! La lista de nuestras ostrer\u00edas se encuentra en <strong><a href=\"https:\/\/bassin-arcachon.com\/es\/descarga-nuestra-aplicacion\/\">La aplicaci\u00f3n Bassin de Arcachon<\/a><\/strong> !<\/p>\n\n\n\n<p><strong>Bassin est\u00e1 lleno de otras pepitas culinarias<\/strong>&nbsp;\u00a1que solo esperan ser conocidas y reconocidas tanto como sus hermanas! Entonces,&nbsp;<strong>\u00a1abre todos tus sentidos y s\u00edguenos en este viaje gourmet!<\/strong><\/p>\n\n\n\n<div class=\"wp-block-buttons is-layout-flex wp-block-buttons-is-layout-flex\">\n<div class=\"wp-block-button\"><a class=\"wp-block-button__link wp-element-button\" href=\"https:\/\/bassin-arcachon.com\/es\/hacer-una-comida-100-piscina\/\">Una comida 100% Bassin<\/a><\/div>\n<\/div>\n<\/div><\/div>","protected":false},"excerpt":{"rendered":"<p>Le printemps est l\u2019une des plus belles saisons pour explorer le Bassin d\u2019Arcachon.Les journ\u00e9es rallongent, la nature reprend, le soleil est de retour : c\u2019est la saison id\u00e9ale pour (re)d\u00e9couvrir [&hellip;]<\/p>\n","protected":false},"author":300,"featured_media":249264,"parent":33,"menu_order":0,"comment_status":"closed","ping_status":"closed","template":"","meta":{"_acf_changed":false,"_uag_custom_page_level_css":"","footnotes":""},"class_list":["post-214126","page","type-page","status-publish","has-post-thumbnail","hentry"],"acf":[],"uagb_featured_image_src":{"full":["https:\/\/bassin-arcachon.com\/wp-content\/uploads\/2026\/04\/Le-Teich-au-printemps-Karine-MEDINA.png",1800,400,false],"thumbnail":["https:\/\/bassin-arcachon.com\/wp-content\/uploads\/2026\/04\/Le-Teich-au-printemps-Karine-MEDINA-150x150.png",150,150,true],"medium":["https:\/\/bassin-arcachon.com\/wp-content\/uploads\/2026\/04\/Le-Teich-au-printemps-Karine-MEDINA-600x133.png",600,133,true],"medium_large":["https:\/\/bassin-arcachon.com\/wp-content\/uploads\/2026\/04\/Le-Teich-au-printemps-Karine-MEDINA-768x171.png",768,171,true],"large":["https:\/\/bassin-arcachon.com\/wp-content\/uploads\/2026\/04\/Le-Teich-au-printemps-Karine-MEDINA-1024x228.png",1024,228,true],"1536x1536":["https:\/\/bassin-arcachon.com\/wp-content\/uploads\/2026\/04\/Le-Teich-au-printemps-Karine-MEDINA-1536x341.png",1536,341,true],"2048x2048":["https:\/\/bassin-arcachon.com\/wp-content\/uploads\/2026\/04\/Le-Teich-au-printemps-Karine-MEDINA.png",1800,400,false],"trp-custom-language-flag":["https:\/\/bassin-arcachon.com\/wp-content\/uploads\/2026\/04\/Le-Teich-au-printemps-Karine-MEDINA-18x4.png",18,4,true]},"uagb_author_info":{"display_name":"dfuzionadmin","author_link":"https:\/\/bassin-arcachon.com\/es\/author\/dfuzionadmin\/"},"uagb_comment_info":0,"uagb_excerpt":"Le printemps est l\u2019une des plus belles saisons pour explorer le Bassin d\u2019Arcachon.Les journ\u00e9es rallongent, la nature reprend, le soleil est de retour : c\u2019est la saison id\u00e9ale pour (re)d\u00e9couvrir [&hellip;]","_links":{"self":[{"href":"https:\/\/bassin-arcachon.com\/es\/wp-json\/wp\/v2\/pages\/214126","targetHints":{"allow":["GET"]}}],"collection":[{"href":"https:\/\/bassin-arcachon.com\/es\/wp-json\/wp\/v2\/pages"}],"about":[{"href":"https:\/\/bassin-arcachon.com\/es\/wp-json\/wp\/v2\/types\/page"}],"author":[{"embeddable":true,"href":"https:\/\/bassin-arcachon.com\/es\/wp-json\/wp\/v2\/users\/300"}],"replies":[{"embeddable":true,"href":"https:\/\/bassin-arcachon.com\/es\/wp-json\/wp\/v2\/comments?post=214126"}],"version-history":[{"count":79,"href":"https:\/\/bassin-arcachon.com\/es\/wp-json\/wp\/v2\/pages\/214126\/revisions"}],"predecessor-version":[{"id":248444,"href":"https:\/\/bassin-arcachon.com\/es\/wp-json\/wp\/v2\/pages\/214126\/revisions\/248444"}],"up":[{"embeddable":true,"href":"https:\/\/bassin-arcachon.com\/es\/wp-json\/wp\/v2\/pages\/33"}],"wp:featuredmedia":[{"embeddable":true,"href":"https:\/\/bassin-arcachon.com\/es\/wp-json\/wp\/v2\/media\/249264"}],"wp:attachment":[{"href":"https:\/\/bassin-arcachon.com\/es\/wp-json\/wp\/v2\/media?parent=214126"}],"curies":[{"name":"wp","href":"https:\/\/api.w.org\/{rel}","templated":true}]}}