{"id":224917,"date":"2026-01-21T17:04:36","date_gmt":"2026-01-21T16:04:36","guid":{"rendered":"https:\/\/bassin-arcachon.com\/?page_id=224917"},"modified":"2026-04-23T11:06:40","modified_gmt":"2026-04-23T09:06:40","slug":"la-piscina-en-otono","status":"publish","type":"page","link":"https:\/\/bassin-arcachon.com\/es\/le-bassin-a-toute-saison\/le-bassin-en-automne\/","title":{"rendered":"Bassin en oto\u00f1o"},"content":{"rendered":"<div class=\"wp-block-uagb-container uagb-block-34bd16ab alignfull uagb-is-root-container\"><div class=\"uagb-container-inner-blocks-wrap\">\n<p>L\u2019automne est une saison douce et lumineuse sur le Bassin d\u2019Arcachon.<br>Les couleurs changent, les lumi\u00e8res deviennent plus dor\u00e9es, et le rythme ralentit. C\u2019est le moment id\u00e9al pour profiter du territoire autrement : plus calme, plus intime, plus authentique. Entre nature flamboyante, plaisirs gourmands et grands bols d\u2019air, l\u2019automne r\u00e9v\u00e8le une autre facette du Bassin.<\/p>\n<\/div><\/div>\n\n\n\n<div class=\"wp-block-uagb-container bloc_incont saisonleft uagb-block-ab8931c8 alignfull uagb-is-root-container\"><div class=\"uagb-container-inner-blocks-wrap\">\n<div style=\"height:20px\" aria-hidden=\"true\" class=\"wp-block-spacer\"><\/div>\n\n\n\n<h2 class=\"wp-block-heading\"><strong>S\u2019\u00e9merveiller des plus belles lumi\u00e8res du Bassin<\/strong><\/h2>\n\n\n\n<figure class=\"wp-block-image size-full is-resized\"><img loading=\"lazy\" decoding=\"async\" width=\"700\" height=\"355\" src=\"https:\/\/bassin-arcachon.com\/wp-content\/uploads\/2026\/04\/vue-mimbeau.png\" alt=\"Jeune femme de dos regardant un coucher de soleil face au Mimbeau et \u00e0 la Dune du Pilat\" class=\"wp-image-245318\" style=\"width:798px;height:auto\" title=\"- - Bassin d&#039;Arcachon\" srcset=\"https:\/\/bassin-arcachon.com\/wp-content\/uploads\/2026\/04\/vue-mimbeau.png 700w, https:\/\/bassin-arcachon.com\/wp-content\/uploads\/2026\/04\/vue-mimbeau-600x304.png 600w, https:\/\/bassin-arcachon.com\/wp-content\/uploads\/2026\/04\/vue-mimbeau-18x9.png 18w\" sizes=\"auto, (max-width: 700px) 100vw, 700px\" \/><figcaption class=\"wp-element-caption\"><strong>\u00a9<\/strong> Charlotte DUCAMIN<\/figcaption><\/figure>\n\n\n\n<p>Vous voulez qu&rsquo;on vous dise un secret ? <strong>Les plus belles lumi\u00e8res du Bassin, c&rsquo;est \u00e0 l&rsquo;automne qu&rsquo;elles s&rsquo;observent ! <\/strong><\/p>\n\n\n\n<p>Plus basse, plus douce, plus dor\u00e9e, <strong>elles subliment les paysages du Bassin du lever au coucher du soleil<\/strong>. Les reflets sur l\u2019eau, les silhouettes des pins et les cabanes ostr\u00e9icoles prennent une dimension presque irr\u00e9elle.<\/p>\n\n\n\n<p>Les couchers de soleil y sont particuli\u00e8rement spectaculaires : <strong>depuis une plage, un port ou la Dune du Pilat, chaque fin de journ\u00e9e devient un moment suspendu.<\/strong><\/p>\n\n\n\n<p><strong>Un conseil : <\/strong>prenez le temps. C\u2019est souvent en ralentissant que l\u2019on capte les plus belles lumi\u00e8res.<\/p>\n\n\n\n<div class=\"wp-block-buttons is-layout-flex wp-block-buttons-is-layout-flex\">\n<div class=\"wp-block-button\"><a class=\"wp-block-button__link wp-element-button\" href=\"https:\/\/bassin-arcachon.com\/es\/nuestros-elementos-esenciales\/las-playas\/\" target=\"_blank\" rel=\"noreferrer noopener\"><strong>Nos meilleurs spots en bord de mer<\/strong><\/a><\/div>\n<\/div>\n<\/div><\/div>\n\n\n\n<div class=\"wp-block-uagb-container bloc_incont saisonright uagb-block-dda36c77 alignfull uagb-is-root-container\"><div class=\"uagb-container-inner-blocks-wrap\">\n<h2 class=\"wp-block-heading\"><strong><strong>Faire le Tour du Bassin \u00e0 v\u00e9lo<\/strong><\/strong><\/h2>\n\n\n\n<div class=\"wp-block-uagb-image uagb-block-7c873ad2 wp-block-uagb-image--layout-default wp-block-uagb-image--effect-static wp-block-uagb-image--align-none photo_incont\"><figure class=\"wp-block-uagb-image__figure\"><img decoding=\"async\" srcset=\"https:\/\/bassin-arcachon.com\/wp-content\/uploads\/2026\/04\/Velo-a-lautomne-Gregory-Cassiau.png ,https:\/\/bassin-arcachon.com\/wp-content\/uploads\/2026\/04\/Velo-a-lautomne-Gregory-Cassiau.png 780w, https:\/\/bassin-arcachon.com\/wp-content\/uploads\/2026\/04\/Velo-a-lautomne-Gregory-Cassiau.png 360w\" sizes=\"auto, (max-width: 480px) 150px\" src=\"https:\/\/bassin-arcachon.com\/wp-content\/uploads\/2026\/04\/Velo-a-lautomne-Gregory-Cassiau.png\" alt=\"3 jeunes femmes \u00e0 v\u00e9lo devant le Phare du Cap Ferret\" class=\"uag-image-245553\" width=\"1024\" height=\"448\" title=\"V\u00e9lo \u00e0 l'automne - Gr\u00e9gory Cassiau\" loading=\"lazy\" role=\"img\"\/><\/figure><\/div>\n\n\n\n<p><strong>L&rsquo;automne<\/strong>, comme <strong>le printemps<\/strong>, sont les 2 meilleures saisons pour d\u00e9couvrir le Bassin et se lancer le <strong><a href=\"https:\/\/bassin-arcachon.com\/es\/tu-reto-de-primavera-dar-la-vuelta-a-la-cuenca-en-bicicleta\/\">d\u00e9fi du tour du Bassin \u00e0 v\u00e9lo<\/a><\/strong> ! <\/p>\n\n\n\n<p>Avec des <strong>temp\u00e9ratures id\u00e9ales et une fr\u00e9quentation plus douce<\/strong>, c\u2019est le moment parfait pour parcourir les <strong>63 km du tour du Bassin \u00e0 v\u00e9lo.<\/strong> En une journ\u00e9e pour <strong>les plus sportifs, ou en itin\u00e9rance pour ceux qui veulent savourer chaque \u00e9tape.<\/strong><\/p>\n\n\n\n<p>Entre <strong>pistes cyclables ombrag\u00e9es<\/strong>, <strong>ports ostr\u00e9icoles, villages typiques<\/strong> \u00e0 supprimer<strong> points de vue sur le Bassin<\/strong>, le parcours offre une immersion compl\u00e8te dans le territoire.<\/p>\n\n\n\n<p>Pas motiv\u00e9 pour faire le tour? Aucun souci, plusieurs petits circuits (plus ou moins longs) sont \u00e9galement accessibles sur le territoire ! \u00c0 chacun son rythme, mais une chose est s\u00fbre <strong>: l\u2019exp\u00e9rience vaut le d\u00e9tour.<\/strong><\/p>\n\n\n\n<div class=\"wp-block-buttons is-layout-flex wp-block-buttons-is-layout-flex\">\n<div class=\"wp-block-button\"><a class=\"wp-block-button__link wp-element-button\" href=\"https:\/\/bassin-arcachon.com\/es\/todos-los-circuitos\/\">Todas nuestras rutas en bicicleta<\/a><\/div>\n<\/div>\n\n\n\n<div style=\"height:20px\" aria-hidden=\"true\" class=\"wp-block-spacer\"><\/div>\n<\/div><\/div>\n\n\n\n<div class=\"wp-block-uagb-container uagb-block-18fa2886 alignfull uagb-is-root-container\"><div class=\"uagb-container-inner-blocks-wrap\">\n<div class=\"moisparmois-carousel-wrapper\" id=\"moisparmois-carousel-69f107e7cf30a\"\n     data-slides-per-view=\"3\"\n     data-show-navigation=\"true\"\n     data-show-pagination=\"true\"\n     data-speed=\"800\"\n     data-autoplay=\"true\"\n     data-autoplay-delay=\"3000\"\n     data-posts-per-page=\"8\">\n\n    <!-- Tabs de filtrage -->\n    <div class=\"moisparmois-tabs\">\n                    <button class=\"tab-mois active\"\n                    data-mois=\"Septembre\"\n                    data-mois-slug=\"septembre\">\n                Septiembre            <\/button>\n                    <button class=\"tab-mois\"\n                    data-mois=\"Octobre\"\n                    data-mois-slug=\"octobre\">\n                Octubre            <\/button>\n                    <button class=\"tab-mois\"\n                    data-mois=\"Novembre\"\n                    data-mois-slug=\"novembre\">\n                Noviembre            <\/button>\n            <\/div>\n\n    <!-- Spinner de chargement AJAX -->\n    <div class=\"moisparmois-spinner\" style=\"display:none;\">\n        <div class=\"spinner\">\n            <div class=\"bounce1\"><\/div>\n            <div class=\"bounce2\"><\/div>\n            <div class=\"bounce3\"><\/div>\n        <\/div>\n    <\/div>\n\n    <!-- Carrousel Swiper -->\n    <div class=\"swiper moisparmois-carousel\" data-block-id=\"moisparmois-carousel-69f107e7cf30a\">\n        <div class=\"swiper-wrapper\">\n                                <div class=\"swiper-slide\">\n                        <a href=\"https:\/\/bassin-arcachon.com\/es\/mois-par-mois\/?moisfilter=septembre\" class=\"slide-link\">\n                                                            <div class=\"slide-image\">\n                                    <img loading=\"lazy\" decoding=\"async\" width=\"500\" height=\"500\" src=\"https:\/\/bassin-arcachon.com\/wp-content\/uploads\/2021\/04\/Recadr\u00e9.jpg\" class=\"attachment-large size-large wp-post-image\" alt=\"- - Bassin d&#039;Arcachon\" srcset=\"https:\/\/bassin-arcachon.com\/wp-content\/uploads\/2021\/04\/Recadr\u00e9.jpg 500w, https:\/\/bassin-arcachon.com\/wp-content\/uploads\/2021\/04\/Recadr\u00e9-150x150.jpg 150w, https:\/\/bassin-arcachon.com\/wp-content\/uploads\/2021\/04\/Recadr\u00e9-12x12.jpg 12w\" sizes=\"auto, (max-width: 500px) 100vw, 500px\" title=\"- - Bassin d&#039;Arcachon\">                                <\/div>\n                                                        <h3 class=\"slide-title\">Surfea nuestras olas<\/h3>\n                        <\/a>\n                    <\/div>\n                                        <div class=\"swiper-slide\">\n                        <a href=\"https:\/\/bassin-arcachon.com\/es\/mois-par-mois\/?moisfilter=septembre\" class=\"slide-link\">\n                                                            <div class=\"slide-image\">\n                                    <img loading=\"lazy\" decoding=\"async\" width=\"1024\" height=\"1024\" src=\"https:\/\/bassin-arcachon.com\/wp-content\/uploads\/2022\/10\/canoe-leyre-E-bouloumie-1024x1024.jpg\" class=\"attachment-large size-large wp-post-image\" alt=\"- - Bassin d&#039;Arcachon\" srcset=\"https:\/\/bassin-arcachon.com\/wp-content\/uploads\/2022\/10\/canoe-leyre-E-bouloumie-1024x1024.jpg 1024w, https:\/\/bassin-arcachon.com\/wp-content\/uploads\/2022\/10\/canoe-leyre-E-bouloumie-600x600.jpg 600w, https:\/\/bassin-arcachon.com\/wp-content\/uploads\/2022\/10\/canoe-leyre-E-bouloumie-150x150.jpg 150w, https:\/\/bassin-arcachon.com\/wp-content\/uploads\/2022\/10\/canoe-leyre-E-bouloumie-768x768.jpg 768w, https:\/\/bassin-arcachon.com\/wp-content\/uploads\/2022\/10\/canoe-leyre-E-bouloumie-12x12.jpg 12w, https:\/\/bassin-arcachon.com\/wp-content\/uploads\/2022\/10\/canoe-leyre-E-bouloumie.jpg 1080w\" sizes=\"auto, (max-width: 1024px) 100vw, 1024px\" title=\"- - Bassin d&#039;Arcachon\">                                <\/div>\n                                                        <h3 class=\"slide-title\">Padel en el Leyre<\/h3>\n                        <\/a>\n                    <\/div>\n                                        <div class=\"swiper-slide\">\n                        <a href=\"https:\/\/bassin-arcachon.com\/es\/mois-par-mois\/?moisfilter=septembre\" class=\"slide-link\">\n                                                            <div class=\"slide-image\">\n                                    <img loading=\"lazy\" decoding=\"async\" width=\"1024\" height=\"1024\" src=\"https:\/\/bassin-arcachon.com\/wp-content\/uploads\/2022\/10\/cadences-2022-olivier-saint-laurans-1-1024x1024.jpg\" class=\"attachment-large size-large wp-post-image\" alt=\"- - Bassin d&#039;Arcachon\" srcset=\"https:\/\/bassin-arcachon.com\/wp-content\/uploads\/2022\/10\/cadences-2022-olivier-saint-laurans-1-1024x1024.jpg 1024w, https:\/\/bassin-arcachon.com\/wp-content\/uploads\/2022\/10\/cadences-2022-olivier-saint-laurans-1-600x600.jpg 600w, https:\/\/bassin-arcachon.com\/wp-content\/uploads\/2022\/10\/cadences-2022-olivier-saint-laurans-1-150x150.jpg 150w, https:\/\/bassin-arcachon.com\/wp-content\/uploads\/2022\/10\/cadences-2022-olivier-saint-laurans-1-768x768.jpg 768w, https:\/\/bassin-arcachon.com\/wp-content\/uploads\/2022\/10\/cadences-2022-olivier-saint-laurans-1-12x12.jpg 12w, https:\/\/bassin-arcachon.com\/wp-content\/uploads\/2022\/10\/cadences-2022-olivier-saint-laurans-1.jpg 1080w\" sizes=\"auto, (max-width: 1024px) 100vw, 1024px\" title=\"- - Bassin d&#039;Arcachon\">                                <\/div>\n                                                        <h3 class=\"slide-title\">Que los cuerpos se unan<\/h3>\n                        <\/a>\n                    <\/div>\n                                        <div class=\"swiper-slide\">\n                        <a href=\"https:\/\/bassin-arcachon.com\/es\/mois-par-mois\/?moisfilter=septembre\" class=\"slide-link\">\n                                                            <div class=\"slide-image\">\n                                    <img loading=\"lazy\" decoding=\"async\" width=\"1024\" height=\"1024\" src=\"https:\/\/bassin-arcachon.com\/wp-content\/uploads\/2022\/10\/casserons-bassin-arcachon-1024x1024.jpg\" class=\"attachment-large size-large wp-post-image\" alt=\"- - Bassin d&#039;Arcachon\" srcset=\"https:\/\/bassin-arcachon.com\/wp-content\/uploads\/2022\/10\/casserons-bassin-arcachon-1024x1024.jpg 1024w, https:\/\/bassin-arcachon.com\/wp-content\/uploads\/2022\/10\/casserons-bassin-arcachon-600x600.jpg 600w, https:\/\/bassin-arcachon.com\/wp-content\/uploads\/2022\/10\/casserons-bassin-arcachon-150x150.jpg 150w, https:\/\/bassin-arcachon.com\/wp-content\/uploads\/2022\/10\/casserons-bassin-arcachon-768x768.jpg 768w, https:\/\/bassin-arcachon.com\/wp-content\/uploads\/2022\/10\/casserons-bassin-arcachon-12x12.jpg 12w, https:\/\/bassin-arcachon.com\/wp-content\/uploads\/2022\/10\/casserons-bassin-arcachon.jpg 1080w\" sizes=\"auto, (max-width: 1024px) 100vw, 1024px\" title=\"- - Bassin d&#039;Arcachon\">                                <\/div>\n                                                        <h3 class=\"slide-title\">Cocine un pescado de aqu\u00ed<\/h3>\n                        <\/a>\n                    <\/div>\n                                        <div class=\"swiper-slide\">\n                        <a href=\"https:\/\/bassin-arcachon.com\/es\/mois-par-mois\/?moisfilter=septembre\" class=\"slide-link\">\n                                                            <div class=\"slide-image\">\n                                    <img loading=\"lazy\" decoding=\"async\" width=\"1024\" height=\"1024\" src=\"https:\/\/bassin-arcachon.com\/wp-content\/uploads\/2022\/10\/Marche-nordique-Strom-studio-1024x1024.jpg\" class=\"attachment-large size-large wp-post-image\" alt=\"- - Bassin d&#039;Arcachon\" srcset=\"https:\/\/bassin-arcachon.com\/wp-content\/uploads\/2022\/10\/Marche-nordique-Strom-studio-1024x1024.jpg 1024w, https:\/\/bassin-arcachon.com\/wp-content\/uploads\/2022\/10\/Marche-nordique-Strom-studio-600x600.jpg 600w, https:\/\/bassin-arcachon.com\/wp-content\/uploads\/2022\/10\/Marche-nordique-Strom-studio-150x150.jpg 150w, https:\/\/bassin-arcachon.com\/wp-content\/uploads\/2022\/10\/Marche-nordique-Strom-studio-768x768.jpg 768w, https:\/\/bassin-arcachon.com\/wp-content\/uploads\/2022\/10\/Marche-nordique-Strom-studio-12x12.jpg 12w, https:\/\/bassin-arcachon.com\/wp-content\/uploads\/2022\/10\/Marche-nordique-Strom-studio.jpg 1080w\" sizes=\"auto, (max-width: 1024px) 100vw, 1024px\" title=\"- - Bassin d&#039;Arcachon\">                                <\/div>\n                                                        <h3 class=\"slide-title\">Practica la marcha n\u00f3rdica<\/h3>\n                        <\/a>\n                    <\/div>\n                                        <div class=\"swiper-slide\">\n                        <a href=\"https:\/\/bassin-arcachon.com\/es\/mois-par-mois\/?moisfilter=septembre\" class=\"slide-link\">\n                                                            <div class=\"slide-image\">\n                                    <img loading=\"lazy\" decoding=\"async\" width=\"1024\" height=\"1024\" src=\"https:\/\/bassin-arcachon.com\/wp-content\/uploads\/2022\/10\/chantier-naval-bassin-arcachon-1024x1024.jpg\" class=\"attachment-large size-large wp-post-image\" alt=\"- - Bassin d&#039;Arcachon\" srcset=\"https:\/\/bassin-arcachon.com\/wp-content\/uploads\/2022\/10\/chantier-naval-bassin-arcachon-1024x1024.jpg 1024w, https:\/\/bassin-arcachon.com\/wp-content\/uploads\/2022\/10\/chantier-naval-bassin-arcachon-600x600.jpg 600w, https:\/\/bassin-arcachon.com\/wp-content\/uploads\/2022\/10\/chantier-naval-bassin-arcachon-150x150.jpg 150w, https:\/\/bassin-arcachon.com\/wp-content\/uploads\/2022\/10\/chantier-naval-bassin-arcachon-768x768.jpg 768w, https:\/\/bassin-arcachon.com\/wp-content\/uploads\/2022\/10\/chantier-naval-bassin-arcachon-12x12.jpg 12w, https:\/\/bassin-arcachon.com\/wp-content\/uploads\/2022\/10\/chantier-naval-bassin-arcachon.jpg 1080w\" sizes=\"auto, (max-width: 1024px) 100vw, 1024px\" title=\"- - Bassin d&#039;Arcachon\">                                <\/div>\n                                                        <h3 class=\"slide-title\">Descubre nuestro saber hacer n\u00e1utico<\/h3>\n                        <\/a>\n                    <\/div>\n                                        <div class=\"swiper-slide\">\n                        <a href=\"https:\/\/bassin-arcachon.com\/es\/mois-par-mois\/?moisfilter=septembre\" class=\"slide-link\">\n                                                            <div class=\"slide-image\">\n                                    <img loading=\"lazy\" decoding=\"async\" width=\"681\" height=\"681\" src=\"https:\/\/bassin-arcachon.com\/wp-content\/uploads\/2021\/04\/Emmanuel-FAZEMBAT-Recadr\u00e9.jpg\" class=\"attachment-large size-large wp-post-image\" alt=\"- - Bassin d&#039;Arcachon\" srcset=\"https:\/\/bassin-arcachon.com\/wp-content\/uploads\/2021\/04\/Emmanuel-FAZEMBAT-Recadr\u00e9.jpg 681w, https:\/\/bassin-arcachon.com\/wp-content\/uploads\/2021\/04\/Emmanuel-FAZEMBAT-Recadr\u00e9-600x600.jpg 600w, https:\/\/bassin-arcachon.com\/wp-content\/uploads\/2021\/04\/Emmanuel-FAZEMBAT-Recadr\u00e9-150x150.jpg 150w, https:\/\/bassin-arcachon.com\/wp-content\/uploads\/2021\/04\/Emmanuel-FAZEMBAT-Recadr\u00e9-12x12.jpg 12w\" sizes=\"auto, (max-width: 681px) 100vw, 681px\" title=\"- - Bassin d&#039;Arcachon\">                                <\/div>\n                                                        <h3 class=\"slide-title\">Disfruta de un momento en la terraza<\/h3>\n                        <\/a>\n                    <\/div>\n                                        <div class=\"swiper-slide\">\n                        <a href=\"https:\/\/bassin-arcachon.com\/es\/mois-par-mois\/?moisfilter=septembre\" class=\"slide-link\">\n                                                            <div class=\"slide-image\">\n                                    <img loading=\"lazy\" decoding=\"async\" width=\"1024\" height=\"1024\" src=\"https:\/\/bassin-arcachon.com\/wp-content\/uploads\/2022\/10\/rando-des-ecureuils-marcheprime-1024x1024.jpg\" class=\"attachment-large size-large wp-post-image\" alt=\"- - Bassin d&#039;Arcachon\" srcset=\"https:\/\/bassin-arcachon.com\/wp-content\/uploads\/2022\/10\/rando-des-ecureuils-marcheprime-1024x1024.jpg 1024w, https:\/\/bassin-arcachon.com\/wp-content\/uploads\/2022\/10\/rando-des-ecureuils-marcheprime-600x600.jpg 600w, https:\/\/bassin-arcachon.com\/wp-content\/uploads\/2022\/10\/rando-des-ecureuils-marcheprime-150x150.jpg 150w, https:\/\/bassin-arcachon.com\/wp-content\/uploads\/2022\/10\/rando-des-ecureuils-marcheprime-768x768.jpg 768w, https:\/\/bassin-arcachon.com\/wp-content\/uploads\/2022\/10\/rando-des-ecureuils-marcheprime-12x12.jpg 12w, https:\/\/bassin-arcachon.com\/wp-content\/uploads\/2022\/10\/rando-des-ecureuils-marcheprime.jpg 1080w\" sizes=\"auto, (max-width: 1024px) 100vw, 1024px\" title=\"- - Bassin d&#039;Arcachon\">                                <\/div>\n                                                        <h3 class=\"slide-title\">caminata en el bosque<\/h3>\n                        <\/a>\n                    <\/div>\n                            <\/div>\n\n        <!-- Pagination -->\n                    <div class=\"swiper-pagination\"><\/div>\n            <\/div>\n\n    <!-- Navigation (fl\u00e8ches) en dehors du swiper -->\n            <div class=\"swiper-button-prev\">\n            <img decoding=\"async\" src=\"https:\/\/bassin-arcachon.com\/wp-content\/themes\/bassin-arcachon\/library\/blocks\/moisparmois-carousel\/chevron-droit.png\" alt=\"Anterior\" title=\"- - Bassin d&#039;Arcachon\">\n        <\/div>\n        <div class=\"swiper-button-next\">\n            <img decoding=\"async\" src=\"https:\/\/bassin-arcachon.com\/wp-content\/themes\/bassin-arcachon\/library\/blocks\/moisparmois-carousel\/chevron-droit.png\" alt=\"Pr\u00f3ximo\" title=\"- - Bassin d&#039;Arcachon\">\n        <\/div>\n    <\/div>\n\n\n\n\n<div class=\"wp-block-buttons is-content-justification-center is-layout-flex wp-container-core-buttons-is-layout-16018d1d wp-block-buttons-is-layout-flex\">\n<div class=\"wp-block-button\"><a class=\"wp-block-button__link wp-element-button\" href=\"\/es\/mes-a-mes\/\">El Bassin d'Arcachon, cada mes<\/a><\/div>\n<\/div>\n<\/div><\/div>\n\n\n\n<div class=\"wp-block-uagb-container bloc_incont saisonleft uagb-block-a82ec32a alignfull uagb-is-root-container\"><div class=\"uagb-container-inner-blocks-wrap\">\n<div style=\"height:20px\" aria-hidden=\"true\" class=\"wp-block-spacer\"><\/div>\n\n\n\n<h2 class=\"wp-block-heading\"><strong><strong>S\u2019\u00e9vader en for\u00eat\u2026 \u00e0 la recherche des champignons<br><\/strong><\/strong><\/h2>\n\n\n\n<div class=\"wp-block-uagb-image uagb-block-1df07da0 wp-block-uagb-image--layout-default wp-block-uagb-image--effect-static wp-block-uagb-image--align-none photo_incont\"><figure class=\"wp-block-uagb-image__figure\"><img decoding=\"async\" srcset=\"https:\/\/bassin-arcachon.com\/wp-content\/uploads\/2026\/04\/Champignons-en-foret-Gregory-Cassiau.png ,https:\/\/bassin-arcachon.com\/wp-content\/uploads\/2026\/04\/Champignons-en-foret-Gregory-Cassiau.png 780w, https:\/\/bassin-arcachon.com\/wp-content\/uploads\/2026\/04\/Champignons-en-foret-Gregory-Cassiau.png 360w\" sizes=\"auto, (max-width: 480px) 150px\" src=\"https:\/\/bassin-arcachon.com\/wp-content\/uploads\/2026\/04\/Champignons-en-foret-Gregory-Cassiau.png\" alt=\"1 jeune femme au premier plan qui tient un c\u00e8pe dans ses mains dans une for\u00eat d'Ar\u00e8s. \u00c0 l'arri\u00e8re plan, une jeune femme tenant un panier en osier, et une dame plus ag\u00e9e qui sourit\" class=\"uag-image-245560\" width=\"1024\" height=\"448\" title=\"Champignons en for\u00eat - Gr\u00e9gory Cassiau\" loading=\"lazy\" role=\"img\"\/><\/figure><\/div>\n\n\n\n<p>Quand les sous-bois se parent de couleurs chaudes, <strong>l\u2019appel de la for\u00eat devient irr\u00e9sistible.<\/strong><\/p>\n\n\n\n<p>\u00c0 l\u2019automne, les for\u00eats du Bassin sont un terrain de jeu id\u00e9al pour <strong>les balades en pleine nature<\/strong>. Sous les pins, entre foug\u00e8res et tapis de feuilles, ouvrez l\u2019\u0153il : <strong>c\u2019est la saison des champignons.<\/strong><\/p>\n\n\n\n<p>Que vous<strong> soyez amateur ou simple curieux, partez \u00e0 la d\u00e9couverte de cette richesse naturelle<\/strong> (<em>avec prudence et respect des r\u00e8gles de cueillette<\/em>). Mais comme vous le savez, les coins \u00e0 champignons, c&rsquo;est sacr\u00e9 et \u00e7a ne se communique pas&#8230; Pas de stress ! <strong>Nos Offices de tourisme vous initient, avec <a href=\"https:\/\/bassin-arcachon.com\/es\/cuenca-mes-a-mes-2\/setas-vino-crucero\/\">leurs spots \u00e0 eux<\/a> ! <\/strong><\/p>\n\n\n\n<p>C\u2019est aussi l\u2019occasion parfaite pour <strong>respirer, ralentir et se reconnecter \u00e0 l\u2019essentiel. <\/strong><\/p>\n\n\n\n<div class=\"wp-block-buttons is-layout-flex wp-block-buttons-is-layout-flex\">\n<div class=\"wp-block-button\"><a class=\"wp-block-button__link wp-element-button\" href=\"https:\/\/bassin-arcachon.com\/es\/paseos-otonales-arcachon-cuenca\/\" target=\"_blank\" rel=\"noreferrer noopener\">Nos id\u00e9es de balades nature<\/a><\/div>\n<\/div>\n<\/div><\/div>\n\n\n\n<div class=\"wp-block-uagb-container bloc_incont uagb-block-4ba99753 alignfull uagb-is-root-container\"><div class=\"uagb-container-inner-blocks-wrap\">\n<h2 class=\"wp-block-heading\">No se lo pierda.<\/h2>\n<\/div><\/div>\n\n\n\n<div class=\"wp-block-uagb-container uagb-block-48f98474 alignfull uagb-is-root-container\"><div class=\"uagb-container-inner-blocks-wrap\">\n<div class=\"wp-block-uagb-container uagb-block-5ca79c66\">\n<figure class=\"wp-block-image size-full\"><img loading=\"lazy\" decoding=\"async\" width=\"1600\" height=\"1157\" src=\"https:\/\/bassin-arcachon.com\/wp-content\/uploads\/2026\/04\/cadences-Didier-Brandao-p-22.jpg\" alt=\"- - Bassin d&#039;Arcachon\" class=\"wp-image-245577\" style=\"aspect-ratio:1;object-fit:cover\" title=\"- - Bassin d&#039;Arcachon\" srcset=\"https:\/\/bassin-arcachon.com\/wp-content\/uploads\/2026\/04\/cadences-Didier-Brandao-p-22.jpg 1600w, https:\/\/bassin-arcachon.com\/wp-content\/uploads\/2026\/04\/cadences-Didier-Brandao-p-22-600x434.jpg 600w, https:\/\/bassin-arcachon.com\/wp-content\/uploads\/2026\/04\/cadences-Didier-Brandao-p-22-1024x740.jpg 1024w, https:\/\/bassin-arcachon.com\/wp-content\/uploads\/2026\/04\/cadences-Didier-Brandao-p-22-768x555.jpg 768w, https:\/\/bassin-arcachon.com\/wp-content\/uploads\/2026\/04\/cadences-Didier-Brandao-p-22-1536x1111.jpg 1536w, https:\/\/bassin-arcachon.com\/wp-content\/uploads\/2026\/04\/cadences-Didier-Brandao-p-22-18x12.jpg 18w\" sizes=\"auto, (max-width: 1600px) 100vw, 1600px\" \/><\/figure>\n\n\n\n<h3 class=\"wp-block-heading has-text-align-center\"><strong><a href=\"https:\/\/www.arcachon.com\/tourisme\/je-bouge\/culture-et-evenements\/festival-cadences\/\" target=\"_blank\" rel=\"noopener\">Cadences<\/a><\/strong><\/h3>\n<\/div>\n\n\n\n<div class=\"wp-block-uagb-container uagb-block-a96b7bce\">\n<figure class=\"wp-block-image size-full\"><img loading=\"lazy\" decoding=\"async\" width=\"1170\" height=\"485\" src=\"https:\/\/bassin-arcachon.com\/wp-content\/uploads\/2026\/04\/Les-Scenes-dOlivier-Marcharl.png\" alt=\"- - Bassin d&#039;Arcachon\" class=\"wp-image-245578\" style=\"aspect-ratio:1;object-fit:cover\" title=\"- - Bassin d&#039;Arcachon\" srcset=\"https:\/\/bassin-arcachon.com\/wp-content\/uploads\/2026\/04\/Les-Scenes-dOlivier-Marcharl.png 1170w, https:\/\/bassin-arcachon.com\/wp-content\/uploads\/2026\/04\/Les-Scenes-dOlivier-Marcharl-600x249.png 600w, https:\/\/bassin-arcachon.com\/wp-content\/uploads\/2026\/04\/Les-Scenes-dOlivier-Marcharl-1024x424.png 1024w, https:\/\/bassin-arcachon.com\/wp-content\/uploads\/2026\/04\/Les-Scenes-dOlivier-Marcharl-768x318.png 768w, https:\/\/bassin-arcachon.com\/wp-content\/uploads\/2026\/04\/Les-Scenes-dOlivier-Marcharl-18x7.png 18w\" sizes=\"auto, (max-width: 1170px) 100vw, 1170px\" \/><\/figure>\n\n\n\n<h3 class=\"wp-block-heading has-text-align-center\"><strong><a href=\"https:\/\/www.latestedebuch.fr\/actualites\/les-scenes-dolivier-marchal\/\" target=\"_blank\" rel=\"noreferrer noopener\">Les Sc\u00e8nes d&rsquo;Olivier Marchal<\/a><\/strong><\/h3>\n<\/div>\n<\/div><\/div>\n\n\n\n<div class=\"wp-block-uagb-container bloc_incont saisonright uagb-block-14725422 alignfull uagb-is-root-container\"><div class=\"uagb-container-inner-blocks-wrap\">\n<div style=\"height:40px\" aria-hidden=\"true\" class=\"wp-block-spacer\"><\/div>\n\n\n\n<h2 class=\"wp-block-heading\"><strong><strong>Observer le spectacle des grandes migrations<\/strong><\/strong><\/h2>\n\n\n\n<div class=\"wp-block-uagb-image uagb-block-b2cf5dd8 wp-block-uagb-image--layout-default wp-block-uagb-image--effect-static wp-block-uagb-image--align-none photo_incont\"><figure class=\"wp-block-uagb-image__figure\"><img decoding=\"async\" srcset=\"https:\/\/bassin-arcachon.com\/wp-content\/uploads\/2026\/04\/Migrations-devant-les-Cabanes-Tchanquees-Patrice-HAUSER.png ,https:\/\/bassin-arcachon.com\/wp-content\/uploads\/2026\/04\/Migrations-devant-les-Cabanes-Tchanquees-Patrice-HAUSER.png 780w, https:\/\/bassin-arcachon.com\/wp-content\/uploads\/2026\/04\/Migrations-devant-les-Cabanes-Tchanquees-Patrice-HAUSER.png 360w\" sizes=\"auto, (max-width: 480px) 150px\" src=\"https:\/\/bassin-arcachon.com\/wp-content\/uploads\/2026\/04\/Migrations-devant-les-Cabanes-Tchanquees-Patrice-HAUSER.png\" alt=\"- - Bassin d&#039;Arcachon\" class=\"uag-image-245573\" width=\"1024\" height=\"448\" title=\"Migrations devant les Cabanes Tchanqu\u00e9es - Patrice HAUSER\" loading=\"lazy\" role=\"img\"><\/figure><\/div>\n\n\n\n<p>L\u2019automne est une saison cl\u00e9 <strong>pour les amoureux de la nature<\/strong>.<\/p>\n\n\n\n<p>Le Bassin d\u2019Arcachon se situe <strong>sur l\u2019un des grands axes migratoires europ\u00e9ens<\/strong>. Chaque ann\u00e9e, des milliers d\u2019oiseaux font escale ou traversent le territoire, offrant un spectacle fascinant.<\/p>\n\n\n\n<p>A la <strong><a href=\"https:\/\/www.reserve-ornithologique-du-teich.com\/\" target=\"_blank\" rel=\"noopener\">h\u00e1bitat natural<\/a><\/strong> O <strong>dans les espaces naturels du Bassin<\/strong>, prenez le temps d\u2019observer ces grands voyageurs : <strong>vols en formation, haltes dans les pr\u00e9s sal\u00e9s, moments de vie sauvage\u2026<\/strong><\/p>\n\n\n\n<p>Un rendez-vous unique avec la nature, \u00e0 vivre au plus pr\u00e8s.<\/p>\n\n\n\n<div class=\"wp-block-buttons is-layout-flex wp-block-buttons-is-layout-flex\">\n<div class=\"wp-block-button\"><a class=\"wp-block-button__link wp-element-button\" href=\"https:\/\/bassin-arcachon.com\/es\/hacer-una-comida-100-piscina\/\"><strong>Le Bassin \u00e0 vol d\u2019oiseaux<\/strong><\/a><\/div>\n<\/div>\n<\/div><\/div>","protected":false},"excerpt":{"rendered":"<p>L\u2019automne est une saison douce et lumineuse sur le Bassin d\u2019Arcachon.Les couleurs changent, les lumi\u00e8res deviennent plus dor\u00e9es, et le rythme ralentit. C\u2019est le moment id\u00e9al pour profiter du territoire [&hellip;]<\/p>\n","protected":false},"author":300,"featured_media":249262,"parent":33,"menu_order":0,"comment_status":"closed","ping_status":"closed","template":"","meta":{"_acf_changed":false,"_uag_custom_page_level_css":"","footnotes":""},"class_list":["post-224917","page","type-page","status-publish","has-post-thumbnail","hentry"],"acf":[],"uagb_featured_image_src":{"full":["https:\/\/bassin-arcachon.com\/wp-content\/uploads\/2026\/04\/Cheval-automne-Charlotte-Bertonneau.png",1800,400,false],"thumbnail":["https:\/\/bassin-arcachon.com\/wp-content\/uploads\/2026\/04\/Cheval-automne-Charlotte-Bertonneau-150x150.png",150,150,true],"medium":["https:\/\/bassin-arcachon.com\/wp-content\/uploads\/2026\/04\/Cheval-automne-Charlotte-Bertonneau-600x133.png",600,133,true],"medium_large":["https:\/\/bassin-arcachon.com\/wp-content\/uploads\/2026\/04\/Cheval-automne-Charlotte-Bertonneau-768x171.png",768,171,true],"large":["https:\/\/bassin-arcachon.com\/wp-content\/uploads\/2026\/04\/Cheval-automne-Charlotte-Bertonneau-1024x228.png",1024,228,true],"1536x1536":["https:\/\/bassin-arcachon.com\/wp-content\/uploads\/2026\/04\/Cheval-automne-Charlotte-Bertonneau-1536x341.png",1536,341,true],"2048x2048":["https:\/\/bassin-arcachon.com\/wp-content\/uploads\/2026\/04\/Cheval-automne-Charlotte-Bertonneau.png",1800,400,false],"trp-custom-language-flag":["https:\/\/bassin-arcachon.com\/wp-content\/uploads\/2026\/04\/Cheval-automne-Charlotte-Bertonneau-18x4.png",18,4,true]},"uagb_author_info":{"display_name":"dfuzionadmin","author_link":"https:\/\/bassin-arcachon.com\/es\/author\/dfuzionadmin\/"},"uagb_comment_info":0,"uagb_excerpt":"L\u2019automne est une saison douce et lumineuse sur le Bassin d\u2019Arcachon.Les couleurs changent, les lumi\u00e8res deviennent plus dor\u00e9es, et le rythme ralentit. C\u2019est le moment id\u00e9al pour profiter du territoire [&hellip;]","_links":{"self":[{"href":"https:\/\/bassin-arcachon.com\/es\/wp-json\/wp\/v2\/pages\/224917","targetHints":{"allow":["GET"]}}],"collection":[{"href":"https:\/\/bassin-arcachon.com\/es\/wp-json\/wp\/v2\/pages"}],"about":[{"href":"https:\/\/bassin-arcachon.com\/es\/wp-json\/wp\/v2\/types\/page"}],"author":[{"embeddable":true,"href":"https:\/\/bassin-arcachon.com\/es\/wp-json\/wp\/v2\/users\/300"}],"replies":[{"embeddable":true,"href":"https:\/\/bassin-arcachon.com\/es\/wp-json\/wp\/v2\/comments?post=224917"}],"version-history":[{"count":15,"href":"https:\/\/bassin-arcachon.com\/es\/wp-json\/wp\/v2\/pages\/224917\/revisions"}],"predecessor-version":[{"id":249263,"href":"https:\/\/bassin-arcachon.com\/es\/wp-json\/wp\/v2\/pages\/224917\/revisions\/249263"}],"up":[{"embeddable":true,"href":"https:\/\/bassin-arcachon.com\/es\/wp-json\/wp\/v2\/pages\/33"}],"wp:featuredmedia":[{"embeddable":true,"href":"https:\/\/bassin-arcachon.com\/es\/wp-json\/wp\/v2\/media\/249262"}],"wp:attachment":[{"href":"https:\/\/bassin-arcachon.com\/es\/wp-json\/wp\/v2\/media?parent=224917"}],"curies":[{"name":"wp","href":"https:\/\/api.w.org\/{rel}","templated":true}]}}