{"id":201100,"date":"2025-12-04T12:23:10","date_gmt":"2025-12-04T11:23:10","guid":{"rendered":"https:\/\/bassin-arcachon.com\/agenda-et-sorties\/couleurs-dazur-le-midi-dans-limaginaire-des-artistes\/"},"modified":"2026-04-29T04:35:40","modified_gmt":"2026-04-29T02:35:40","slug":"couleurs-dazur-le-midi-dans-limaginaire-des-artistes","status":"publish","type":"agenda","link":"https:\/\/bassin-arcachon.com\/it\/agenda-et-sorties\/couleurs-dazur-le-midi-dans-limaginaire-des-artistes\/","title":{"rendered":"Couleurs d&rsquo;azur : le Midi dans l&rsquo;imaginaire des artistes"},"content":{"rendered":"<p>Conf\u00e9rence Histoire de l&rsquo;Art par Formes et Couleurs,<br \/>\nCouleurs d&rsquo;azur : le Midi dans l&rsquo;imaginaire des artistes (Van Gogh, C\u00e9zanne, Nicolas de Sta\u00ebl&#8230;<\/p>\n<p>De la lumi\u00e8re crue d\u2019Arles \u00e0 la douceur des collines d\u2019Aix, le Midi de la France a fascin\u00e9 des g\u00e9n\u00e9rations de peintres en qu\u00eate d\u2019espace, de couleur et d\u2019intensit\u00e9. Van Gogh y voit une terre de feu ; C\u00e9zanne, une architecture silencieuse ; Nicolas de Sta\u00ebl, une abstraction nourrie de lumi\u00e8re. Cette conf\u00e9rence propose un voyage \u00e0 travers les regards d\u2019artistes qui ont r\u00e9invent\u00e9 le Sud, entre r\u00eaverie, modernit\u00e9 et qu\u00eate picturale. Entre les paysages r\u00e9els et ceux de l\u2019\u00e2me, le Midi devient bien plus qu\u2019un d\u00e9cor : un atelier \u00e0 ciel ouvert, une source in\u00e9puisable d\u2019inspiration et de renouveau artistique.<\/p>","protected":false},"featured_media":228982,"template":"","villea":[2175],"cat-event":[2188],"class_list":["post-201100","agenda","type-agenda","status-publish","has-post-thumbnail","hentry","villea-andernos-les-bains","cat-event-culture"],"acf":[],"uagb_featured_image_src":{"full":["https:\/\/bassin-arcachon.com\/wp-content\/uploads\/2026\/01\/sirtaqui-b9c62299de169b5d89b60647f3051122.jpg",768,548,false],"thumbnail":["https:\/\/bassin-arcachon.com\/wp-content\/uploads\/2026\/01\/sirtaqui-b9c62299de169b5d89b60647f3051122-150x150.jpg",150,150,true],"medium":["https:\/\/bassin-arcachon.com\/wp-content\/uploads\/2026\/01\/sirtaqui-b9c62299de169b5d89b60647f3051122-600x428.jpg",600,428,true],"medium_large":["https:\/\/bassin-arcachon.com\/wp-content\/uploads\/2026\/01\/sirtaqui-b9c62299de169b5d89b60647f3051122.jpg",768,548,false],"large":["https:\/\/bassin-arcachon.com\/wp-content\/uploads\/2026\/01\/sirtaqui-b9c62299de169b5d89b60647f3051122.jpg",768,548,false],"1536x1536":["https:\/\/bassin-arcachon.com\/wp-content\/uploads\/2026\/01\/sirtaqui-b9c62299de169b5d89b60647f3051122.jpg",768,548,false],"2048x2048":["https:\/\/bassin-arcachon.com\/wp-content\/uploads\/2026\/01\/sirtaqui-b9c62299de169b5d89b60647f3051122.jpg",768,548,false],"trp-custom-language-flag":["https:\/\/bassin-arcachon.com\/wp-content\/uploads\/2026\/01\/sirtaqui-b9c62299de169b5d89b60647f3051122-18x12.jpg",18,12,true]},"uagb_author_info":{"display_name":"","author_link":"https:\/\/bassin-arcachon.com\/it\/author\/"},"uagb_comment_info":0,"uagb_excerpt":"Conf\u00e9rence Histoire de l&rsquo;Art par Formes et Couleurs, Couleurs d&rsquo;azur : le Midi dans l&rsquo;imaginaire des artistes (Van Gogh, C\u00e9zanne, Nicolas de Sta\u00ebl&#8230; De la lumi\u00e8re crue d\u2019Arles \u00e0 la [&hellip;]","_links":{"self":[{"href":"https:\/\/bassin-arcachon.com\/it\/wp-json\/wp\/v2\/agenda\/201100","targetHints":{"allow":["GET"]}}],"collection":[{"href":"https:\/\/bassin-arcachon.com\/it\/wp-json\/wp\/v2\/agenda"}],"about":[{"href":"https:\/\/bassin-arcachon.com\/it\/wp-json\/wp\/v2\/types\/agenda"}],"version-history":[{"count":1,"href":"https:\/\/bassin-arcachon.com\/it\/wp-json\/wp\/v2\/agenda\/201100\/revisions"}],"predecessor-version":[{"id":201319,"href":"https:\/\/bassin-arcachon.com\/it\/wp-json\/wp\/v2\/agenda\/201100\/revisions\/201319"}],"wp:featuredmedia":[{"embeddable":true,"href":"https:\/\/bassin-arcachon.com\/it\/wp-json\/wp\/v2\/media\/228982"}],"wp:attachment":[{"href":"https:\/\/bassin-arcachon.com\/it\/wp-json\/wp\/v2\/media?parent=201100"}],"wp:term":[{"taxonomy":"villea","embeddable":true,"href":"https:\/\/bassin-arcachon.com\/it\/wp-json\/wp\/v2\/villea?post=201100"},{"taxonomy":"cat-event","embeddable":true,"href":"https:\/\/bassin-arcachon.com\/it\/wp-json\/wp\/v2\/cat-event?post=201100"}],"curies":[{"name":"wp","href":"https:\/\/api.w.org\/{rel}","templated":true}]}}