{"id":248433,"date":"2026-04-21T14:15:53","date_gmt":"2026-04-21T12:15:53","guid":{"rendered":"https:\/\/bassin-arcachon.com\/agenda-et-sorties\/escapades-musicales-orchestre-de-chambre-de-toulouse-alexis-cardenas\/"},"modified":"2026-04-29T04:39:34","modified_gmt":"2026-04-29T02:39:34","slug":"escapades-musicales-orchestre-de-chambre-de-toulouse-alexis-cardenas","status":"publish","type":"agenda","link":"https:\/\/bassin-arcachon.com\/it\/agenda-et-sorties\/escapades-musicales-orchestre-de-chambre-de-toulouse-alexis-cardenas\/","title":{"rendered":"Escapades Musicales &#8211; Orchestre de chambre de Toulouse Alexis Cardenas"},"content":{"rendered":"<p>Entre Alexis Cardenas et l\u2019Orchestre de Chambre de Toulouse, ce fut un v\u00e9ritable coup de foudre. Avec le programme \u00ab Folie Latina \u00bb, un vent de passion hispanique va souffler sur sc\u00e8ne ! Entre lyrisme et virtuosit\u00e9 diabolique, ce programme nous permettra de voyager d\u2019Espagne \u00e0 l\u2019Am\u00e9rique latine avec l\u2019archet virevoltant de ce grand violoniste v\u00e9n\u00e9zu\u00e9lien\u2026<\/p>\n<p>PROGRAMME<br \/>\nBA. Vivaldi &#8211; Les Quatre Saisons revisit\u00e9es<br \/>\nJ. Turina &#8211; La Oraci\u00f3n del Torero<br \/>\nA. Piazzolla &#8211; Oblivion<br \/>\nA. Romero &#8211; Fuga con P\u00e1jara Pinta<\/p>","protected":false},"featured_media":248434,"template":"","villea":[2176],"cat-event":[2191],"class_list":["post-248433","agenda","type-agenda","status-publish","has-post-thumbnail","hentry","villea-arcachon","cat-event-musique-et-concerts"],"acf":[],"uagb_featured_image_src":{"full":["https:\/\/bassin-arcachon.com\/wp-content\/uploads\/2026\/04\/sirtaqui-e4321d9eb239f497447506d7016db0ad.png",1126,755,false],"thumbnail":["https:\/\/bassin-arcachon.com\/wp-content\/uploads\/2026\/04\/sirtaqui-e4321d9eb239f497447506d7016db0ad-150x150.png",150,150,true],"medium":["https:\/\/bassin-arcachon.com\/wp-content\/uploads\/2026\/04\/sirtaqui-e4321d9eb239f497447506d7016db0ad-600x402.png",600,402,true],"medium_large":["https:\/\/bassin-arcachon.com\/wp-content\/uploads\/2026\/04\/sirtaqui-e4321d9eb239f497447506d7016db0ad-768x515.png",768,515,true],"large":["https:\/\/bassin-arcachon.com\/wp-content\/uploads\/2026\/04\/sirtaqui-e4321d9eb239f497447506d7016db0ad-1024x687.png",1024,687,true],"1536x1536":["https:\/\/bassin-arcachon.com\/wp-content\/uploads\/2026\/04\/sirtaqui-e4321d9eb239f497447506d7016db0ad.png",1126,755,false],"2048x2048":["https:\/\/bassin-arcachon.com\/wp-content\/uploads\/2026\/04\/sirtaqui-e4321d9eb239f497447506d7016db0ad.png",1126,755,false],"trp-custom-language-flag":["https:\/\/bassin-arcachon.com\/wp-content\/uploads\/2026\/04\/sirtaqui-e4321d9eb239f497447506d7016db0ad-18x12.png",18,12,true]},"uagb_author_info":{"display_name":"","author_link":"https:\/\/bassin-arcachon.com\/it\/author\/"},"uagb_comment_info":0,"uagb_excerpt":"Entre Alexis Cardenas et l\u2019Orchestre de Chambre de Toulouse, ce fut un v\u00e9ritable coup de foudre. Avec le programme \u00ab Folie Latina \u00bb, un vent de passion hispanique va souffler [&hellip;]","_links":{"self":[{"href":"https:\/\/bassin-arcachon.com\/it\/wp-json\/wp\/v2\/agenda\/248433","targetHints":{"allow":["GET"]}}],"collection":[{"href":"https:\/\/bassin-arcachon.com\/it\/wp-json\/wp\/v2\/agenda"}],"about":[{"href":"https:\/\/bassin-arcachon.com\/it\/wp-json\/wp\/v2\/types\/agenda"}],"version-history":[{"count":1,"href":"https:\/\/bassin-arcachon.com\/it\/wp-json\/wp\/v2\/agenda\/248433\/revisions"}],"predecessor-version":[{"id":249255,"href":"https:\/\/bassin-arcachon.com\/it\/wp-json\/wp\/v2\/agenda\/248433\/revisions\/249255"}],"wp:featuredmedia":[{"embeddable":true,"href":"https:\/\/bassin-arcachon.com\/it\/wp-json\/wp\/v2\/media\/248434"}],"wp:attachment":[{"href":"https:\/\/bassin-arcachon.com\/it\/wp-json\/wp\/v2\/media?parent=248433"}],"wp:term":[{"taxonomy":"villea","embeddable":true,"href":"https:\/\/bassin-arcachon.com\/it\/wp-json\/wp\/v2\/villea?post=248433"},{"taxonomy":"cat-event","embeddable":true,"href":"https:\/\/bassin-arcachon.com\/it\/wp-json\/wp\/v2\/cat-event?post=248433"}],"curies":[{"name":"wp","href":"https:\/\/api.w.org\/{rel}","templated":true}]}}