{"id":214126,"date":"2026-01-07T17:34:04","date_gmt":"2026-01-07T16:34:04","guid":{"rendered":"https:\/\/bassin-arcachon.com\/?page_id=214126"},"modified":"2026-04-23T11:30:47","modified_gmt":"2026-04-23T09:30:47","slug":"la-piscina-in-primavera","status":"publish","type":"page","link":"https:\/\/bassin-arcachon.com\/it\/le-bassin-a-toute-saison\/le-bassin-au-printemps\/","title":{"rendered":"Bassin in primavera"},"content":{"rendered":"<div class=\"wp-block-uagb-container uagb-block-34bd16ab alignfull uagb-is-root-container\"><div class=\"uagb-container-inner-blocks-wrap\">\n<p>Le printemps est <strong>l\u2019une des plus belles saisons pour explorer le Bassin d\u2019Arcachon.<\/strong><br>Les journ\u00e9es rallongent, la nature reprend, le soleil est de retour : c\u2019est la saison id\u00e9ale pour (re)d\u00e9couvrir la nature du Bassin et profiter des premi\u00e8res terrasses au bord de l\u2019eau\u00a0!<\/p>\n<\/div><\/div>\n\n\n\n<div class=\"wp-block-uagb-container bloc_incont saisonleft uagb-block-ab8931c8 alignfull uagb-is-root-container\"><div class=\"uagb-container-inner-blocks-wrap\">\n<div style=\"height:20px\" aria-hidden=\"true\" class=\"wp-block-spacer\"><\/div>\n\n\n\n<h2 class=\"wp-block-heading\"><strong>Guardare la natura che si risveglia<\/strong><\/h2>\n\n\n\n<div class=\"wp-block-uagb-image uagb-block-9c316410 wp-block-uagb-image--layout-default wp-block-uagb-image--effect-static wp-block-uagb-image--align-none photo_incont\"><figure class=\"wp-block-uagb-image__figure\"><img decoding=\"async\" srcset=\"https:\/\/bassin-arcachon.com\/wp-content\/uploads\/2026\/01\/Domaine-de-Fleury-Printemps.png ,https:\/\/bassin-arcachon.com\/wp-content\/uploads\/2026\/01\/Domaine-de-Fleury-Printemps.png 780w, https:\/\/bassin-arcachon.com\/wp-content\/uploads\/2026\/01\/Domaine-de-Fleury-Printemps.png 360w\" sizes=\"auto, (max-width: 480px) 150px\" src=\"https:\/\/bassin-arcachon.com\/wp-content\/uploads\/2026\/01\/Domaine-de-Fleury-Printemps.png\" alt=\"Giovane donna osserva i prati di sale del Domaine de Fleury (Le Teich)\" class=\"uag-image-224259\" width=\"1024\" height=\"448\" title=\"Domaine de Fleury - Primavera\" loading=\"lazy\" role=\"img\"\/><\/figure><\/div>\n\n\n\n<p>In primavera, <strong>les for\u00eats et espaces naturels du Bassin<\/strong> stanno tornando in vita, con nostra grande gioia! <\/p>\n\n\n\n<p>En famille, c&rsquo;est le meilleur moment pour partir en qu\u00eate de Po\u00ef&rsquo;Z, au travers de nos diff\u00e9rents circuits Terra Aventura ! \u00c9tape par \u00e9tape, au fil d&rsquo;histoire inspir\u00e9e des paysages que vous trouverez autour de vous, r\u00e9solvez les \u00e9nigmes \u00e0 la recherche du pr\u00e9cieux s\u00e9same ! <strong><a href=\"https:\/\/tourisme-coeurdubassin.com\/le-blog\/terra-aventura-geocaching-en-nouvelle-aquitaine\/\" target=\"_blank\" rel=\"noopener\">Tous nos parcours sont \u00e0 d\u00e9couvrir par ici ! <\/a><\/strong><\/p>\n\n\n\n<p>Sul <strong><a href=\"https:\/\/www.lege-capferret.com\/village\/piraillan\/\" target=\"_blank\" rel=\"noopener\">sentiers de Piraillan<\/a>, ou ceux du Domaine de Certes et de <a href=\"https:\/\/bassin-arcachon.com\/it\/i-nostri-elementi-essenziali\/le-zone-di-certamente-graveyron\/\">Graveyron \u00e0 Audenge<\/a><\/strong>, une chose est s\u00fbre, n\u2019oubliez pas l\u2019appareil photo pour immortaliser <strong>les premiers arbres en fleurs<\/strong>, et les premi\u00e8res balades printani\u00e8res. Pour les plus observateurs, un petit tour \u00e0 la <a href=\"https:\/\/www.reserve-ornithologique-du-teich.com\/\" target=\"_blank\" rel=\"noopener\"><strong>Riserva ornitologica di Teich<\/strong><\/a> \u00e8 d'obbligo! Con la stagione degli amori alle porte, questo \u00e8 il momento ideale per <strong>osservare i giovani uccelli dalla nascita all'involo <\/strong>da uno dei 20 osservatori lungo il percorso! <\/p>\n\n\n\n<div class=\"wp-block-buttons is-layout-flex wp-block-buttons-is-layout-flex\">\n<div class=\"wp-block-button\"><a class=\"wp-block-button__link wp-element-button\" href=\"https:\/\/bassin-arcachon.com\/it\/bacino-di-arcachon-mentre-gli-uccelli-cantano\/\">Una vista a volo d'uccello dell'Bassin di Arcachon<\/a><\/div>\n<\/div>\n<\/div><\/div>\n\n\n\n<div class=\"wp-block-uagb-container bloc_incont saisonright uagb-block-dda36c77 alignfull uagb-is-root-container\"><div class=\"uagb-container-inner-blocks-wrap\">\n<h2 class=\"wp-block-heading\"><strong><strong>Pedalare come mai prima d'ora<\/strong><\/strong><\/h2>\n\n\n\n<div class=\"wp-block-uagb-image uagb-block-7c873ad2 wp-block-uagb-image--layout-default wp-block-uagb-image--effect-static wp-block-uagb-image--align-none photo_incont\"><figure class=\"wp-block-uagb-image__figure\"><img decoding=\"async\" srcset=\"https:\/\/bassin-arcachon.com\/wp-content\/uploads\/2026\/01\/Velo-Port-de-Biganos.png ,https:\/\/bassin-arcachon.com\/wp-content\/uploads\/2026\/01\/Velo-Port-de-Biganos.png 780w, https:\/\/bassin-arcachon.com\/wp-content\/uploads\/2026\/01\/Velo-Port-de-Biganos.png 360w\" sizes=\"auto, (max-width: 480px) 150px\" src=\"https:\/\/bassin-arcachon.com\/wp-content\/uploads\/2026\/01\/Velo-Port-de-Biganos.png\" alt=\"Coppia in bicicletta davanti alle capanne colorate del porto di Biganos\" class=\"uag-image-224261\" width=\"1024\" height=\"448\" title=\"V\u00e9lo Porto di Biganos\" loading=\"lazy\" role=\"img\"\/><\/figure><\/div>\n\n\n\n<p><strong>Guidon et air frais<\/strong>, avec le retour des beaux jours&nbsp;: on s\u2019a\u00e8re et on p\u00e9dale pour <a href=\"https:\/\/bassin-arcachon.com\/it\/manubrio-e-aria-fresca-le-nostre-4-passeggiate-in-bicicletta-sul-bacino-darcachon\/\"><strong>un viaggio in bicicletta<\/strong><\/a>, en autonomie ou guid\u00e9 par <strong>nos guides locaux&nbsp;!<\/strong><\/p>\n\n\n\n<p><strong>Vous n\u2019avez pas votre v\u00e9lo \u00e0 disposition&nbsp;?<\/strong> Aucun souci&nbsp;: retrouvez <a href=\"https:\/\/bassin-arcachon.com\/it\/muoversi-in-piscina\/noleggio-biciclette\/\"><strong>tutti i nostri noleggiatori di biciclette qui!<\/strong><\/a><\/p>\n\n\n\n<p><strong>Le nostre 4 idee per i tour in bicicletta:<\/strong><\/p>\n\n\n\n<ul class=\"wp-block-list\">\n<li>Optez pour une <strong>visite sportive et culturelle<\/strong> du c\u00f4t\u00e9 des ports <strong><a href=\"https:\/\/tourisme-coeurdubassin.com\/\" target=\"_blank\" rel=\"noopener\">d\u2019Audenge et de Biganos<\/a><\/strong><\/li>\n\n\n\n<li>D\u00e9ambulez dans les<strong> <a href=\"https:\/\/bassin-arcachon.com\/it\/i-nostri-elementi-essenziali\/villaggi-e-porti-di-allevatori-di-ostriche\/\">porti di ostriche<\/a><\/strong> di <strong><a href=\"https:\/\/www.tourisme-gujanmestras.com\/\" target=\"_blank\" rel=\"noopener\">Gujan Mestras<\/a><\/strong> o di <strong><a href=\"https:\/\/www.lege-capferret.com\/\" target=\"_blank\" rel=\"noopener\">Furetto Lege-Cap<\/a><\/strong><\/li>\n\n\n\n<li>P\u00e9dalez <strong>hors du temps<\/strong> a<strong><a href=\"https:\/\/www.arcachon.com\/\" target=\"_blank\" rel=\"noopener\"> Arcachon<\/a><\/strong>, au c\u0153ur de la <strong><a href=\"https:\/\/bassin-arcachon.com\/it\/i-nostri-elementi-essenziali\/la-citta-invernale\/\">Citt\u00e0 d&#039;inverno<\/a><\/strong><\/li>\n\n\n\n<li>Ressentez <strong>le grand air<\/strong> nel <strong><a href=\"https:\/\/tourisme-coeurdubassin.com\/\" target=\"_blank\" rel=\"noopener\">c\u0153ur du Bassin<\/a><\/strong>, \u00e0 travers le sentier du littoral<\/li>\n<\/ul>\n\n\n\n<p>Et pour les plus courageux : essayez-vous \u00e0 <a href=\"https:\/\/bassin-arcachon.com\/it\/la-tua-sfida-di-primavera-il-giro-del-bacino-in-bicicletta\/\"><strong>notre Tour du Bassin \u00e0 v\u00e9lo ! <\/strong><\/a><br>&nbsp;<strong>62 km <\/strong>de pourtour, mais plus de <strong>330 km de pistes cyclables<\/strong>. Un sacr\u00e9 terrain de jeu pour&nbsp;<strong>giovani e anziani, tutto l'anno<\/strong>&nbsp;!<\/p>\n\n\n\n<div class=\"wp-block-buttons is-layout-flex wp-block-buttons-is-layout-flex\">\n<div class=\"wp-block-button\"><a class=\"wp-block-button__link wp-element-button\" href=\"https:\/\/bassin-arcachon.com\/it\/tutti-i-circuiti\/\">Tutti i nostri tour in bicicletta<\/a><\/div>\n<\/div>\n\n\n\n<div style=\"height:20px\" aria-hidden=\"true\" class=\"wp-block-spacer\"><\/div>\n<\/div><\/div>\n\n\n\n<div class=\"wp-block-uagb-container uagb-block-18fa2886 alignfull uagb-is-root-container\"><div class=\"uagb-container-inner-blocks-wrap\">\n<div class=\"moisparmois-carousel-wrapper\" id=\"moisparmois-carousel-69f109e19e100\"\n     data-slides-per-view=\"3\"\n     data-show-navigation=\"true\"\n     data-show-pagination=\"true\"\n     data-speed=\"800\"\n     data-autoplay=\"true\"\n     data-autoplay-delay=\"3000\"\n     data-posts-per-page=\"8\">\n\n    <!-- Tabs de filtrage -->\n    <div class=\"moisparmois-tabs\">\n                    <button class=\"tab-mois active\"\n                    data-mois=\"Avril\"\n                    data-mois-slug=\"avril\">\n                aprile            <\/button>\n                    <button class=\"tab-mois\"\n                    data-mois=\"Mai\"\n                    data-mois-slug=\"mai\">\n                Maggio            <\/button>\n                    <button class=\"tab-mois\"\n                    data-mois=\"Juin\"\n                    data-mois-slug=\"juin\">\n                Giugno            <\/button>\n            <\/div>\n\n    <!-- Spinner de chargement AJAX -->\n    <div class=\"moisparmois-spinner\" style=\"display:none;\">\n        <div class=\"spinner\">\n            <div class=\"bounce1\"><\/div>\n            <div class=\"bounce2\"><\/div>\n            <div class=\"bounce3\"><\/div>\n        <\/div>\n    <\/div>\n\n    <!-- Carrousel Swiper -->\n    <div class=\"swiper moisparmois-carousel\" data-block-id=\"moisparmois-carousel-69f109e19e100\">\n        <div class=\"swiper-wrapper\">\n                                <div class=\"swiper-slide\">\n                        <a href=\"https:\/\/bassin-arcachon.com\/it\/mois-par-mois\/?moisfilter=avril\" class=\"slide-link\">\n                                                            <div class=\"slide-image\">\n                                    <img loading=\"lazy\" decoding=\"async\" width=\"472\" height=\"472\" src=\"https:\/\/bassin-arcachon.com\/wp-content\/uploads\/2022\/11\/Sans-titre-20.jpg\" class=\"attachment-large size-large wp-post-image\" alt=\"- - Bassin d&#039;Arcachon\" srcset=\"https:\/\/bassin-arcachon.com\/wp-content\/uploads\/2022\/11\/Sans-titre-20.jpg 472w, https:\/\/bassin-arcachon.com\/wp-content\/uploads\/2022\/11\/Sans-titre-20-150x150.jpg 150w, https:\/\/bassin-arcachon.com\/wp-content\/uploads\/2022\/11\/Sans-titre-20-12x12.jpg 12w\" sizes=\"auto, (max-width: 472px) 100vw, 472px\" title=\"- - Bassin d&#039;Arcachon\">                                <\/div>\n                                                        <h3 class=\"slide-title\">Abbandona il cappotto invernale<\/h3>\n                        <\/a>\n                    <\/div>\n                                        <div class=\"swiper-slide\">\n                        <a href=\"https:\/\/bassin-arcachon.com\/it\/mois-par-mois\/?moisfilter=avril\" class=\"slide-link\">\n                                                            <div class=\"slide-image\">\n                                    <img loading=\"lazy\" decoding=\"async\" width=\"1024\" height=\"1024\" src=\"https:\/\/bassin-arcachon.com\/wp-content\/uploads\/2021\/03\/Agence-les-Conteurs-2_vcarr\u00e9-1024x1024.jpg\" class=\"attachment-large size-large wp-post-image\" alt=\"- - Bassin d&#039;Arcachon\" srcset=\"https:\/\/bassin-arcachon.com\/wp-content\/uploads\/2021\/03\/Agence-les-Conteurs-2_vcarr\u00e9-1024x1024.jpg 1024w, https:\/\/bassin-arcachon.com\/wp-content\/uploads\/2021\/03\/Agence-les-Conteurs-2_vcarr\u00e9-600x600.jpg 600w, https:\/\/bassin-arcachon.com\/wp-content\/uploads\/2021\/03\/Agence-les-Conteurs-2_vcarr\u00e9-150x150.jpg 150w, https:\/\/bassin-arcachon.com\/wp-content\/uploads\/2021\/03\/Agence-les-Conteurs-2_vcarr\u00e9-768x768.jpg 768w, https:\/\/bassin-arcachon.com\/wp-content\/uploads\/2021\/03\/Agence-les-Conteurs-2_vcarr\u00e9-12x12.jpg 12w, https:\/\/bassin-arcachon.com\/wp-content\/uploads\/2021\/03\/Agence-les-Conteurs-2_vcarr\u00e9.jpg 1487w\" sizes=\"auto, (max-width: 1024px) 100vw, 1024px\" title=\"- - Bassin d&#039;Arcachon\">                                <\/div>\n                                                        <h3 class=\"slide-title\">Cerca le uova di Pasqua<\/h3>\n                        <\/a>\n                    <\/div>\n                                        <div class=\"swiper-slide\">\n                        <a href=\"https:\/\/bassin-arcachon.com\/it\/mois-par-mois\/?moisfilter=avril\" class=\"slide-link\">\n                                                            <div class=\"slide-image\">\n                                    <img loading=\"lazy\" decoding=\"async\" width=\"480\" height=\"480\" src=\"https:\/\/bassin-arcachon.com\/wp-content\/uploads\/2021\/04\/Eric-Boulomie.jpg\" class=\"attachment-large size-large wp-post-image\" alt=\"- - Bassin d&#039;Arcachon\" srcset=\"https:\/\/bassin-arcachon.com\/wp-content\/uploads\/2021\/04\/Eric-Boulomie.jpg 480w, https:\/\/bassin-arcachon.com\/wp-content\/uploads\/2021\/04\/Eric-Boulomie-150x150.jpg 150w, https:\/\/bassin-arcachon.com\/wp-content\/uploads\/2021\/04\/Eric-Boulomie-12x12.jpg 12w\" sizes=\"auto, (max-width: 480px) 100vw, 480px\" title=\"- - Bassin d&#039;Arcachon\">                                <\/div>\n                                                        <h3 class=\"slide-title\">Incontra i nostri artisti locali<\/h3>\n                        <\/a>\n                    <\/div>\n                                        <div class=\"swiper-slide\">\n                        <a href=\"https:\/\/bassin-arcachon.com\/it\/mois-par-mois\/?moisfilter=avril\" class=\"slide-link\">\n                                                            <div class=\"slide-image\">\n                                    <img loading=\"lazy\" decoding=\"async\" width=\"1024\" height=\"1024\" src=\"https:\/\/bassin-arcachon.com\/wp-content\/uploads\/2022\/02\/honey-bees-g71f8bcd76_1920-1-1024x1024.jpg\" class=\"attachment-large size-large wp-post-image\" alt=\"- - Bassin d&#039;Arcachon\" srcset=\"https:\/\/bassin-arcachon.com\/wp-content\/uploads\/2022\/02\/honey-bees-g71f8bcd76_1920-1-1024x1024.jpg 1024w, https:\/\/bassin-arcachon.com\/wp-content\/uploads\/2022\/02\/honey-bees-g71f8bcd76_1920-1-600x600.jpg 600w, https:\/\/bassin-arcachon.com\/wp-content\/uploads\/2022\/02\/honey-bees-g71f8bcd76_1920-1-150x150.jpg 150w, https:\/\/bassin-arcachon.com\/wp-content\/uploads\/2022\/02\/honey-bees-g71f8bcd76_1920-1-768x768.jpg 768w, https:\/\/bassin-arcachon.com\/wp-content\/uploads\/2022\/02\/honey-bees-g71f8bcd76_1920-1-12x12.jpg 12w, https:\/\/bassin-arcachon.com\/wp-content\/uploads\/2022\/02\/honey-bees-g71f8bcd76_1920-1.jpg 1217w\" sizes=\"auto, (max-width: 1024px) 100vw, 1024px\" title=\"- - Bassin d&#039;Arcachon\">                                <\/div>\n                                                        <h3 class=\"slide-title\">Avvicinati agli alveari<\/h3>\n                        <\/a>\n                    <\/div>\n                                        <div class=\"swiper-slide\">\n                        <a href=\"https:\/\/bassin-arcachon.com\/it\/mois-par-mois\/?moisfilter=avril\" class=\"slide-link\">\n                                                            <div class=\"slide-image\">\n                                    <img loading=\"lazy\" decoding=\"async\" width=\"507\" height=\"507\" src=\"https:\/\/bassin-arcachon.com\/wp-content\/uploads\/2021\/04\/Agence-les-Conteurs-Recadr\u00e9-1.jpg\" class=\"attachment-large size-large wp-post-image\" alt=\"- - Bassin d&#039;Arcachon\" srcset=\"https:\/\/bassin-arcachon.com\/wp-content\/uploads\/2021\/04\/Agence-les-Conteurs-Recadr\u00e9-1.jpg 507w, https:\/\/bassin-arcachon.com\/wp-content\/uploads\/2021\/04\/Agence-les-Conteurs-Recadr\u00e9-1-150x150.jpg 150w, https:\/\/bassin-arcachon.com\/wp-content\/uploads\/2021\/04\/Agence-les-Conteurs-Recadr\u00e9-1-12x12.jpg 12w\" sizes=\"auto, (max-width: 507px) 100vw, 507px\" title=\"- - Bassin d&#039;Arcachon\">                                <\/div>\n                                                        <h3 class=\"slide-title\">Muoversi in bicicletta<\/h3>\n                        <\/a>\n                    <\/div>\n                                        <div class=\"swiper-slide\">\n                        <a href=\"https:\/\/bassin-arcachon.com\/it\/mois-par-mois\/?moisfilter=avril\" class=\"slide-link\">\n                                                            <div class=\"slide-image\">\n                                    <img loading=\"lazy\" decoding=\"async\" width=\"472\" height=\"472\" src=\"https:\/\/bassin-arcachon.com\/wp-content\/uploads\/2022\/10\/Sans-titre-19.jpg\" class=\"attachment-large size-large wp-post-image\" alt=\"- - Bassin d&#039;Arcachon\" srcset=\"https:\/\/bassin-arcachon.com\/wp-content\/uploads\/2022\/10\/Sans-titre-19.jpg 472w, https:\/\/bassin-arcachon.com\/wp-content\/uploads\/2022\/10\/Sans-titre-19-150x150.jpg 150w, https:\/\/bassin-arcachon.com\/wp-content\/uploads\/2022\/10\/Sans-titre-19-12x12.jpg 12w\" sizes=\"auto, (max-width: 472px) 100vw, 472px\" title=\"- - Bassin d&#039;Arcachon\">                                <\/div>\n                                                        <h3 class=\"slide-title\">Diventate veri avventurieri<\/h3>\n                        <\/a>\n                    <\/div>\n                                        <div class=\"swiper-slide\">\n                        <a href=\"https:\/\/bassin-arcachon.com\/it\/mois-par-mois\/?moisfilter=avril\" class=\"slide-link\">\n                                                            <div class=\"slide-image\">\n                                    <img loading=\"lazy\" decoding=\"async\" width=\"423\" height=\"423\" src=\"https:\/\/bassin-arcachon.com\/wp-content\/uploads\/2021\/04\/G.-CASSIAU-recadr\u00e9-poids.jpg\" class=\"attachment-large size-large wp-post-image\" alt=\"- - Bassin d&#039;Arcachon\" srcset=\"https:\/\/bassin-arcachon.com\/wp-content\/uploads\/2021\/04\/G.-CASSIAU-recadr\u00e9-poids.jpg 423w, https:\/\/bassin-arcachon.com\/wp-content\/uploads\/2021\/04\/G.-CASSIAU-recadr\u00e9-poids-150x150.jpg 150w, https:\/\/bassin-arcachon.com\/wp-content\/uploads\/2021\/04\/G.-CASSIAU-recadr\u00e9-poids-12x12.jpg 12w\" sizes=\"auto, (max-width: 423px) 100vw, 423px\" title=\"- - Bassin d&#039;Arcachon\">                                <\/div>\n                                                        <h3 class=\"slide-title\">Osserva la fauna selvatica<\/h3>\n                        <\/a>\n                    <\/div>\n                            <\/div>\n\n        <!-- Pagination -->\n                    <div class=\"swiper-pagination\"><\/div>\n            <\/div>\n\n    <!-- Navigation (fl\u00e8ches) en dehors du swiper -->\n            <div class=\"swiper-button-prev\">\n            <img decoding=\"async\" src=\"https:\/\/bassin-arcachon.com\/wp-content\/themes\/bassin-arcachon\/library\/blocks\/moisparmois-carousel\/chevron-droit.png\" alt=\"Precedente\" title=\"- - Bassin d&#039;Arcachon\">\n        <\/div>\n        <div class=\"swiper-button-next\">\n            <img decoding=\"async\" src=\"https:\/\/bassin-arcachon.com\/wp-content\/themes\/bassin-arcachon\/library\/blocks\/moisparmois-carousel\/chevron-droit.png\" alt=\"seguente\" title=\"- - Bassin d&#039;Arcachon\">\n        <\/div>\n    <\/div>\n\n\n\n\n<div class=\"wp-block-buttons is-content-justification-center is-layout-flex wp-container-core-buttons-is-layout-16018d1d wp-block-buttons-is-layout-flex\">\n<div class=\"wp-block-button\"><a class=\"wp-block-button__link wp-element-button\" href=\"\/it\/mese-per-mese\/\">L&#039;Bassin mese per mese<\/a><\/div>\n<\/div>\n<\/div><\/div>\n\n\n\n<div class=\"wp-block-uagb-container bloc_incont saisonleft uagb-block-a82ec32a alignfull uagb-is-root-container\"><div class=\"uagb-container-inner-blocks-wrap\">\n<div style=\"height:20px\" aria-hidden=\"true\" class=\"wp-block-spacer\"><\/div>\n\n\n\n<h2 class=\"wp-block-heading\"><strong><strong>Una boccata d'aria fresca di mare o sotto i pini<\/strong><\/strong><\/h2>\n\n\n\n<div class=\"wp-block-uagb-image uagb-block-1df07da0 wp-block-uagb-image--layout-default wp-block-uagb-image--effect-static wp-block-uagb-image--align-none photo_incont\"><figure class=\"wp-block-uagb-image__figure\"><img decoding=\"async\" srcset=\"https:\/\/bassin-arcachon.com\/wp-content\/uploads\/2026\/01\/Yoga-Claouey.png ,https:\/\/bassin-arcachon.com\/wp-content\/uploads\/2026\/01\/Yoga-Claouey.png 780w, https:\/\/bassin-arcachon.com\/wp-content\/uploads\/2026\/01\/Yoga-Claouey.png 360w\" sizes=\"auto, (max-width: 480px) 150px\" src=\"https:\/\/bassin-arcachon.com\/wp-content\/uploads\/2026\/01\/Yoga-Claouey.png\" alt=\"4 persone che fanno yoga a Claouey, di fronte a Bassin con la bassa marea\" class=\"uag-image-224263\" width=\"1024\" height=\"448\" title=\"Yoga Claouey\" loading=\"lazy\" role=\"img\"\/><\/figure><\/div>\n\n\n\n<p>L\u2019air est encore frais, et c\u2019est ce qui est bon&nbsp;: <strong>l\u2019occasion ou jamais de faire un break&nbsp;!<\/strong><\/p>\n\n\n\n<p><strong>Un'esperienza intima<\/strong>&nbsp;et transformatrice dans le cadre unique et naturel du Bassin d\u2019Arcachon. Accompagn\u00e9 par des <strong>professionnels \u2013 professeur de yoga, coach sportif ou en d\u00e9veloppement personnel, naturopathe\u2026<\/strong> \u2013 profitez d\u2019une m\u00e9ditation sur une plage, d\u2019une s\u00e9ance de yoga au milieu des pins, d\u2019une sieste sur une terrasse avec vue sur le Bassin\u2026<br><strong>Partirai rilassato e riposato, con un solo desiderio: tornare!<\/strong><\/p>\n\n\n\n<p>Se ressourcer, c&rsquo;est aussi<strong> prendre de la hauteur depuis nos plus beaux points de vue<\/strong> : depuis le haut de la plus haute Dune d&rsquo;Europe : notre<strong> <a href=\"https:\/\/ladunedupilat.com\/\" target=\"_blank\" rel=\"noopener\">Duna di Pilat<\/a><\/strong> a <strong><a href=\"https:\/\/tourisme-latestedebuch.com\/\" target=\"_blank\" rel=\"noopener\">La Teste de Buch<\/a><\/strong>, depuis le (tout nouveau tout beau) <strong><a href=\"https:\/\/leteich-ecotourisme.fr\/incontournables\/teich\/belvedereduteich\/\" target=\"_blank\" rel=\"noopener\">B\u00e9lv\u00e8d\u00e8re du Teich<\/a><\/strong> ou encore depuis notre iconique <strong><a href=\"https:\/\/bassin-arcachon.com\/it\/i-nostri-elementi-essenziali\/il-faro-e-la-punta-di-cap-ferret\/\">phare du Cap-Ferret<\/a><\/strong> !<\/p>\n\n\n\n<div class=\"wp-block-buttons is-layout-flex wp-block-buttons-is-layout-flex\">\n<div class=\"wp-block-button\"><a class=\"wp-block-button__link wp-element-button\" href=\"https:\/\/bassin-arcachon.com\/it\/scarica-la-nostra-applicazione\/\">I nostri professionisti sono presenti sull'applicazione Bassin ad Arcachon<\/a><\/div>\n<\/div>\n<\/div><\/div>\n\n\n\n<div class=\"wp-block-uagb-container bloc_incont uagb-block-4ba99753 alignfull uagb-is-root-container\"><div class=\"uagb-container-inner-blocks-wrap\">\n<h2 class=\"wp-block-heading\">\u00c0 ne pas manquer !<\/h2>\n<\/div><\/div>\n\n\n\n<div class=\"wp-block-uagb-container uagb-block-48f98474 alignfull uagb-is-root-container\"><div class=\"uagb-container-inner-blocks-wrap\">\n<div class=\"wp-block-uagb-container uagb-block-a96b7bce\">\n<figure class=\"wp-block-image size-full\"><a href=\"#\"><img decoding=\"async\" src=\"https:\/\/bassin-arcachon.com\/wp-content\/uploads\/2026\/01\/Bazar-des-Momes-Printemps.png\" alt=\"- - Bassin d&#039;Arcachon\" style=\"aspect-ratio:1;object-fit:cover\" title=\"- - Bassin d&#039;Arcachon\"><\/a><\/figure>\n\n\n\n<h3 class=\"wp-block-heading has-text-align-center\"><strong><a href=\"https:\/\/lebazardesmomes.wordpress.com\/\" target=\"_blank\" rel=\"noreferrer noopener\">Le Bazar des M\u00f4mes<\/a><\/strong><\/h3>\n<\/div>\n\n\n\n<div class=\"wp-block-uagb-container uagb-block-e04e9892\">\n<figure class=\"wp-block-image size-full\"><img loading=\"lazy\" decoding=\"async\" width=\"1707\" height=\"2560\" src=\"https:\/\/bassin-arcachon.com\/wp-content\/uploads\/2026\/03\/image00004-scaled.jpeg\" alt=\"- - Bassin d&#039;Arcachon\" class=\"wp-image-241199\" style=\"aspect-ratio:1;object-fit:cover\" title=\"- - Bassin d&#039;Arcachon\" srcset=\"https:\/\/bassin-arcachon.com\/wp-content\/uploads\/2026\/03\/image00004-scaled.jpeg 1707w, https:\/\/bassin-arcachon.com\/wp-content\/uploads\/2026\/03\/image00004-400x600.jpeg 400w, https:\/\/bassin-arcachon.com\/wp-content\/uploads\/2026\/03\/image00004-683x1024.jpeg 683w, https:\/\/bassin-arcachon.com\/wp-content\/uploads\/2026\/03\/image00004-768x1152.jpeg 768w, https:\/\/bassin-arcachon.com\/wp-content\/uploads\/2026\/03\/image00004-1024x1536.jpeg 1024w, https:\/\/bassin-arcachon.com\/wp-content\/uploads\/2026\/03\/image00004-1365x2048.jpeg 1365w, https:\/\/bassin-arcachon.com\/wp-content\/uploads\/2026\/03\/image00004-8x12.jpeg 8w\" sizes=\"auto, (max-width: 1707px) 100vw, 1707px\" \/><\/figure>\n\n\n\n<h3 class=\"wp-block-heading has-text-align-center\"><a href=\"https:\/\/www.territoires-sauvages.fr\/\" target=\"_blank\" rel=\"noreferrer noopener\"><strong>Territoires Sauvages<\/strong><\/a><\/h3>\n<\/div>\n\n\n\n<div class=\"wp-block-uagb-container uagb-block-5ca79c66\">\n<figure class=\"wp-block-image size-full\"><a href=\"#\"><img loading=\"lazy\" decoding=\"async\" width=\"742\" height=\"400\" src=\"https:\/\/bassin-arcachon.com\/wp-content\/uploads\/2017\/03\/salon-nautique-darcachon.jpeg\" alt=\"- - Bassin d&#039;Arcachon\" class=\"wp-image-620\" style=\"aspect-ratio:1;object-fit:cover\" title=\"- - Bassin d&#039;Arcachon\" srcset=\"https:\/\/bassin-arcachon.com\/wp-content\/uploads\/2017\/03\/salon-nautique-darcachon.jpeg 742w, https:\/\/bassin-arcachon.com\/wp-content\/uploads\/2017\/03\/salon-nautique-darcachon-600x323.jpeg 600w, https:\/\/bassin-arcachon.com\/wp-content\/uploads\/2017\/03\/salon-nautique-darcachon-18x10.jpeg 18w\" sizes=\"auto, (max-width: 742px) 100vw, 742px\" \/><\/a><\/figure>\n\n\n\n<h3 class=\"wp-block-heading has-text-align-center\"><strong><a href=\"https:\/\/www.arcachon.com\/port\/salon-nautique\/\" target=\"_blank\" rel=\"noreferrer noopener\">Salone nautico di Arcachon<\/a><\/strong><\/h3>\n<\/div>\n<\/div><\/div>\n\n\n\n<div class=\"wp-block-uagb-container bloc_incont saisonright uagb-block-14725422 alignfull uagb-is-root-container\"><div class=\"uagb-container-inner-blocks-wrap\">\n<div style=\"height:40px\" aria-hidden=\"true\" class=\"wp-block-spacer\"><\/div>\n\n\n\n<h2 class=\"wp-block-heading\"><strong><strong>Assaggiate i nostri dolci locali... dolci e iodati!<\/strong><\/strong><\/h2>\n\n\n\n<div class=\"wp-block-uagb-image uagb-block-b2cf5dd8 wp-block-uagb-image--layout-default wp-block-uagb-image--effect-static wp-block-uagb-image--align-none photo_incont\"><figure class=\"wp-block-uagb-image__figure\"><img decoding=\"async\" srcset=\"https:\/\/bassin-arcachon.com\/wp-content\/uploads\/2026\/03\/Degustation-dhuitres-Printemps.png ,https:\/\/bassin-arcachon.com\/wp-content\/uploads\/2026\/03\/Degustation-dhuitres-Printemps.png 780w, https:\/\/bassin-arcachon.com\/wp-content\/uploads\/2026\/03\/Degustation-dhuitres-Printemps.png 360w\" sizes=\"auto, (max-width: 480px) 150px\" src=\"https:\/\/bassin-arcachon.com\/wp-content\/uploads\/2026\/03\/Degustation-dhuitres-Printemps.png\" alt=\"Table avec un plateau d'hu\u00eetres, des crevettes et des verres de vin\" class=\"uag-image-241203\" width=\"1024\" height=\"448\" title=\"D\u00e9gustation d'hu\u00eetres - Printemps\" loading=\"lazy\" role=\"img\"\/><\/figure><\/div>\n\n\n\n<p>Delle <strong>ostriche in riva al mare o cioccolato per Pasqua<\/strong>&nbsp;La primavera \u00e8 il momento perfetto per concedersi un regalo! <\/p>\n\n\n\n<p>On profite des <strong>cabanes ostr\u00e9icoles face au Bassin<\/strong> comme celles que l&rsquo;on retrouvent du c\u00f4t\u00e9 des ports <strong><a href=\"https:\/\/www.andernos-tourisme.fr\/\" target=\"_blank\" rel=\"noopener\">d&rsquo;Andernos<\/a><\/strong>, <strong><a href=\"https:\/\/www.ares-tourisme.com\/\" target=\"_blank\" rel=\"noopener\">di Ar\u00e8s<\/a><\/strong> et de la Presqu&rsquo;\u00cele ! La liste de nos cabanes ostr\u00e9icole est \u00e0 retrouver sur <strong><a href=\"https:\/\/bassin-arcachon.com\/it\/scarica-la-nostra-applicazione\/\">Applicazione Bassin di Arcachon<\/a><\/strong> !<\/p>\n\n\n\n<p><strong>Bassin \u00e8 ricco di altre chicche culinarie<\/strong>&nbsp;che aspettano solo di essere conosciute e riconosciute quanto le loro sorelle! Allora,&nbsp;<strong>apri tutti i tuoi sensi e seguici in questo viaggio gourmet!<\/strong><\/p>\n\n\n\n<div class=\"wp-block-buttons is-layout-flex wp-block-buttons-is-layout-flex\">\n<div class=\"wp-block-button\"><a class=\"wp-block-button__link wp-element-button\" href=\"https:\/\/bassin-arcachon.com\/it\/make-a-meal-100-pool\/\">Un pasto 100% Bassin<\/a><\/div>\n<\/div>\n<\/div><\/div>","protected":false},"excerpt":{"rendered":"<p>Le printemps est l\u2019une des plus belles saisons pour explorer le Bassin d\u2019Arcachon.Les journ\u00e9es rallongent, la nature reprend, le soleil est de retour : c\u2019est la saison id\u00e9ale pour (re)d\u00e9couvrir [&hellip;]<\/p>\n","protected":false},"author":300,"featured_media":249264,"parent":33,"menu_order":0,"comment_status":"closed","ping_status":"closed","template":"","meta":{"_acf_changed":false,"_uag_custom_page_level_css":"","footnotes":""},"class_list":["post-214126","page","type-page","status-publish","has-post-thumbnail","hentry"],"acf":[],"uagb_featured_image_src":{"full":["https:\/\/bassin-arcachon.com\/wp-content\/uploads\/2026\/04\/Le-Teich-au-printemps-Karine-MEDINA.png",1800,400,false],"thumbnail":["https:\/\/bassin-arcachon.com\/wp-content\/uploads\/2026\/04\/Le-Teich-au-printemps-Karine-MEDINA-150x150.png",150,150,true],"medium":["https:\/\/bassin-arcachon.com\/wp-content\/uploads\/2026\/04\/Le-Teich-au-printemps-Karine-MEDINA-600x133.png",600,133,true],"medium_large":["https:\/\/bassin-arcachon.com\/wp-content\/uploads\/2026\/04\/Le-Teich-au-printemps-Karine-MEDINA-768x171.png",768,171,true],"large":["https:\/\/bassin-arcachon.com\/wp-content\/uploads\/2026\/04\/Le-Teich-au-printemps-Karine-MEDINA-1024x228.png",1024,228,true],"1536x1536":["https:\/\/bassin-arcachon.com\/wp-content\/uploads\/2026\/04\/Le-Teich-au-printemps-Karine-MEDINA-1536x341.png",1536,341,true],"2048x2048":["https:\/\/bassin-arcachon.com\/wp-content\/uploads\/2026\/04\/Le-Teich-au-printemps-Karine-MEDINA.png",1800,400,false],"trp-custom-language-flag":["https:\/\/bassin-arcachon.com\/wp-content\/uploads\/2026\/04\/Le-Teich-au-printemps-Karine-MEDINA-18x4.png",18,4,true]},"uagb_author_info":{"display_name":"dfuzionadmin","author_link":"https:\/\/bassin-arcachon.com\/it\/author\/dfuzionadmin\/"},"uagb_comment_info":0,"uagb_excerpt":"Le printemps est l\u2019une des plus belles saisons pour explorer le Bassin d\u2019Arcachon.Les journ\u00e9es rallongent, la nature reprend, le soleil est de retour : c\u2019est la saison id\u00e9ale pour (re)d\u00e9couvrir [&hellip;]","_links":{"self":[{"href":"https:\/\/bassin-arcachon.com\/it\/wp-json\/wp\/v2\/pages\/214126","targetHints":{"allow":["GET"]}}],"collection":[{"href":"https:\/\/bassin-arcachon.com\/it\/wp-json\/wp\/v2\/pages"}],"about":[{"href":"https:\/\/bassin-arcachon.com\/it\/wp-json\/wp\/v2\/types\/page"}],"author":[{"embeddable":true,"href":"https:\/\/bassin-arcachon.com\/it\/wp-json\/wp\/v2\/users\/300"}],"replies":[{"embeddable":true,"href":"https:\/\/bassin-arcachon.com\/it\/wp-json\/wp\/v2\/comments?post=214126"}],"version-history":[{"count":79,"href":"https:\/\/bassin-arcachon.com\/it\/wp-json\/wp\/v2\/pages\/214126\/revisions"}],"predecessor-version":[{"id":248444,"href":"https:\/\/bassin-arcachon.com\/it\/wp-json\/wp\/v2\/pages\/214126\/revisions\/248444"}],"up":[{"embeddable":true,"href":"https:\/\/bassin-arcachon.com\/it\/wp-json\/wp\/v2\/pages\/33"}],"wp:featuredmedia":[{"embeddable":true,"href":"https:\/\/bassin-arcachon.com\/it\/wp-json\/wp\/v2\/media\/249264"}],"wp:attachment":[{"href":"https:\/\/bassin-arcachon.com\/it\/wp-json\/wp\/v2\/media?parent=214126"}],"curies":[{"name":"wp","href":"https:\/\/api.w.org\/{rel}","templated":true}]}}