{"id":45704,"date":"2020-07-10T16:10:41","date_gmt":"2020-07-10T14:10:41","guid":{"rendered":"https:\/\/bassin-arcachon.com\/\/?page_id=45704"},"modified":"2024-11-06T11:55:06","modified_gmt":"2024-11-06T10:55:06","slug":"i-nostri-affitti-vacanze-in-gujan-mestras","status":"publish","type":"page","link":"https:\/\/bassin-arcachon.com\/it\/ou-dormir\/locations\/nos-locations-de-vacances-a-gujan-mestras\/","title":{"rendered":"I nostri affitti per le vacanze a Gujan-Mestras"},"content":{"rendered":"<div class=\"wp-block-uagb-container uagb-block-63ab0ebd alignfull uagb-is-root-container\"><div class=\"uagb-container-inner-blocks-wrap\">\n<div class=\"wp-block-uagb-container uagb-block-0714aea2\">\n<h2 class=\"wp-block-heading\">Le nostre case vacanze con giardino a Gujan-Mestras<\/h2>\n\n\n\n<p>Fuggi per un rilassante soggiorno 100% a Gujan-Mestras e scegli uno dei nostri affitti con giardino! Vivi momenti unici con la tua famiglia in una vera oasi di pace immersa nella natura! Prendi una boccata d&#039;aria fresca con i bambini e ricarica le batterie nel giardino privato della tua casa vacanza a Gujan-Mestras!<\/p>\n\n\n\n<div class=\"wp-block-buttons is-layout-flex wp-block-buttons-is-layout-flex\">\n<div class=\"wp-block-button\"><a class=\"wp-block-button__link wp-element-button\" href=\"https:\/\/bassin-arcachon.com\/it\/alloggio\/affitti-per-le-vacanze%40gujan-mestras%26amp%3bgarden\/\">Affitti con giardino<\/a><\/div>\n<\/div>\n<\/div>\n\n\n\n<div class=\"wp-block-uagb-container uagb-block-4fd4bac7\">\n<div class=\"wp-block-uagb-image uagb-block-f4bf5e75 wp-block-uagb-image--layout-default wp-block-uagb-image--effect-static wp-block-uagb-image--align-none\"><figure class=\"wp-block-uagb-image__figure\"><img decoding=\"async\" srcset=\"https:\/\/bassin-arcachon.com\/wp-content\/uploads\/2018\/10\/andernos-velo-SIBA-agence-les-conteurs-50-1024x683.jpg \" sizes=\"auto, (max-width: 480px) 150px\" src=\"https:\/\/bassin-arcachon.com\/wp-content\/uploads\/2018\/10\/andernos-velo-SIBA-agence-les-conteurs-50-1024x683.jpg\" alt=\"Le bellissime ville di Andernos\" class=\"uag-image-26668\" width=\"1024\" height=\"683\" title=\"- - Bassin d&#039;Arcachon\" loading=\"lazy\" role=\"img\"><\/figure><\/div>\n<\/div>\n<\/div><\/div>\n\n\n\n<div style=\"height:60px\" aria-hidden=\"true\" class=\"wp-block-spacer\"><\/div>\n\n\n\n<div class=\"wp-block-uagb-container uagb-block-d5891b9c alignfull uagb-is-root-container\"><div class=\"uagb-container-inner-blocks-wrap\">\n<div class=\"wp-block-uagb-container uagb-block-94c50d78\">\n<div class=\"wp-block-uagb-image uagb-block-7c6b8198 wp-block-uagb-image--layout-default wp-block-uagb-image--effect-static wp-block-uagb-image--align-none\"><figure class=\"wp-block-uagb-image__figure\"><img decoding=\"async\" srcset=\"https:\/\/bassin-arcachon.com\/wp-content\/uploads\/2018\/10\/balade-automne-quinconces-andernos-e1546467709734.jpg \" sizes=\"auto, (max-width: 480px) 150px\" src=\"https:\/\/bassin-arcachon.com\/wp-content\/uploads\/2018\/10\/balade-automne-quinconces-andernos-e1546467709734.jpg\" alt=\"Quinconces Andernos passeggiata autunnale\" class=\"uag-image-26500\" width=\"1000\" height=\"667\" title=\"- - Bassin d&#039;Arcachon\" loading=\"lazy\" role=\"img\"><\/figure><\/div>\n<\/div>\n\n\n\n<div class=\"wp-block-uagb-container uagb-block-c923b11b\">\n<h2 class=\"wp-block-heading\">Le nostre case vacanze con vista sull&#039;Bassin a Gujan-Mestras<\/h2>\n\n\n\n<p>Svegliati con l&#039;Bassin scegliendo una casa vacanza a Gujan-Mestras! Respira l&#039;aria salata dell&#039;Bassin e goditi il <a href=\"https:\/\/bassin-arcachon.com\/it\/le-nostre-citta-e-i-nostri-villaggi\/gujan-mestras\/\">panorama eccezionale<\/a> che \u00e8 a tua disposizione non appena ti svegli! Osservate i riflessi del tramonto sull&#039;acqua dalla vostra camera optando per uno dei nostri cottage con vista sull&#039;Bassin!<\/p>\n\n\n\n<div class=\"wp-block-buttons is-layout-flex wp-block-buttons-is-layout-flex\">\n<div class=\"wp-block-button\"><a class=\"wp-block-button__link wp-element-button\" href=\"https:\/\/bassin-arcachon.com\/it\/alloggio\/affitti-per-vacanzegujan-mestrasvuemer-2\/\">Affitti con vista<\/a><\/div>\n<\/div>\n<\/div>\n<\/div><\/div>\n\n\n\n<div style=\"height:60px\" aria-hidden=\"true\" class=\"wp-block-spacer\"><\/div>\n\n\n\n<div class=\"wp-block-uagb-container uagb-block-875b1957 alignfull uagb-is-root-container\"><div class=\"uagb-container-inner-blocks-wrap\">\n<div class=\"wp-block-uagb-container uagb-block-b1094655\">\n<h2 class=\"wp-block-heading\">Le nostre case vacanze con piscina a Gujan-Mestras<\/h2>\n\n\n\n<p>Con gli amici o la famiglia, soggiorna in una casa vacanza con piscina a Gujan-Mestras! Giochi d&#039;acqua per i bambini e una piscina riscaldata per i pi\u00f9 grandicelli, i nostri affitti a Gujan-Mestras ti garantiscono vacanze indimenticabili per tutta la famiglia alle porte di Bassin!<\/p>\n\n\n\n<div class=\"wp-block-buttons is-layout-flex wp-block-buttons-is-layout-flex\">\n<div class=\"wp-block-button\"><a class=\"wp-block-button__link wp-element-button\" href=\"https:\/\/bassin-arcachon.com\/it\/alloggio\/affitti-per-vacanzegujan-mestraspiscine\/\">Affitti con piscina<\/a><\/div>\n<\/div>\n<\/div>\n\n\n\n<div class=\"wp-block-uagb-container uagb-block-dbd4e9c4\">\n<div class=\"wp-block-uagb-image uagb-block-092d5e40 wp-block-uagb-image--layout-default wp-block-uagb-image--effect-static wp-block-uagb-image--align-none\"><figure class=\"wp-block-uagb-image__figure\"><img decoding=\"async\" srcset=\"https:\/\/bassin-arcachon.com\/wp-content\/uploads\/2017\/08\/happy3.jpg \" sizes=\"auto, (max-width: 480px) 150px\" src=\"https:\/\/bassin-arcachon.com\/wp-content\/uploads\/2017\/08\/happy3.jpg\" alt=\"Luisa Anderno\" class=\"uag-image-7499\" width=\"700\" height=\"465\" title=\"- - Bassin d&#039;Arcachon\" loading=\"lazy\" role=\"img\"><\/figure><\/div>\n<\/div>\n<\/div><\/div>\n\n\n\n<div style=\"height:60px\" aria-hidden=\"true\" class=\"wp-block-spacer\"><\/div>\n\n\n\n<div class=\"wp-block-uagb-container uagb-block-f06c62ab alignfull uagb-is-root-container\">\n<div class=\"wp-block-cover is-light has-parallax\"><span aria-hidden=\"true\" class=\"wp-block-cover__background has-background-dim-0 has-background-dim\"><\/span><div class=\"wp-block-cover__image-background wp-image-1345 has-parallax\" style=\"background-position:50% 50%;background-image:url(https:\/\/bassin-arcachon.com\/wp-content\/uploads\/2017\/03\/Camping-Panorama-du-Pyla-cottage-vue-mer-coin-farniente.jpg)\"><\/div><div class=\"wp-block-cover__inner-container is-layout-flow wp-block-cover-is-layout-flow\">\n<div class=\"wp-block-uagb-container uagb-block-8421812b\">\n<h2 class=\"wp-block-heading has-text-align-center has-white-color has-text-color has-large-font-size\">Trascorri le tue vacanze con facilit\u00e0 in una delle case vacanze Bassin ad Arcachon<\/h2>\n\n\n\n<p class=\"has-text-align-center has-white-color has-text-color\"><a href=\"https:\/\/bassin-arcachon.com\/it\/alloggio\/gli-affitti-per-le-vacanze\/\">INIZIA LA TUA RICERCA<\/a><\/p>\n<\/div>\n<\/div><\/div>\n<\/div>\n\n\n\n<div style=\"height:60px\" aria-hidden=\"true\" class=\"wp-block-spacer\"><\/div>\n\n\n\n<div class=\"wp-block-uagb-container uagb-block-5bc354f6 alignfull uagb-is-root-container\"><div class=\"uagb-container-inner-blocks-wrap\">\n<div class=\"wp-block-uagb-container uagb-block-014e0810\">\n<h2 class=\"wp-block-heading\">Vuoi prenotare una casa vacanza nei dintorni di Gujan-Mestras?<\/h2>\n\n\n\n<p>Scopri tutti i nostri affitti per le vacanze a Bassin Arcachon:&nbsp;<a href=\"https:\/\/bassin-arcachon.com\/it\/alloggio\/gli-affitti-per-le-vacanze+ares\/\">Ares<\/a>,&nbsp;<a href=\"https:\/\/bassin-arcachon.com\/it\/alloggio\/gli-affitti-per-le-vacanze+arcachon\/\">Arcachon<\/a>,&nbsp;<a href=\"https:\/\/bassin-arcachon.com\/it\/alloggio\/gli-affitti-per-le-vacanze+gujan-mestras\/\">Gujan-Mestras<\/a>,&nbsp;<a href=\"https:\/\/bassin-arcachon.com\/it\/alloggio\/gli-affitti-per-le-vacanze+anderno\/\">Anderno<\/a>,&nbsp;<a href=\"https:\/\/bassin-arcachon.com\/it\/alloggio\/gli-affitti-per-le-vacanze+gujan-mestras\/\">Gujan-Mestras,<\/a>&nbsp;<a href=\"https:\/\/bassin-arcachon.com\/it\/alloggio\/gli-affitti-per-le-vacanze+cuore-pelvico\/\">Bigano,<\/a>&nbsp;<a href=\"https:\/\/bassin-arcachon.com\/it\/alloggio\/gli-affitti-per-le-vacanze+cuore-pelvico\/\">Audenge<\/a>,<a href=\"https:\/\/bassin-arcachon.com\/it\/alloggio\/gli-affitti-per-le-vacanze+cuore-pelvico\/\">&nbsp;lanto&nbsp;<\/a>e&nbsp;<a href=\"https:\/\/bassin-arcachon.com\/it\/alloggio\/gli-affitti-per-le-vacanze+furetto-lege-cap\/\">Cap-Ferret<\/a>&nbsp;!<\/p>\n<\/div>\n\n\n\n<div class=\"wp-block-uagb-container uagb-block-7d2b4334\">\n<div class=\"wp-block-uagb-image uagb-block-d9b547aa wp-block-uagb-image--layout-default wp-block-uagb-image--effect-static wp-block-uagb-image--align-none\"><figure class=\"wp-block-uagb-image__figure\"><img decoding=\"async\" srcset=\"https:\/\/bassin-arcachon.com\/wp-content\/uploads\/2018\/09\/nourri-a-lhu\u00eetre-\u00e9lev\u00e9-sous-les-pins-Bassin-dArcachon.jpg 1000w, https:\/\/bassin-arcachon.com\/wp-content\/uploads\/2018\/09\/nourri-a-lhu\u00eetre-\u00e9lev\u00e9-sous-les-pins-Bassin-dArcachon-600x400.jpg 600w, https:\/\/bassin-arcachon.com\/wp-content\/uploads\/2018\/09\/nourri-a-lhu\u00eetre-\u00e9lev\u00e9-sous-les-pins-Bassin-dArcachon-768x511.jpg 768w, https:\/\/bassin-arcachon.com\/wp-content\/uploads\/2018\/09\/nourri-a-lhu\u00eetre-\u00e9lev\u00e9-sous-les-pins-Bassin-dArcachon-18x12.jpg 18w\" sizes=\"auto, (max-width: 480px) 150px\" src=\"https:\/\/bassin-arcachon.com\/wp-content\/uploads\/2018\/09\/nourri-a-lhu\u00eetre-\u00e9lev\u00e9-sous-les-pins-Bassin-dArcachon.jpg\" alt=\"- - Bassin d&#039;Arcachon\" class=\"uag-image-26169\" width=\"1000\" height=\"666\" title=\"- - Bassin d&#039;Arcachon\" loading=\"lazy\" role=\"img\"><\/figure><\/div>\n<\/div>\n<\/div><\/div>\n\n\n\n<div style=\"height:60px\" aria-hidden=\"true\" class=\"wp-block-spacer\"><\/div>","protected":false},"excerpt":{"rendered":"<p>Nos locations de vacances avec jardin \u00e0 Gujan-Mestras \u00c9vadez-vous pour un s\u00e9jour 100% d\u00e9tente \u00e0 Gujan-Mestras et choisissez l\u2019une de nos locations avec jardin ! Vivez des moments uniques en [&hellip;]<\/p>\n","protected":false},"author":25,"featured_media":2217,"parent":508,"menu_order":1,"comment_status":"closed","ping_status":"closed","template":"","meta":{"_acf_changed":false,"_uag_custom_page_level_css":"","footnotes":""},"class_list":["post-45704","page","type-page","status-publish","has-post-thumbnail","hentry"],"acf":[],"uagb_featured_image_src":{"full":["https:\/\/bassin-arcachon.com\/wp-content\/uploads\/2017\/03\/camping-bassin-arcachon.jpg",1200,800,false],"thumbnail":["https:\/\/bassin-arcachon.com\/wp-content\/uploads\/2017\/03\/camping-bassin-arcachon-150x150.jpg",150,150,true],"medium":["https:\/\/bassin-arcachon.com\/wp-content\/uploads\/2017\/03\/camping-bassin-arcachon-600x400.jpg",600,400,true],"medium_large":["https:\/\/bassin-arcachon.com\/wp-content\/uploads\/2017\/03\/camping-bassin-arcachon-768x512.jpg",768,512,true],"large":["https:\/\/bassin-arcachon.com\/wp-content\/uploads\/2017\/03\/camping-bassin-arcachon-1024x683.jpg",1024,683,true],"1536x1536":["https:\/\/bassin-arcachon.com\/wp-content\/uploads\/2017\/03\/camping-bassin-arcachon.jpg",1200,800,false],"2048x2048":["https:\/\/bassin-arcachon.com\/wp-content\/uploads\/2017\/03\/camping-bassin-arcachon.jpg",1200,800,false],"trp-custom-language-flag":["https:\/\/bassin-arcachon.com\/wp-content\/uploads\/2017\/03\/camping-bassin-arcachon-18x12.jpg",18,12,true]},"uagb_author_info":{"display_name":"Marie Clauzel","author_link":"https:\/\/bassin-arcachon.com\/it\/author\/mariesiba\/"},"uagb_comment_info":0,"uagb_excerpt":"Nos locations de vacances avec jardin \u00e0 Gujan-Mestras \u00c9vadez-vous pour un s\u00e9jour 100% d\u00e9tente \u00e0 Gujan-Mestras et choisissez l\u2019une de nos locations avec jardin ! Vivez des moments uniques en [&hellip;]","_links":{"self":[{"href":"https:\/\/bassin-arcachon.com\/it\/wp-json\/wp\/v2\/pages\/45704","targetHints":{"allow":["GET"]}}],"collection":[{"href":"https:\/\/bassin-arcachon.com\/it\/wp-json\/wp\/v2\/pages"}],"about":[{"href":"https:\/\/bassin-arcachon.com\/it\/wp-json\/wp\/v2\/types\/page"}],"author":[{"embeddable":true,"href":"https:\/\/bassin-arcachon.com\/it\/wp-json\/wp\/v2\/users\/25"}],"replies":[{"embeddable":true,"href":"https:\/\/bassin-arcachon.com\/it\/wp-json\/wp\/v2\/comments?post=45704"}],"version-history":[{"count":2,"href":"https:\/\/bassin-arcachon.com\/it\/wp-json\/wp\/v2\/pages\/45704\/revisions"}],"predecessor-version":[{"id":68285,"href":"https:\/\/bassin-arcachon.com\/it\/wp-json\/wp\/v2\/pages\/45704\/revisions\/68285"}],"up":[{"embeddable":true,"href":"https:\/\/bassin-arcachon.com\/it\/wp-json\/wp\/v2\/pages\/508"}],"wp:featuredmedia":[{"embeddable":true,"href":"https:\/\/bassin-arcachon.com\/it\/wp-json\/wp\/v2\/media\/2217"}],"wp:attachment":[{"href":"https:\/\/bassin-arcachon.com\/it\/wp-json\/wp\/v2\/media?parent=45704"}],"curies":[{"name":"wp","href":"https:\/\/api.w.org\/{rel}","templated":true}]}}