{"id":236325,"date":"2026-01-19T12:28:47","date_gmt":"2026-01-19T11:28:47","guid":{"rendered":"https:\/\/bassin-arcachon.com\/agenda-et-sorties\/exposition-cabane-des-arts-les-mondes-croises-de-limaginaire-au-reel\/"},"modified":"2026-04-29T04:36:24","modified_gmt":"2026-04-29T02:36:24","slug":"exposition-cabane-des-arts-les-mondes-croises-de-limaginaire-au-reel","status":"publish","type":"agenda","link":"https:\/\/bassin-arcachon.com\/ru\/agenda-et-sorties\/exposition-cabane-des-arts-les-mondes-croises-de-limaginaire-au-reel\/","title":{"rendered":"Exposition Cabane des Arts : Les mondes crois\u00e9s, de l&rsquo;imaginaire au r\u00e9el"},"content":{"rendered":"<p>Exposition de Thierry Menechal alias Thime du samedi 23 au vendredi 29 mai 2026, de 12h \u00e0 19h le samedi 23, de 10h \u00e0 19h le dimanche 24 et de 10h \u00e0 18h30 du lundi 25 au vendredi 29, \u00e0 la cabane des arts au port de Taussat.<br \/>\nVernissage le 23 mai \u00e0 partir de 18h.<br \/>\n\u0412\u0445\u043e\u0434 \u0431\u0435\u0441\u043f\u043b\u0430\u0442\u043d\u044b\u0439.<\/p>","protected":false},"featured_media":236326,"template":"","villea":[2171],"cat-event":[2194],"class_list":["post-236325","agenda","type-agenda","status-publish","has-post-thumbnail","hentry","villea-coeur-de-bassin","cat-event-traditions-et-folklore"],"acf":[],"uagb_featured_image_src":{"full":["https:\/\/bassin-arcachon.com\/wp-content\/uploads\/2026\/03\/sirtaqui-d0034a491bc50a6952ae940ca917c926.png",800,1132,false],"thumbnail":["https:\/\/bassin-arcachon.com\/wp-content\/uploads\/2026\/03\/sirtaqui-d0034a491bc50a6952ae940ca917c926-150x150.png",150,150,true],"medium":["https:\/\/bassin-arcachon.com\/wp-content\/uploads\/2026\/03\/sirtaqui-d0034a491bc50a6952ae940ca917c926-424x600.png",424,600,true],"medium_large":["https:\/\/bassin-arcachon.com\/wp-content\/uploads\/2026\/03\/sirtaqui-d0034a491bc50a6952ae940ca917c926-768x1087.png",768,1087,true],"large":["https:\/\/bassin-arcachon.com\/wp-content\/uploads\/2026\/03\/sirtaqui-d0034a491bc50a6952ae940ca917c926-724x1024.png",724,1024,true],"1536x1536":["https:\/\/bassin-arcachon.com\/wp-content\/uploads\/2026\/03\/sirtaqui-d0034a491bc50a6952ae940ca917c926.png",800,1132,false],"2048x2048":["https:\/\/bassin-arcachon.com\/wp-content\/uploads\/2026\/03\/sirtaqui-d0034a491bc50a6952ae940ca917c926.png",800,1132,false],"trp-custom-language-flag":["https:\/\/bassin-arcachon.com\/wp-content\/uploads\/2026\/03\/sirtaqui-d0034a491bc50a6952ae940ca917c926-8x12.png",8,12,true]},"uagb_author_info":{"display_name":"","author_link":"https:\/\/bassin-arcachon.com\/ru\/author\/"},"uagb_comment_info":0,"uagb_excerpt":"Exposition de Thierry Menechal alias Thime du samedi 23 au vendredi 29 mai 2026, de 12h \u00e0 19h le samedi 23, de 10h \u00e0 19h le dimanche 24 et de [&hellip;]","_links":{"self":[{"href":"https:\/\/bassin-arcachon.com\/ru\/wp-json\/wp\/v2\/agenda\/236325","targetHints":{"allow":["GET"]}}],"collection":[{"href":"https:\/\/bassin-arcachon.com\/ru\/wp-json\/wp\/v2\/agenda"}],"about":[{"href":"https:\/\/bassin-arcachon.com\/ru\/wp-json\/wp\/v2\/types\/agenda"}],"version-history":[{"count":1,"href":"https:\/\/bassin-arcachon.com\/ru\/wp-json\/wp\/v2\/agenda\/236325\/revisions"}],"predecessor-version":[{"id":236525,"href":"https:\/\/bassin-arcachon.com\/ru\/wp-json\/wp\/v2\/agenda\/236325\/revisions\/236525"}],"wp:featuredmedia":[{"embeddable":true,"href":"https:\/\/bassin-arcachon.com\/ru\/wp-json\/wp\/v2\/media\/236326"}],"wp:attachment":[{"href":"https:\/\/bassin-arcachon.com\/ru\/wp-json\/wp\/v2\/media?parent=236325"}],"wp:term":[{"taxonomy":"villea","embeddable":true,"href":"https:\/\/bassin-arcachon.com\/ru\/wp-json\/wp\/v2\/villea?post=236325"},{"taxonomy":"cat-event","embeddable":true,"href":"https:\/\/bassin-arcachon.com\/ru\/wp-json\/wp\/v2\/cat-event?post=236325"}],"curies":[{"name":"WP","href":"https:\/\/api.w.org\/{rel}","templated":true}]}}